{"id":18067,"date":"2016-08-26T11:28:37","date_gmt":"2016-08-26T11:28:37","guid":{"rendered":"http:\/\/paris.wpresidence.net\/?page_id=18067"},"modified":"2019-07-18T12:05:30","modified_gmt":"2019-07-18T10:05:30","slug":"homepage","status":"publish","type":"page","link":"https:\/\/www.regieducroset.ch\/immo\/","title":{"rendered":"Homepage"},"content":{"rendered":"<div class=\"wpb-content-wrapper\"><p>[vc_row full_width=\u00a0\u00bbstretch_row\u00a0\u00bb css=\u00a0\u00bb.vc_custom_1530102739513{padding-top: 45px !important;background-color: #ffffff !important;}\u00a0\u00bb][vc_column css=\u00a0\u00bb.vc_custom_1472826169170{margin-bottom: 32px !important;}\u00a0\u00bb]<div class=\"article_container listings_flex items_shortcode_wrapper \">  \n\n\n\n<div class=\"col-md-4 shortcode-col has_prop_slider  listing_wrapper property_unit_type1\" data-org=\"6\" data-listid=\"27037\" > \n    <div class=\"property_listing property_unit_type1  \" data-link=\"\">\n        \n        <div class=\"listing-unit-img-wrapper\"><div class=\"prop_new_details\"><div class=\"prop_new_details_back\"><\/div><\/div><div class=\"listing_unit_price_wrapper\"><span class=\"price_label price_label_before\">CHF<\/span> 1 420 .- <span class=\"price_label\">par mois<\/span><\/div>\n                    <div id=\"property_unit_carousel_69f4c4643608f\" class=\"carousel property_unit_carousel slide \" data-ride=\"carousel\" data-interval=\"false\">\n                        <div class=\"carousel-inner\">         \n                            <div class=\"item active\">    \n                                <a href=\"https:\/\/www.regieducroset.ch\/immo\/estate_property\/appartement-de-3-pieces-au-4eme-etage-avec-balcon-a-ecublens\/\" target=\"_self\" ><img loading=\"lazy\" decoding=\"async\" width=\"525\" height=\"328\" src=\"https:\/\/www.regieducroset.ch\/immo\/wp\/wp-content\/uploads\/2026\/04\/IMG_0163-525x328.jpeg\" class=\"lazyload img-responsive wp-post-image\" alt=\"\" data-original=\"https:\/\/www.regieducroset.ch\/immo\/wp\/wp-content\/uploads\/2026\/04\/IMG_0163-525x328.jpeg\" \/><\/a>     \n                            <\/div>\n                            <div class=\"item lazy-load-item\">\n                                            <a href=\"https:\/\/www.regieducroset.ch\/immo\/estate_property\/appartement-de-3-pieces-au-4eme-etage-avec-balcon-a-ecublens\/\" target=\"_self\" ><img  data-lazy-load-src=\"https:\/\/www.regieducroset.ch\/immo\/wp\/wp-content\/uploads\/2026\/04\/IMG_0164-525x328.jpeg\" alt=\"Appartement de 3 pi\u00e8ces au 4\u00e8me \u00e9tage avec balcon \u00e0 Ecublens\" class=\"img-responsive\" \/><\/a>\n                                        <\/div><div class=\"item lazy-load-item\">\n                                            <a href=\"https:\/\/www.regieducroset.ch\/immo\/estate_property\/appartement-de-3-pieces-au-4eme-etage-avec-balcon-a-ecublens\/\" target=\"_self\" ><img  data-lazy-load-src=\"https:\/\/www.regieducroset.ch\/immo\/wp\/wp-content\/uploads\/2026\/04\/IMG_0165-525x328.jpeg\" alt=\"Appartement de 3 pi\u00e8ces au 4\u00e8me \u00e9tage avec balcon \u00e0 Ecublens\" class=\"img-responsive\" \/><\/a>\n                                        <\/div><div class=\"item lazy-load-item\">\n                                            <a href=\"https:\/\/www.regieducroset.ch\/immo\/estate_property\/appartement-de-3-pieces-au-4eme-etage-avec-balcon-a-ecublens\/\" target=\"_self\" ><img  data-lazy-load-src=\"https:\/\/www.regieducroset.ch\/immo\/wp\/wp-content\/uploads\/2026\/04\/IMG_0166-525x328.jpeg\" alt=\"Appartement de 3 pi\u00e8ces au 4\u00e8me \u00e9tage avec balcon \u00e0 Ecublens\" class=\"img-responsive\" \/><\/a>\n                                        <\/div><div class=\"item lazy-load-item\">\n                                            <a href=\"https:\/\/www.regieducroset.ch\/immo\/estate_property\/appartement-de-3-pieces-au-4eme-etage-avec-balcon-a-ecublens\/\" target=\"_self\" ><img  data-lazy-load-src=\"https:\/\/www.regieducroset.ch\/immo\/wp\/wp-content\/uploads\/2026\/04\/IMG_0167-525x328.jpeg\" alt=\"Appartement de 3 pi\u00e8ces au 4\u00e8me \u00e9tage avec balcon \u00e0 Ecublens\" class=\"img-responsive\" \/><\/a>\n                                        <\/div>\n                        <\/div>\n\n\n                        <a href=\"https:\/\/www.regieducroset.ch\/immo\/estate_property\/appartement-de-3-pieces-au-4eme-etage-avec-balcon-a-ecublens\/\" target=\"_self\"> <\/a><a class=\"left  carousel-control\" href=\"#property_unit_carousel_69f4c4643608f\" data-slide=\"prev\">\n                                <i class=\"demo-icon icon-left-open-big\"><\/i>\n                            <\/a>\n\n                            <a class=\"right  carousel-control\" href=\"#property_unit_carousel_69f4c4643608f\" data-slide=\"next\">\n                                <i class=\"demo-icon icon-right-open-big\"><\/i>\n                            <\/a>\n                    <\/div> <span class=\"icon-fav icon-fav-off\" data-original-title=\"ajouter aux Favoris\" data-postid=\"27037\"><\/span><div class=\"status-wrapper\"><div class=\"action_tag_wrapper Locations \">Locations<\/div><div class=\"ribbon-inside \"><\/div><\/div><\/div><div class=\"tag-wrapper\"><\/div>            <h4><a href=\"https:\/\/www.regieducroset.ch\/immo\/estate_property\/appartement-de-3-pieces-au-4eme-etage-avec-balcon-a-ecublens\/\" target=\"_self \">\n                Appartement de 3 pi\u00e8ces au 4\u00e8me \u00e9tage avec b...                <\/a> \n            <\/h4>\n       \n        \n            <div class=\"property_address_type1_wrapper\">\n                <i class=\"fa fa-map-marker\" aria-hidden=\"true\"><\/i><span class=\"property_address_type1\">Chemin du Stand 20, <\/span><span class=\"property_city_type1\"><a href=\"https:\/\/www.regieducroset.ch\/immo\/property_city\/ecublens\/\" rel=\"tag\">Ecublens VD<\/a><\/span>            <\/div>\n        \n            <div class=\"property_categories_type1_wrapper\">\n                                \n                <span>Cat\u00e9gorie:<\/span><a href=\"https:\/\/www.regieducroset.ch\/immo\/property_category\/apartments\/\" rel=\"tag\">Appartements<\/a> dans <a href=\"https:\/\/www.regieducroset.ch\/immo\/property_action_category\/locations\/\" rel=\"tag\">Locations<\/a>            <\/div>  \n            \n            <div class=\"property_details_type1_wrapper\">\n                                 <span class=\"property_details_type1_rooms\">Pi\u00e8ces:<\/span><span class=\"property_details_type1_value\">3<\/span><span class=\"property_details_type1_baths\">Thermes:<\/span><span class=\"property_details_type1_value\">0<\/span> <span class=\"property_details_type1_size\">Surf. approx.:<\/span><span class=\"property_details_type1_value\"><span>77.00 m<sup>2<\/sup><\/span><\/span>           \n         \n           <\/div>\n        \n            <div class=\"property_location\"> \n                                   <div class=\"property_agent_wrapper property_agent_wrapper_type1\">\n                   \n                    <span><strong>Agent:<\/strong><\/span><a href=\"https:\/\/www.regieducroset.ch\/immo\/estate_agency\/regie-du-croset\/\">R\u00e9gie du Croset<\/a>                <\/div>\n\n                                    <div class=\"listing_actions\">\n                                 <div class=\"share_unit\">\n        <a href=\"https:\/\/www.facebook.com\/sharer.php?u=https:\/\/www.regieducroset.ch\/immo\/estate_property\/appartement-de-3-pieces-au-4eme-etage-avec-balcon-a-ecublens\/&amp;t=Appartement+de+3+pi%C3%A8ces+au+4%C3%A8me+%C3%A9tage+avec+balcon+%C3%A0+Ecublens\" target=\"_blank\" class=\"social_facebook\"><\/a>\n        <a href=\"https:\/\/twitter.com\/home?status=Appartement+de+3+pi%C3%A8ces+au+4%C3%A8me+%C3%A9tage+avec+balcon+%C3%A0+Ecublenshttps%3A%2F%2Fwww.regieducroset.ch%2Fimmo%2Festate_property%2Fappartement-de-3-pieces-au-4eme-etage-avec-balcon-a-ecublens%2F\" class=\"social_tweet\" target=\"_blank\"><\/a>\n        <a href=\"https:\/\/www.linkedin.com\/sharing\/share-offsite\/?url==https:\/\/www.regieducroset.ch\/immo\/estate_property\/appartement-de-3-pieces-au-4eme-etage-avec-balcon-a-ecublens\/\" class=\"social_linkedin\" target=\"_blank\"><\/a>\n        <\/div>\n                            <span class=\"share_list\"  data-original-title=\"partager\" ><\/span>\n                        <span class=\"compare-action\" data-original-title=\"comparer\" data-pimage=\"https:\/\/www.regieducroset.ch\/immo\/wp\/wp-content\/uploads\/2026\/04\/IMG_0163-143x83.jpeg\" data-pid=\"27037\"><\/span>\n                     \n                    <\/div>\n                <\/div>\n                \n                    <\/div> \n<\/div>\n  \n\n\n\n<div class=\"col-md-4 shortcode-col has_prop_slider  listing_wrapper property_unit_type1\" data-org=\"6\" data-listid=\"27030\" > \n    <div class=\"property_listing property_unit_type1  \" data-link=\"\">\n        \n        <div class=\"listing-unit-img-wrapper\"><div class=\"prop_new_details\"><div class=\"prop_new_details_back\"><\/div><\/div><div class=\"listing_unit_price_wrapper\"><span class=\"price_label price_label_before\">CHF<\/span> 1 160 .- <span class=\"price_label\">par mois<\/span><\/div>\n                    <div id=\"property_unit_carousel_69f4c4643862f\" class=\"carousel property_unit_carousel slide \" data-ride=\"carousel\" data-interval=\"false\">\n                        <div class=\"carousel-inner\">         \n                            <div class=\"item active\">    \n                                <a href=\"https:\/\/www.regieducroset.ch\/immo\/estate_property\/appartement-de-2-pieces-au-niveau-4-a-lausanne\/\" target=\"_self\" ><img loading=\"lazy\" decoding=\"async\" width=\"525\" height=\"328\" src=\"https:\/\/www.regieducroset.ch\/immo\/wp\/wp-content\/uploads\/2026\/04\/1000030980-525x328.jpg\" class=\"lazyload img-responsive wp-post-image\" alt=\"\" data-original=\"https:\/\/www.regieducroset.ch\/immo\/wp\/wp-content\/uploads\/2026\/04\/1000030980-525x328.jpg\" \/><\/a>     \n                            <\/div>\n                            <div class=\"item lazy-load-item\">\n                                            <a href=\"https:\/\/www.regieducroset.ch\/immo\/estate_property\/appartement-de-2-pieces-au-niveau-4-a-lausanne\/\" target=\"_self\" ><img  data-lazy-load-src=\"https:\/\/www.regieducroset.ch\/immo\/wp\/wp-content\/uploads\/2026\/04\/1000030983.jpg\" alt=\"Appartement de 2 pi\u00e8ces au niveau -4 \u00e0 Lausanne\" class=\"img-responsive\" \/><\/a>\n                                        <\/div><div class=\"item lazy-load-item\">\n                                            <a href=\"https:\/\/www.regieducroset.ch\/immo\/estate_property\/appartement-de-2-pieces-au-niveau-4-a-lausanne\/\" target=\"_self\" ><img  data-lazy-load-src=\"https:\/\/www.regieducroset.ch\/immo\/wp\/wp-content\/uploads\/2026\/04\/1000030981-525x328.jpg\" alt=\"Appartement de 2 pi\u00e8ces au niveau -4 \u00e0 Lausanne\" class=\"img-responsive\" \/><\/a>\n                                        <\/div><div class=\"item lazy-load-item\">\n                                            <a href=\"https:\/\/www.regieducroset.ch\/immo\/estate_property\/appartement-de-2-pieces-au-niveau-4-a-lausanne\/\" target=\"_self\" ><img  data-lazy-load-src=\"https:\/\/www.regieducroset.ch\/immo\/wp\/wp-content\/uploads\/2026\/04\/1000030982-525x328.jpg\" alt=\"Appartement de 2 pi\u00e8ces au niveau -4 \u00e0 Lausanne\" class=\"img-responsive\" \/><\/a>\n                                        <\/div><div class=\"item lazy-load-item\">\n                                            <a href=\"https:\/\/www.regieducroset.ch\/immo\/estate_property\/appartement-de-2-pieces-au-niveau-4-a-lausanne\/\" target=\"_self\" ><img  data-lazy-load-src=\"https:\/\/www.regieducroset.ch\/immo\/wp\/wp-content\/uploads\/2026\/04\/1000030979-525x328.jpg\" alt=\"Appartement de 2 pi\u00e8ces au niveau -4 \u00e0 Lausanne\" class=\"img-responsive\" \/><\/a>\n                                        <\/div><div class=\"item lazy-load-item\">\n                                            <a href=\"https:\/\/www.regieducroset.ch\/immo\/estate_property\/appartement-de-2-pieces-au-niveau-4-a-lausanne\/\" target=\"_self\" ><img  data-lazy-load-src=\"https:\/\/www.regieducroset.ch\/immo\/wp\/wp-content\/uploads\/2026\/04\/1000030985-525x328.jpg\" alt=\"Appartement de 2 pi\u00e8ces au niveau -4 \u00e0 Lausanne\" class=\"img-responsive\" \/><\/a>\n                                        <\/div><div class=\"item lazy-load-item\">\n                                            <a href=\"https:\/\/www.regieducroset.ch\/immo\/estate_property\/appartement-de-2-pieces-au-niveau-4-a-lausanne\/\" target=\"_self\" ><img  data-lazy-load-src=\"https:\/\/www.regieducroset.ch\/immo\/wp\/wp-content\/uploads\/2021\/06\/Devin-31-C-D-1600-525x328.jpg\" alt=\"Appartement de 2 pi\u00e8ces au niveau -4 \u00e0 Lausanne\" class=\"img-responsive\" \/><\/a>\n                                        <\/div>\n                        <\/div>\n\n\n                        <a href=\"https:\/\/www.regieducroset.ch\/immo\/estate_property\/appartement-de-2-pieces-au-niveau-4-a-lausanne\/\" target=\"_self\"> <\/a><a class=\"left  carousel-control\" href=\"#property_unit_carousel_69f4c4643862f\" data-slide=\"prev\">\n                                <i class=\"demo-icon icon-left-open-big\"><\/i>\n                            <\/a>\n\n                            <a class=\"right  carousel-control\" href=\"#property_unit_carousel_69f4c4643862f\" data-slide=\"next\">\n                                <i class=\"demo-icon icon-right-open-big\"><\/i>\n                            <\/a>\n                    <\/div> <span class=\"icon-fav icon-fav-off\" data-original-title=\"ajouter aux Favoris\" data-postid=\"27030\"><\/span><div class=\"status-wrapper\"><div class=\"action_tag_wrapper Locations \">Locations<\/div><div class=\"ribbon-inside \"><\/div><\/div><\/div><div class=\"tag-wrapper\"><\/div>            <h4><a href=\"https:\/\/www.regieducroset.ch\/immo\/estate_property\/appartement-de-2-pieces-au-niveau-4-a-lausanne\/\" target=\"_self \">\n                Appartement de 2 pi\u00e8ces au niveau -4 \u00e0 Lausa...                <\/a> \n            <\/h4>\n       \n        \n            <div class=\"property_address_type1_wrapper\">\n                <i class=\"fa fa-map-marker\" aria-hidden=\"true\"><\/i><span class=\"property_address_type1\">Chemin du Devin 31D, <\/span><span class=\"property_city_type1\"><a href=\"https:\/\/www.regieducroset.ch\/immo\/property_city\/lausanne\/\" rel=\"tag\">Lausanne<\/a><\/span>            <\/div>\n        \n            <div class=\"property_categories_type1_wrapper\">\n                                \n                <span>Cat\u00e9gorie:<\/span><a href=\"https:\/\/www.regieducroset.ch\/immo\/property_category\/apartments\/\" rel=\"tag\">Appartements<\/a> dans <a href=\"https:\/\/www.regieducroset.ch\/immo\/property_action_category\/locations\/\" rel=\"tag\">Locations<\/a>            <\/div>  \n            \n            <div class=\"property_details_type1_wrapper\">\n                                 <span class=\"property_details_type1_rooms\">Pi\u00e8ces:<\/span><span class=\"property_details_type1_value\">2<\/span><span class=\"property_details_type1_baths\">Thermes:<\/span><span class=\"property_details_type1_value\">0<\/span> <span class=\"property_details_type1_size\">Surf. approx.:<\/span><span class=\"property_details_type1_value\"><span>46.00 m<sup>2<\/sup><\/span><\/span>           \n         \n           <\/div>\n        \n            <div class=\"property_location\"> \n                                   <div class=\"property_agent_wrapper property_agent_wrapper_type1\">\n                   \n                    <span><strong>Agent:<\/strong><\/span><a href=\"https:\/\/www.regieducroset.ch\/immo\/estate_agency\/regie-du-croset\/\">R\u00e9gie du Croset<\/a>                <\/div>\n\n                                    <div class=\"listing_actions\">\n                                 <div class=\"share_unit\">\n        <a href=\"https:\/\/www.facebook.com\/sharer.php?u=https:\/\/www.regieducroset.ch\/immo\/estate_property\/appartement-de-2-pieces-au-niveau-4-a-lausanne\/&amp;t=Appartement+de+2+pi%C3%A8ces+au+niveau+-4+%C3%A0+Lausanne\" target=\"_blank\" class=\"social_facebook\"><\/a>\n        <a href=\"https:\/\/twitter.com\/home?status=Appartement+de+2+pi%C3%A8ces+au+niveau+-4+%C3%A0+Lausannehttps%3A%2F%2Fwww.regieducroset.ch%2Fimmo%2Festate_property%2Fappartement-de-2-pieces-au-niveau-4-a-lausanne%2F\" class=\"social_tweet\" target=\"_blank\"><\/a>\n        <a href=\"https:\/\/www.linkedin.com\/sharing\/share-offsite\/?url==https:\/\/www.regieducroset.ch\/immo\/estate_property\/appartement-de-2-pieces-au-niveau-4-a-lausanne\/\" class=\"social_linkedin\" target=\"_blank\"><\/a>\n        <\/div>\n                            <span class=\"share_list\"  data-original-title=\"partager\" ><\/span>\n                        <span class=\"compare-action\" data-original-title=\"comparer\" data-pimage=\"https:\/\/www.regieducroset.ch\/immo\/wp\/wp-content\/uploads\/2026\/04\/1000030980-143x83.jpg\" data-pid=\"27030\"><\/span>\n                     \n                    <\/div>\n                <\/div>\n                \n                    <\/div> \n<\/div>\n  \n\n\n\n<div class=\"col-md-4 shortcode-col has_prop_slider  listing_wrapper property_unit_type1\" data-org=\"6\" data-listid=\"27019\" > \n    <div class=\"property_listing property_unit_type1  \" data-link=\"\">\n        \n        <div class=\"listing-unit-img-wrapper\"><div class=\"prop_new_details\"><div class=\"prop_new_details_back\"><\/div><\/div><div class=\"listing_unit_price_wrapper\"><span class=\"price_label price_label_before\">CHF<\/span> 1 520 .- <span class=\"price_label\">par mois<\/span><\/div>\n                    <div id=\"property_unit_carousel_69f4c4643a266\" class=\"carousel property_unit_carousel slide \" data-ride=\"carousel\" data-interval=\"false\">\n                        <div class=\"carousel-inner\">         \n                            <div class=\"item active\">    \n                                <a href=\"https:\/\/www.regieducroset.ch\/immo\/estate_property\/appartement-de-3-5-pieces-au-2eme-etage-avec-balcon-a-renens\/\" target=\"_self\" ><img loading=\"lazy\" decoding=\"async\" width=\"525\" height=\"328\" src=\"https:\/\/www.regieducroset.ch\/immo\/wp\/wp-content\/uploads\/2026\/04\/pro-BvPg2gi0-525x328.jpeg\" class=\"lazyload img-responsive wp-post-image\" alt=\"\" data-original=\"https:\/\/www.regieducroset.ch\/immo\/wp\/wp-content\/uploads\/2026\/04\/pro-BvPg2gi0-525x328.jpeg\" \/><\/a>     \n                            <\/div>\n                            <div class=\"item lazy-load-item\">\n                                            <a href=\"https:\/\/www.regieducroset.ch\/immo\/estate_property\/appartement-de-3-5-pieces-au-2eme-etage-avec-balcon-a-renens\/\" target=\"_self\" ><img  data-lazy-load-src=\"https:\/\/www.regieducroset.ch\/immo\/wp\/wp-content\/uploads\/2026\/04\/pro-dox6gXdd-525x328.jpeg\" alt=\"Appartement de 3.5 pi\u00e8ces au 2\u00e8me \u00e9tage avec balcon \u00e0 Renens\" class=\"img-responsive\" \/><\/a>\n                                        <\/div><div class=\"item lazy-load-item\">\n                                            <a href=\"https:\/\/www.regieducroset.ch\/immo\/estate_property\/appartement-de-3-5-pieces-au-2eme-etage-avec-balcon-a-renens\/\" target=\"_self\" ><img  data-lazy-load-src=\"https:\/\/www.regieducroset.ch\/immo\/wp\/wp-content\/uploads\/2026\/04\/pro-Nm0Y9Fe3-525x328.jpeg\" alt=\"Appartement de 3.5 pi\u00e8ces au 2\u00e8me \u00e9tage avec balcon \u00e0 Renens\" class=\"img-responsive\" \/><\/a>\n                                        <\/div><div class=\"item lazy-load-item\">\n                                            <a href=\"https:\/\/www.regieducroset.ch\/immo\/estate_property\/appartement-de-3-5-pieces-au-2eme-etage-avec-balcon-a-renens\/\" target=\"_self\" ><img  data-lazy-load-src=\"https:\/\/www.regieducroset.ch\/immo\/wp\/wp-content\/uploads\/2026\/04\/pro-pYncFby7-525x328.jpeg\" alt=\"Appartement de 3.5 pi\u00e8ces au 2\u00e8me \u00e9tage avec balcon \u00e0 Renens\" class=\"img-responsive\" \/><\/a>\n                                        <\/div><div class=\"item lazy-load-item\">\n                                            <a href=\"https:\/\/www.regieducroset.ch\/immo\/estate_property\/appartement-de-3-5-pieces-au-2eme-etage-avec-balcon-a-renens\/\" target=\"_self\" ><img  data-lazy-load-src=\"https:\/\/www.regieducroset.ch\/immo\/wp\/wp-content\/uploads\/2026\/04\/pro-uo7pEpI9-525x328.jpeg\" alt=\"Appartement de 3.5 pi\u00e8ces au 2\u00e8me \u00e9tage avec balcon \u00e0 Renens\" class=\"img-responsive\" \/><\/a>\n                                        <\/div><div class=\"item lazy-load-item\">\n                                            <a href=\"https:\/\/www.regieducroset.ch\/immo\/estate_property\/appartement-de-3-5-pieces-au-2eme-etage-avec-balcon-a-renens\/\" target=\"_self\" ><img  data-lazy-load-src=\"https:\/\/www.regieducroset.ch\/immo\/wp\/wp-content\/uploads\/2026\/04\/pro-65MiGeT5-525x328.jpeg\" alt=\"Appartement de 3.5 pi\u00e8ces au 2\u00e8me \u00e9tage avec balcon \u00e0 Renens\" class=\"img-responsive\" \/><\/a>\n                                        <\/div><div class=\"item lazy-load-item\">\n                                            <a href=\"https:\/\/www.regieducroset.ch\/immo\/estate_property\/appartement-de-3-5-pieces-au-2eme-etage-avec-balcon-a-renens\/\" target=\"_self\" ><img  data-lazy-load-src=\"https:\/\/www.regieducroset.ch\/immo\/wp\/wp-content\/uploads\/2026\/04\/pro-PghYjwdv-525x328.jpeg\" alt=\"Appartement de 3.5 pi\u00e8ces au 2\u00e8me \u00e9tage avec balcon \u00e0 Renens\" class=\"img-responsive\" \/><\/a>\n                                        <\/div><div class=\"item lazy-load-item\">\n                                            <a href=\"https:\/\/www.regieducroset.ch\/immo\/estate_property\/appartement-de-3-5-pieces-au-2eme-etage-avec-balcon-a-renens\/\" target=\"_self\" ><img  data-lazy-load-src=\"https:\/\/www.regieducroset.ch\/immo\/wp\/wp-content\/uploads\/2026\/04\/pro-8WYE86Tf-525x328.jpeg\" alt=\"Appartement de 3.5 pi\u00e8ces au 2\u00e8me \u00e9tage avec balcon \u00e0 Renens\" class=\"img-responsive\" \/><\/a>\n                                        <\/div><div class=\"item lazy-load-item\">\n                                            <a href=\"https:\/\/www.regieducroset.ch\/immo\/estate_property\/appartement-de-3-5-pieces-au-2eme-etage-avec-balcon-a-renens\/\" target=\"_self\" ><img  data-lazy-load-src=\"https:\/\/www.regieducroset.ch\/immo\/wp\/wp-content\/uploads\/2022\/07\/24-Janvier-34-36-07-1600-525x328.jpg\" alt=\"Appartement de 3.5 pi\u00e8ces au 2\u00e8me \u00e9tage avec balcon \u00e0 Renens\" class=\"img-responsive\" \/><\/a>\n                                        <\/div>\n                        <\/div>\n\n\n                        <a href=\"https:\/\/www.regieducroset.ch\/immo\/estate_property\/appartement-de-3-5-pieces-au-2eme-etage-avec-balcon-a-renens\/\" target=\"_self\"> <\/a><a class=\"left  carousel-control\" href=\"#property_unit_carousel_69f4c4643a266\" data-slide=\"prev\">\n                                <i class=\"demo-icon icon-left-open-big\"><\/i>\n                            <\/a>\n\n                            <a class=\"right  carousel-control\" href=\"#property_unit_carousel_69f4c4643a266\" data-slide=\"next\">\n                                <i class=\"demo-icon icon-right-open-big\"><\/i>\n                            <\/a>\n                    <\/div> <span class=\"icon-fav icon-fav-off\" data-original-title=\"ajouter aux Favoris\" data-postid=\"27019\"><\/span><div class=\"status-wrapper\"><div class=\"action_tag_wrapper Locations \">Locations<\/div><div class=\"ribbon-inside \"><\/div><\/div><\/div><div class=\"tag-wrapper\"><\/div>            <h4><a href=\"https:\/\/www.regieducroset.ch\/immo\/estate_property\/appartement-de-3-5-pieces-au-2eme-etage-avec-balcon-a-renens\/\" target=\"_self \">\n                Appartement de 3.5 pi\u00e8ces au 2\u00e8me \u00e9tage avec...                <\/a> \n            <\/h4>\n       \n        \n            <div class=\"property_address_type1_wrapper\">\n                <i class=\"fa fa-map-marker\" aria-hidden=\"true\"><\/i><span class=\"property_address_type1\">Avenue du 24 Janvier 30, <\/span><span class=\"property_city_type1\"><a href=\"https:\/\/www.regieducroset.ch\/immo\/property_city\/renens-2\/\" rel=\"tag\">renens<\/a><\/span>            <\/div>\n        \n            <div class=\"property_categories_type1_wrapper\">\n                                \n                <span>Cat\u00e9gorie:<\/span><a href=\"https:\/\/www.regieducroset.ch\/immo\/property_category\/apartments\/\" rel=\"tag\">Appartements<\/a> dans <a href=\"https:\/\/www.regieducroset.ch\/immo\/property_action_category\/locations\/\" rel=\"tag\">Locations<\/a>            <\/div>  \n            \n            <div class=\"property_details_type1_wrapper\">\n                                 <span class=\"property_details_type1_rooms\">Pi\u00e8ces:<\/span><span class=\"property_details_type1_value\">3.5<\/span><span class=\"property_details_type1_baths\">Thermes:<\/span><span class=\"property_details_type1_value\">1<\/span> <span class=\"property_details_type1_size\">Surf. approx.:<\/span><span class=\"property_details_type1_value\"><span>68.00 m<sup>2<\/sup><\/span><\/span>           \n         \n           <\/div>\n        \n            <div class=\"property_location\"> \n                                   <div class=\"property_agent_wrapper property_agent_wrapper_type1\">\n                   \n                    <span><strong>Agent:<\/strong><\/span><a href=\"https:\/\/www.regieducroset.ch\/immo\/estate_agency\/regie-du-croset\/\">R\u00e9gie du Croset<\/a>                <\/div>\n\n                                    <div class=\"listing_actions\">\n                                 <div class=\"share_unit\">\n        <a href=\"https:\/\/www.facebook.com\/sharer.php?u=https:\/\/www.regieducroset.ch\/immo\/estate_property\/appartement-de-3-5-pieces-au-2eme-etage-avec-balcon-a-renens\/&amp;t=Appartement+de+3.5+pi%C3%A8ces+au+2%C3%A8me+%C3%A9tage+avec+balcon+%C3%A0+Renens\" target=\"_blank\" class=\"social_facebook\"><\/a>\n        <a href=\"https:\/\/twitter.com\/home?status=Appartement+de+3.5+pi%C3%A8ces+au+2%C3%A8me+%C3%A9tage+avec+balcon+%C3%A0+Renenshttps%3A%2F%2Fwww.regieducroset.ch%2Fimmo%2Festate_property%2Fappartement-de-3-5-pieces-au-2eme-etage-avec-balcon-a-renens%2F\" class=\"social_tweet\" target=\"_blank\"><\/a>\n        <a href=\"https:\/\/www.linkedin.com\/sharing\/share-offsite\/?url==https:\/\/www.regieducroset.ch\/immo\/estate_property\/appartement-de-3-5-pieces-au-2eme-etage-avec-balcon-a-renens\/\" class=\"social_linkedin\" target=\"_blank\"><\/a>\n        <\/div>\n                            <span class=\"share_list\"  data-original-title=\"partager\" ><\/span>\n                        <span class=\"compare-action\" data-original-title=\"comparer\" data-pimage=\"https:\/\/www.regieducroset.ch\/immo\/wp\/wp-content\/uploads\/2026\/04\/pro-BvPg2gi0-143x83.jpeg\" data-pid=\"27019\"><\/span>\n                     \n                    <\/div>\n                <\/div>\n                \n                    <\/div> \n<\/div>\n  \n\n\n\n<div class=\"col-md-4 shortcode-col has_prop_slider  listing_wrapper property_unit_type1\" data-org=\"6\" data-listid=\"27014\" > \n    <div class=\"property_listing property_unit_type1  \" data-link=\"\">\n        \n        <div class=\"listing-unit-img-wrapper\"><div class=\"prop_new_details\"><div class=\"prop_new_details_back\"><\/div><\/div><div class=\"listing_unit_price_wrapper\"><span class=\"price_label price_label_before\">CHF<\/span> 1 250 .- <span class=\"price_label\">par mois<\/span><\/div>\n                    <div id=\"property_unit_carousel_69f4c4643b8af\" class=\"carousel property_unit_carousel slide \" data-ride=\"carousel\" data-interval=\"false\">\n                        <div class=\"carousel-inner\">         \n                            <div class=\"item active\">    \n                                <a href=\"https:\/\/www.regieducroset.ch\/immo\/estate_property\/appartement-de-1-5-pieces-au-2eme-etage-a-vevey\/\" target=\"_self\" ><img loading=\"lazy\" decoding=\"async\" width=\"525\" height=\"328\" src=\"https:\/\/www.regieducroset.ch\/immo\/wp\/wp-content\/uploads\/2026\/04\/IMG_1825-525x328.jpeg\" class=\"lazyload img-responsive wp-post-image\" alt=\"\" data-original=\"https:\/\/www.regieducroset.ch\/immo\/wp\/wp-content\/uploads\/2026\/04\/IMG_1825-525x328.jpeg\" \/><\/a>     \n                            <\/div>\n                            <div class=\"item lazy-load-item\">\n                                            <a href=\"https:\/\/www.regieducroset.ch\/immo\/estate_property\/appartement-de-1-5-pieces-au-2eme-etage-a-vevey\/\" target=\"_self\" ><img  data-lazy-load-src=\"https:\/\/www.regieducroset.ch\/immo\/wp\/wp-content\/uploads\/2026\/04\/IMG_1822-525x328.jpeg\" alt=\"Appartement de 1.5 pi\u00e8ces au 2\u00e8me \u00e9tage \u00e0 Vevey\" class=\"img-responsive\" \/><\/a>\n                                        <\/div><div class=\"item lazy-load-item\">\n                                            <a href=\"https:\/\/www.regieducroset.ch\/immo\/estate_property\/appartement-de-1-5-pieces-au-2eme-etage-a-vevey\/\" target=\"_self\" ><img  data-lazy-load-src=\"https:\/\/www.regieducroset.ch\/immo\/wp\/wp-content\/uploads\/2026\/04\/IMG_1823-525x328.jpeg\" alt=\"Appartement de 1.5 pi\u00e8ces au 2\u00e8me \u00e9tage \u00e0 Vevey\" class=\"img-responsive\" \/><\/a>\n                                        <\/div>\n                        <\/div>\n\n\n                        <a href=\"https:\/\/www.regieducroset.ch\/immo\/estate_property\/appartement-de-1-5-pieces-au-2eme-etage-a-vevey\/\" target=\"_self\"> <\/a><a class=\"left  carousel-control\" href=\"#property_unit_carousel_69f4c4643b8af\" data-slide=\"prev\">\n                                <i class=\"demo-icon icon-left-open-big\"><\/i>\n                            <\/a>\n\n                            <a class=\"right  carousel-control\" href=\"#property_unit_carousel_69f4c4643b8af\" data-slide=\"next\">\n                                <i class=\"demo-icon icon-right-open-big\"><\/i>\n                            <\/a>\n                    <\/div> <span class=\"icon-fav icon-fav-off\" data-original-title=\"ajouter aux Favoris\" data-postid=\"27014\"><\/span><div class=\"status-wrapper\"><div class=\"action_tag_wrapper Locations \">Locations<\/div><div class=\"ribbon-inside \"><\/div><\/div><\/div><div class=\"tag-wrapper\"><\/div>            <h4><a href=\"https:\/\/www.regieducroset.ch\/immo\/estate_property\/appartement-de-1-5-pieces-au-2eme-etage-a-vevey\/\" target=\"_self \">\n                Appartement de 1.5 pi\u00e8ces au 2\u00e8me \u00e9tage \u00e0 Ve...                <\/a> \n            <\/h4>\n       \n        \n            <div class=\"property_address_type1_wrapper\">\n                <i class=\"fa fa-map-marker\" aria-hidden=\"true\"><\/i><span class=\"property_address_type1\">Avenue du G\u00e9n\u00e9ral-Guisan 23, <\/span><span class=\"property_city_type1\"><a href=\"https:\/\/www.regieducroset.ch\/immo\/property_city\/vevey\/\" rel=\"tag\">Vevey<\/a><\/span>            <\/div>\n        \n            <div class=\"property_categories_type1_wrapper\">\n                                \n                <span>Cat\u00e9gorie:<\/span><a href=\"https:\/\/www.regieducroset.ch\/immo\/property_category\/apartments\/\" rel=\"tag\">Appartements<\/a> dans <a href=\"https:\/\/www.regieducroset.ch\/immo\/property_action_category\/locations\/\" rel=\"tag\">Locations<\/a>            <\/div>  \n            \n            <div class=\"property_details_type1_wrapper\">\n                                 <span class=\"property_details_type1_rooms\">Pi\u00e8ces:<\/span><span class=\"property_details_type1_value\">1.5<\/span><span class=\"property_details_type1_baths\">Thermes:<\/span><span class=\"property_details_type1_value\">0<\/span> <span class=\"property_details_type1_size\">Surf. approx.:<\/span><span class=\"property_details_type1_value\"><span>44.00 m<sup>2<\/sup><\/span><\/span>           \n         \n           <\/div>\n        \n            <div class=\"property_location\"> \n                                   <div class=\"property_agent_wrapper property_agent_wrapper_type1\">\n                   \n                    <span><strong>Agent:<\/strong><\/span><a href=\"https:\/\/www.regieducroset.ch\/immo\/estate_agency\/regie-du-croset\/\">R\u00e9gie du Croset<\/a>                <\/div>\n\n                                    <div class=\"listing_actions\">\n                                 <div class=\"share_unit\">\n        <a href=\"https:\/\/www.facebook.com\/sharer.php?u=https:\/\/www.regieducroset.ch\/immo\/estate_property\/appartement-de-1-5-pieces-au-2eme-etage-a-vevey\/&amp;t=Appartement+de+1.5+pi%C3%A8ces+au+2%C3%A8me+%C3%A9tage+%C3%A0+Vevey\" target=\"_blank\" class=\"social_facebook\"><\/a>\n        <a href=\"https:\/\/twitter.com\/home?status=Appartement+de+1.5+pi%C3%A8ces+au+2%C3%A8me+%C3%A9tage+%C3%A0+Veveyhttps%3A%2F%2Fwww.regieducroset.ch%2Fimmo%2Festate_property%2Fappartement-de-1-5-pieces-au-2eme-etage-a-vevey%2F\" class=\"social_tweet\" target=\"_blank\"><\/a>\n        <a href=\"https:\/\/www.linkedin.com\/sharing\/share-offsite\/?url==https:\/\/www.regieducroset.ch\/immo\/estate_property\/appartement-de-1-5-pieces-au-2eme-etage-a-vevey\/\" class=\"social_linkedin\" target=\"_blank\"><\/a>\n        <\/div>\n                            <span class=\"share_list\"  data-original-title=\"partager\" ><\/span>\n                        <span class=\"compare-action\" data-original-title=\"comparer\" data-pimage=\"https:\/\/www.regieducroset.ch\/immo\/wp\/wp-content\/uploads\/2026\/04\/IMG_1825-143x83.jpeg\" data-pid=\"27014\"><\/span>\n                     \n                    <\/div>\n                <\/div>\n                \n                    <\/div> \n<\/div>\n  \n\n\n\n<div class=\"col-md-4 shortcode-col has_prop_slider  listing_wrapper property_unit_type1\" data-org=\"6\" data-listid=\"27013\" > \n    <div class=\"property_listing property_unit_type1  \" data-link=\"\">\n        \n        <div class=\"listing-unit-img-wrapper\"><div class=\"prop_new_details\"><div class=\"prop_new_details_back\"><\/div><\/div><div class=\"listing_unit_price_wrapper\"><span class=\"price_label price_label_before\">CHF<\/span> 1 550 .- <span class=\"price_label\">par mois<\/span><\/div>\n                    <div id=\"property_unit_carousel_69f4c4643c901\" class=\"carousel property_unit_carousel slide \" data-ride=\"carousel\" data-interval=\"false\">\n                        <div class=\"carousel-inner\">         \n                            <div class=\"item active\">    \n                                <a href=\"https:\/\/www.regieducroset.ch\/immo\/estate_property\/appartement-de-2-5-pieces-au-8eme-etage-avec-balcon-a-lausanne\/\" target=\"_self\" ><img loading=\"lazy\" decoding=\"async\" width=\"525\" height=\"328\" src=\"https:\/\/www.regieducroset.ch\/immo\/wp\/wp-content\/uploads\/2021\/06\/Grey-78-1600-525x328.jpg\" class=\"lazyload img-responsive wp-post-image\" alt=\"\" data-original=\"https:\/\/www.regieducroset.ch\/immo\/wp\/wp-content\/uploads\/2021\/06\/Grey-78-1600-525x328.jpg\" \/><\/a>     \n                            <\/div>\n                            \n                        <\/div>\n\n\n                        <a href=\"https:\/\/www.regieducroset.ch\/immo\/estate_property\/appartement-de-2-5-pieces-au-8eme-etage-avec-balcon-a-lausanne\/\" target=\"_self\"> <\/a>\n                    <\/div> <span class=\"icon-fav icon-fav-off\" data-original-title=\"ajouter aux Favoris\" data-postid=\"27013\"><\/span><div class=\"status-wrapper\"><div class=\"action_tag_wrapper Locations \">Locations<\/div><div class=\"ribbon-inside \"><\/div><\/div><\/div><div class=\"tag-wrapper\"><\/div>            <h4><a href=\"https:\/\/www.regieducroset.ch\/immo\/estate_property\/appartement-de-2-5-pieces-au-8eme-etage-avec-balcon-a-lausanne\/\" target=\"_self \">\n                Appartement de 2.5 pi\u00e8ces au 8\u00e8me \u00e9tage avec...                <\/a> \n            <\/h4>\n       \n        \n            <div class=\"property_address_type1_wrapper\">\n                <i class=\"fa fa-map-marker\" aria-hidden=\"true\"><\/i><span class=\"property_address_type1\">Avenue du Grey 78, <\/span><span class=\"property_city_type1\"><a href=\"https:\/\/www.regieducroset.ch\/immo\/property_city\/lausanne\/\" rel=\"tag\">Lausanne<\/a><\/span>            <\/div>\n        \n            <div class=\"property_categories_type1_wrapper\">\n                                \n                <span>Cat\u00e9gorie:<\/span><a href=\"https:\/\/www.regieducroset.ch\/immo\/property_category\/apartments\/\" rel=\"tag\">Appartements<\/a> dans <a href=\"https:\/\/www.regieducroset.ch\/immo\/property_action_category\/locations\/\" rel=\"tag\">Locations<\/a>            <\/div>  \n            \n            <div class=\"property_details_type1_wrapper\">\n                                 <span class=\"property_details_type1_rooms\">Pi\u00e8ces:<\/span><span class=\"property_details_type1_value\">2<\/span><span class=\"property_details_type1_baths\">Thermes:<\/span><span class=\"property_details_type1_value\">1<\/span> <span class=\"property_details_type1_size\">Surf. approx.:<\/span><span class=\"property_details_type1_value\"><span>64.00 m<sup>2<\/sup><\/span><\/span>           \n         \n           <\/div>\n        \n            <div class=\"property_location\"> \n                                   <div class=\"property_agent_wrapper property_agent_wrapper_type1\">\n                   \n                    <span><strong>Agent:<\/strong><\/span><a href=\"https:\/\/www.regieducroset.ch\/immo\/estate_agency\/regie-du-croset\/\">R\u00e9gie du Croset<\/a>                <\/div>\n\n                                    <div class=\"listing_actions\">\n                                 <div class=\"share_unit\">\n        <a href=\"https:\/\/www.facebook.com\/sharer.php?u=https:\/\/www.regieducroset.ch\/immo\/estate_property\/appartement-de-2-5-pieces-au-8eme-etage-avec-balcon-a-lausanne\/&amp;t=Appartement+de+2.5+pi%C3%A8ces+au+8%C3%A8me+%C3%A9tage+avec+balcon+%C3%A0+Lausanne\" target=\"_blank\" class=\"social_facebook\"><\/a>\n        <a href=\"https:\/\/twitter.com\/home?status=Appartement+de+2.5+pi%C3%A8ces+au+8%C3%A8me+%C3%A9tage+avec+balcon+%C3%A0+Lausannehttps%3A%2F%2Fwww.regieducroset.ch%2Fimmo%2Festate_property%2Fappartement-de-2-5-pieces-au-8eme-etage-avec-balcon-a-lausanne%2F\" class=\"social_tweet\" target=\"_blank\"><\/a>\n        <a href=\"https:\/\/www.linkedin.com\/sharing\/share-offsite\/?url==https:\/\/www.regieducroset.ch\/immo\/estate_property\/appartement-de-2-5-pieces-au-8eme-etage-avec-balcon-a-lausanne\/\" class=\"social_linkedin\" target=\"_blank\"><\/a>\n        <\/div>\n                            <span class=\"share_list\"  data-original-title=\"partager\" ><\/span>\n                        <span class=\"compare-action\" data-original-title=\"comparer\" data-pimage=\"https:\/\/www.regieducroset.ch\/immo\/wp\/wp-content\/uploads\/2021\/06\/Grey-78-1600-143x83.jpg\" data-pid=\"27013\"><\/span>\n                     \n                    <\/div>\n                <\/div>\n                \n                    <\/div> \n<\/div>\n  \n\n\n\n<div class=\"col-md-4 shortcode-col has_prop_slider  listing_wrapper property_unit_type1\" data-org=\"6\" data-listid=\"26984\" > \n    <div class=\"property_listing property_unit_type1  \" data-link=\"\">\n        \n        <div class=\"listing-unit-img-wrapper\"><div class=\"prop_new_details\"><div class=\"prop_new_details_back\"><\/div><\/div><div class=\"listing_unit_price_wrapper\"><span class=\"price_label price_label_before\">CHF<\/span> 980 .- <span class=\"price_label\">par mois<\/span><\/div>\n                    <div id=\"property_unit_carousel_69f4c4643e00a\" class=\"carousel property_unit_carousel slide \" data-ride=\"carousel\" data-interval=\"false\">\n                        <div class=\"carousel-inner\">         \n                            <div class=\"item active\">    \n                                <a href=\"https:\/\/www.regieducroset.ch\/immo\/estate_property\/appartement-de-1-piece-au-niveau-3-a-lausanne\/\" target=\"_self\" ><img loading=\"lazy\" decoding=\"async\" width=\"480\" height=\"328\" src=\"https:\/\/www.regieducroset.ch\/immo\/wp\/wp-content\/uploads\/2026\/03\/Piece-principale-1-480x328.jpg\" class=\"lazyload img-responsive wp-post-image\" alt=\"\" data-original=\"https:\/\/www.regieducroset.ch\/immo\/wp\/wp-content\/uploads\/2026\/03\/Piece-principale-1-480x328.jpg\" \/><\/a>     \n                            <\/div>\n                            <div class=\"item lazy-load-item\">\n                                            <a href=\"https:\/\/www.regieducroset.ch\/immo\/estate_property\/appartement-de-1-piece-au-niveau-3-a-lausanne\/\" target=\"_self\" ><img  data-lazy-load-src=\"https:\/\/www.regieducroset.ch\/immo\/wp\/wp-content\/uploads\/2026\/03\/Piece-principale-480x328.jpg\" alt=\"Appartement de 1 pi\u00e8ce au niveau -3 \u00e0 Lausanne\" class=\"img-responsive\" \/><\/a>\n                                        <\/div><div class=\"item lazy-load-item\">\n                                            <a href=\"https:\/\/www.regieducroset.ch\/immo\/estate_property\/appartement-de-1-piece-au-niveau-3-a-lausanne\/\" target=\"_self\" ><img  data-lazy-load-src=\"https:\/\/www.regieducroset.ch\/immo\/wp\/wp-content\/uploads\/2026\/03\/Cuisine-3-480x328.jpg\" alt=\"Appartement de 1 pi\u00e8ce au niveau -3 \u00e0 Lausanne\" class=\"img-responsive\" \/><\/a>\n                                        <\/div><div class=\"item lazy-load-item\">\n                                            <a href=\"https:\/\/www.regieducroset.ch\/immo\/estate_property\/appartement-de-1-piece-au-niveau-3-a-lausanne\/\" target=\"_self\" ><img  data-lazy-load-src=\"https:\/\/www.regieducroset.ch\/immo\/wp\/wp-content\/uploads\/2026\/03\/Salle-de-douche-1-480x328.jpg\" alt=\"Appartement de 1 pi\u00e8ce au niveau -3 \u00e0 Lausanne\" class=\"img-responsive\" \/><\/a>\n                                        <\/div>\n                        <\/div>\n\n\n                        <a href=\"https:\/\/www.regieducroset.ch\/immo\/estate_property\/appartement-de-1-piece-au-niveau-3-a-lausanne\/\" target=\"_self\"> <\/a><a class=\"left  carousel-control\" href=\"#property_unit_carousel_69f4c4643e00a\" data-slide=\"prev\">\n                                <i class=\"demo-icon icon-left-open-big\"><\/i>\n                            <\/a>\n\n                            <a class=\"right  carousel-control\" href=\"#property_unit_carousel_69f4c4643e00a\" data-slide=\"next\">\n                                <i class=\"demo-icon icon-right-open-big\"><\/i>\n                            <\/a>\n                    <\/div> <span class=\"icon-fav icon-fav-off\" data-original-title=\"ajouter aux Favoris\" data-postid=\"26984\"><\/span><div class=\"status-wrapper\"><div class=\"action_tag_wrapper Locations \">Locations<\/div><div class=\"ribbon-inside \"><\/div><\/div><\/div><div class=\"tag-wrapper\"><\/div>            <h4><a href=\"https:\/\/www.regieducroset.ch\/immo\/estate_property\/appartement-de-1-piece-au-niveau-3-a-lausanne\/\" target=\"_self \">\n                Appartement de 1 pi\u00e8ce au niveau -3 \u00e0 Lausan...                <\/a> \n            <\/h4>\n       \n        \n            <div class=\"property_address_type1_wrapper\">\n                <i class=\"fa fa-map-marker\" aria-hidden=\"true\"><\/i><span class=\"property_address_type1\">Chemin du Devin 31D, <\/span><span class=\"property_city_type1\"><a href=\"https:\/\/www.regieducroset.ch\/immo\/property_city\/lausanne\/\" rel=\"tag\">Lausanne<\/a><\/span>            <\/div>\n        \n            <div class=\"property_categories_type1_wrapper\">\n                                \n                <span>Cat\u00e9gorie:<\/span><a href=\"https:\/\/www.regieducroset.ch\/immo\/property_category\/apartments\/\" rel=\"tag\">Appartements<\/a> dans <a href=\"https:\/\/www.regieducroset.ch\/immo\/property_action_category\/locations\/\" rel=\"tag\">Locations<\/a>            <\/div>  \n            \n            <div class=\"property_details_type1_wrapper\">\n                                 <span class=\"property_details_type1_rooms\">Pi\u00e8ces:<\/span><span class=\"property_details_type1_value\">1<\/span><span class=\"property_details_type1_baths\">Thermes:<\/span><span class=\"property_details_type1_value\">0<\/span> <span class=\"property_details_type1_size\">Surf. approx.:<\/span><span class=\"property_details_type1_value\"><span>21.00 m<sup>2<\/sup><\/span><\/span>           \n         \n           <\/div>\n        \n            <div class=\"property_location\"> \n                                   <div class=\"property_agent_wrapper property_agent_wrapper_type1\">\n                   \n                    <span><strong>Agent:<\/strong><\/span><a href=\"https:\/\/www.regieducroset.ch\/immo\/estate_agency\/regie-du-croset\/\">R\u00e9gie du Croset<\/a>                <\/div>\n\n                                    <div class=\"listing_actions\">\n                                 <div class=\"share_unit\">\n        <a href=\"https:\/\/www.facebook.com\/sharer.php?u=https:\/\/www.regieducroset.ch\/immo\/estate_property\/appartement-de-1-piece-au-niveau-3-a-lausanne\/&amp;t=Appartement+de+1+pi%C3%A8ce+au+niveau+-3+%C3%A0+Lausanne\" target=\"_blank\" class=\"social_facebook\"><\/a>\n        <a href=\"https:\/\/twitter.com\/home?status=Appartement+de+1+pi%C3%A8ce+au+niveau+-3+%C3%A0+Lausannehttps%3A%2F%2Fwww.regieducroset.ch%2Fimmo%2Festate_property%2Fappartement-de-1-piece-au-niveau-3-a-lausanne%2F\" class=\"social_tweet\" target=\"_blank\"><\/a>\n        <a href=\"https:\/\/www.linkedin.com\/sharing\/share-offsite\/?url==https:\/\/www.regieducroset.ch\/immo\/estate_property\/appartement-de-1-piece-au-niveau-3-a-lausanne\/\" class=\"social_linkedin\" target=\"_blank\"><\/a>\n        <\/div>\n                            <span class=\"share_list\"  data-original-title=\"partager\" ><\/span>\n                        <span class=\"compare-action\" data-original-title=\"comparer\" data-pimage=\"https:\/\/www.regieducroset.ch\/immo\/wp\/wp-content\/uploads\/2026\/03\/Piece-principale-1-143x83.jpg\" data-pid=\"26984\"><\/span>\n                     \n                    <\/div>\n                <\/div>\n                \n                    <\/div> \n<\/div>\n  \n\n\n\n<div class=\"col-md-4 shortcode-col has_prop_slider  listing_wrapper property_unit_type1\" data-org=\"6\" data-listid=\"26742\" > \n    <div class=\"property_listing property_unit_type1  \" data-link=\"\">\n        \n        <div class=\"listing-unit-img-wrapper\"><div class=\"prop_new_details\"><div class=\"prop_new_details_back\"><\/div><\/div><div class=\"listing_unit_price_wrapper\"><span class=\"price_label price_label_before\">CHF<\/span> 3 050 .- <span class=\"price_label\">par mois<\/span><\/div>\n                    <div id=\"property_unit_carousel_69f4c4643f703\" class=\"carousel property_unit_carousel slide \" data-ride=\"carousel\" data-interval=\"false\">\n                        <div class=\"carousel-inner\">         \n                            <div class=\"item active\">    \n                                <a href=\"https:\/\/www.regieducroset.ch\/immo\/estate_property\/surface-de-stockage-denviron-280-m2-au-1er-sous-sol-avec-monte-charge\/\" target=\"_self\" ><img loading=\"lazy\" decoding=\"async\" width=\"525\" height=\"328\" src=\"https:\/\/www.regieducroset.ch\/immo\/wp\/wp-content\/uploads\/2026\/01\/CAM01253G0-PR0146-STILL002-1-525x328.jpg\" class=\"lazyload img-responsive wp-post-image\" alt=\"\" data-original=\"https:\/\/www.regieducroset.ch\/immo\/wp\/wp-content\/uploads\/2026\/01\/CAM01253G0-PR0146-STILL002-1-525x328.jpg\" \/><\/a>     \n                            <\/div>\n                            <div class=\"item lazy-load-item\">\n                                            <a href=\"https:\/\/www.regieducroset.ch\/immo\/estate_property\/surface-de-stockage-denviron-280-m2-au-1er-sous-sol-avec-monte-charge\/\" target=\"_self\" ><img  data-lazy-load-src=\"https:\/\/www.regieducroset.ch\/immo\/wp\/wp-content\/uploads\/2026\/01\/CAM01253G0-PR0146-STILL001-1-525x328.jpg\" alt=\"Surface de stockage d&rsquo;environ 280 m2 au 1er sous-sol avec monte-charge\" class=\"img-responsive\" \/><\/a>\n                                        <\/div><div class=\"item lazy-load-item\">\n                                            <a href=\"https:\/\/www.regieducroset.ch\/immo\/estate_property\/surface-de-stockage-denviron-280-m2-au-1er-sous-sol-avec-monte-charge\/\" target=\"_self\" ><img  data-lazy-load-src=\"https:\/\/www.regieducroset.ch\/immo\/wp\/wp-content\/uploads\/2026\/01\/CAM01253G0-PR0146-BUILD01-FLOOR00-1-525x328.png\" alt=\"Surface de stockage d&rsquo;environ 280 m2 au 1er sous-sol avec monte-charge\" class=\"img-responsive\" \/><\/a>\n                                        <\/div>\n                        <\/div>\n\n\n                        <a href=\"https:\/\/www.regieducroset.ch\/immo\/estate_property\/surface-de-stockage-denviron-280-m2-au-1er-sous-sol-avec-monte-charge\/\" target=\"_self\"> <\/a><a class=\"left  carousel-control\" href=\"#property_unit_carousel_69f4c4643f703\" data-slide=\"prev\">\n                                <i class=\"demo-icon icon-left-open-big\"><\/i>\n                            <\/a>\n\n                            <a class=\"right  carousel-control\" href=\"#property_unit_carousel_69f4c4643f703\" data-slide=\"next\">\n                                <i class=\"demo-icon icon-right-open-big\"><\/i>\n                            <\/a>\n                    <\/div> <span class=\"icon-fav icon-fav-off\" data-original-title=\"ajouter aux Favoris\" data-postid=\"26742\"><\/span><div class=\"status-wrapper\"><div class=\"action_tag_wrapper Locations \">Locations<\/div><div class=\"ribbon-inside \"><\/div><\/div><\/div><div class=\"tag-wrapper\"><\/div>            <h4><a href=\"https:\/\/www.regieducroset.ch\/immo\/estate_property\/surface-de-stockage-denviron-280-m2-au-1er-sous-sol-avec-monte-charge\/\" target=\"_self \">\n                Surface de stockage d&rsquo;environ 280 m2 a...                <\/a> \n            <\/h4>\n       \n        \n            <div class=\"property_address_type1_wrapper\">\n                <i class=\"fa fa-map-marker\" aria-hidden=\"true\"><\/i><span class=\"property_address_type1\">Chemin de Closalet 4 , <\/span><span class=\"property_city_type1\"><a href=\"https:\/\/www.regieducroset.ch\/immo\/property_city\/crissier\/\" rel=\"tag\">Crissier<\/a><\/span>            <\/div>\n        \n            <div class=\"property_categories_type1_wrapper\">\n                                \n                <span>Cat\u00e9gorie:<\/span><a href=\"https:\/\/www.regieducroset.ch\/immo\/property_category\/depots\/\" rel=\"tag\">D\u00e9p\u00f4ts<\/a> dans <a href=\"https:\/\/www.regieducroset.ch\/immo\/property_action_category\/locations\/\" rel=\"tag\">Locations<\/a>            <\/div>  \n            \n            <div class=\"property_details_type1_wrapper\">\n                                 <span class=\"property_details_type1_rooms\">Pi\u00e8ces:<\/span><span class=\"property_details_type1_value\">0<\/span><span class=\"property_details_type1_baths\">Thermes:<\/span><span class=\"property_details_type1_value\">0<\/span>           \n         \n           <\/div>\n        \n            <div class=\"property_location\"> \n                                   <div class=\"property_agent_wrapper property_agent_wrapper_type1\">\n                   \n                    <span><strong>Agent:<\/strong><\/span><a href=\"https:\/\/www.regieducroset.ch\/immo\/estate_agency\/regie-du-croset\/\">R\u00e9gie du Croset<\/a>                <\/div>\n\n                                    <div class=\"listing_actions\">\n                                 <div class=\"share_unit\">\n        <a href=\"https:\/\/www.facebook.com\/sharer.php?u=https:\/\/www.regieducroset.ch\/immo\/estate_property\/surface-de-stockage-denviron-280-m2-au-1er-sous-sol-avec-monte-charge\/&amp;t=Surface+de+stockage+d%26rsquo%3Benviron+280+m2+au+1er+sous-sol+avec+monte-charge\" target=\"_blank\" class=\"social_facebook\"><\/a>\n        <a href=\"https:\/\/twitter.com\/home?status=Surface+de+stockage+d%26rsquo%3Benviron+280+m2+au+1er+sous-sol+avec+monte-chargehttps%3A%2F%2Fwww.regieducroset.ch%2Fimmo%2Festate_property%2Fsurface-de-stockage-denviron-280-m2-au-1er-sous-sol-avec-monte-charge%2F\" class=\"social_tweet\" target=\"_blank\"><\/a>\n        <a href=\"https:\/\/www.linkedin.com\/sharing\/share-offsite\/?url==https:\/\/www.regieducroset.ch\/immo\/estate_property\/surface-de-stockage-denviron-280-m2-au-1er-sous-sol-avec-monte-charge\/\" class=\"social_linkedin\" target=\"_blank\"><\/a>\n        <\/div>\n                            <span class=\"share_list\"  data-original-title=\"partager\" ><\/span>\n                        <span class=\"compare-action\" data-original-title=\"comparer\" data-pimage=\"https:\/\/www.regieducroset.ch\/immo\/wp\/wp-content\/uploads\/2026\/01\/CAM01253G0-PR0146-STILL002-1-143x83.jpg\" data-pid=\"26742\"><\/span>\n                     \n                    <\/div>\n                <\/div>\n                \n                    <\/div> \n<\/div>\n  \n\n\n\n<div class=\"col-md-4 shortcode-col has_prop_slider  listing_wrapper property_unit_type1\" data-org=\"6\" data-listid=\"26723\" > \n    <div class=\"property_listing property_unit_type1  \" data-link=\"\">\n        \n        <div class=\"listing-unit-img-wrapper\"><div class=\"prop_new_details\"><div class=\"prop_new_details_back\"><\/div><\/div><div class=\"listing_unit_price_wrapper\"><span class=\"price_label price_label_before\">CHF<\/span> 4 280 .- <span class=\"price_label\">par mois<\/span><\/div>\n                    <div id=\"property_unit_carousel_69f4c46440d80\" class=\"carousel property_unit_carousel slide \" data-ride=\"carousel\" data-interval=\"false\">\n                        <div class=\"carousel-inner\">         \n                            <div class=\"item active\">    \n                                <a href=\"https:\/\/www.regieducroset.ch\/immo\/estate_property\/surface-de-stockage-denviron-395-m2-au-2eme-etage-avec-monte-charge\/\" target=\"_self\" ><img loading=\"lazy\" decoding=\"async\" width=\"525\" height=\"328\" src=\"https:\/\/www.regieducroset.ch\/immo\/wp\/wp-content\/uploads\/2026\/01\/CAM01253G0-PR0146-STILL011-1-525x328.jpg\" class=\"lazyload img-responsive wp-post-image\" alt=\"\" data-original=\"https:\/\/www.regieducroset.ch\/immo\/wp\/wp-content\/uploads\/2026\/01\/CAM01253G0-PR0146-STILL011-1-525x328.jpg\" \/><\/a>     \n                            <\/div>\n                            <div class=\"item lazy-load-item\">\n                                            <a href=\"https:\/\/www.regieducroset.ch\/immo\/estate_property\/surface-de-stockage-denviron-395-m2-au-2eme-etage-avec-monte-charge\/\" target=\"_self\" ><img  data-lazy-load-src=\"https:\/\/www.regieducroset.ch\/immo\/wp\/wp-content\/uploads\/2026\/01\/CAM01253G0-PR0146-STILL007-525x328.jpg\" alt=\"Surface de stockage d&rsquo;environ 395 m2 au 2\u00e8me \u00e9tage avec monte-charge\" class=\"img-responsive\" \/><\/a>\n                                        <\/div><div class=\"item lazy-load-item\">\n                                            <a href=\"https:\/\/www.regieducroset.ch\/immo\/estate_property\/surface-de-stockage-denviron-395-m2-au-2eme-etage-avec-monte-charge\/\" target=\"_self\" ><img  data-lazy-load-src=\"https:\/\/www.regieducroset.ch\/immo\/wp\/wp-content\/uploads\/2026\/01\/CAM01253G0-PR0146-BUILD01-FLOOR01-525x328.png\" alt=\"Surface de stockage d&rsquo;environ 395 m2 au 2\u00e8me \u00e9tage avec monte-charge\" class=\"img-responsive\" \/><\/a>\n                                        <\/div><div class=\"item lazy-load-item\">\n                                            <a href=\"https:\/\/www.regieducroset.ch\/immo\/estate_property\/surface-de-stockage-denviron-395-m2-au-2eme-etage-avec-monte-charge\/\" target=\"_self\" ><img  data-lazy-load-src=\"https:\/\/www.regieducroset.ch\/immo\/wp\/wp-content\/uploads\/2019\/07\/Immeuble-1-525x328.jpg\" alt=\"Surface de stockage d&rsquo;environ 395 m2 au 2\u00e8me \u00e9tage avec monte-charge\" class=\"img-responsive\" \/><\/a>\n                                        <\/div>\n                        <\/div>\n\n\n                        <a href=\"https:\/\/www.regieducroset.ch\/immo\/estate_property\/surface-de-stockage-denviron-395-m2-au-2eme-etage-avec-monte-charge\/\" target=\"_self\"> <\/a><a class=\"left  carousel-control\" href=\"#property_unit_carousel_69f4c46440d80\" data-slide=\"prev\">\n                                <i class=\"demo-icon icon-left-open-big\"><\/i>\n                            <\/a>\n\n                            <a class=\"right  carousel-control\" href=\"#property_unit_carousel_69f4c46440d80\" data-slide=\"next\">\n                                <i class=\"demo-icon icon-right-open-big\"><\/i>\n                            <\/a>\n                    <\/div> <span class=\"icon-fav icon-fav-off\" data-original-title=\"ajouter aux Favoris\" data-postid=\"26723\"><\/span><div class=\"status-wrapper\"><div class=\"action_tag_wrapper Locations \">Locations<\/div><div class=\"ribbon-inside \"><\/div><\/div><\/div><div class=\"tag-wrapper\"><\/div>            <h4><a href=\"https:\/\/www.regieducroset.ch\/immo\/estate_property\/surface-de-stockage-denviron-395-m2-au-2eme-etage-avec-monte-charge\/\" target=\"_self \">\n                Surface de stockage d&rsquo;environ 395 m2 a...                <\/a> \n            <\/h4>\n       \n        \n            <div class=\"property_address_type1_wrapper\">\n                <i class=\"fa fa-map-marker\" aria-hidden=\"true\"><\/i><span class=\"property_address_type1\">Chemin de Closalet 4 , <\/span><span class=\"property_city_type1\"><a href=\"https:\/\/www.regieducroset.ch\/immo\/property_city\/crissier\/\" rel=\"tag\">Crissier<\/a><\/span>            <\/div>\n        \n            <div class=\"property_categories_type1_wrapper\">\n                                \n                <span>Cat\u00e9gorie:<\/span><a href=\"https:\/\/www.regieducroset.ch\/immo\/property_category\/depots\/\" rel=\"tag\">D\u00e9p\u00f4ts<\/a> dans <a href=\"https:\/\/www.regieducroset.ch\/immo\/property_action_category\/locations\/\" rel=\"tag\">Locations<\/a>            <\/div>  \n            \n            <div class=\"property_details_type1_wrapper\">\n                                 <span class=\"property_details_type1_rooms\">Pi\u00e8ces:<\/span><span class=\"property_details_type1_value\">0<\/span><span class=\"property_details_type1_baths\">Thermes:<\/span><span class=\"property_details_type1_value\">0<\/span>           \n         \n           <\/div>\n        \n            <div class=\"property_location\"> \n                                   <div class=\"property_agent_wrapper property_agent_wrapper_type1\">\n                   \n                    <span><strong>Agent:<\/strong><\/span><a href=\"https:\/\/www.regieducroset.ch\/immo\/estate_agency\/regie-du-croset\/\">R\u00e9gie du Croset<\/a>                <\/div>\n\n                                    <div class=\"listing_actions\">\n                                 <div class=\"share_unit\">\n        <a href=\"https:\/\/www.facebook.com\/sharer.php?u=https:\/\/www.regieducroset.ch\/immo\/estate_property\/surface-de-stockage-denviron-395-m2-au-2eme-etage-avec-monte-charge\/&amp;t=Surface+de+stockage+d%26rsquo%3Benviron+395+m2+au+2%C3%A8me+%C3%A9tage+avec+monte-charge\" target=\"_blank\" class=\"social_facebook\"><\/a>\n        <a href=\"https:\/\/twitter.com\/home?status=Surface+de+stockage+d%26rsquo%3Benviron+395+m2+au+2%C3%A8me+%C3%A9tage+avec+monte-chargehttps%3A%2F%2Fwww.regieducroset.ch%2Fimmo%2Festate_property%2Fsurface-de-stockage-denviron-395-m2-au-2eme-etage-avec-monte-charge%2F\" class=\"social_tweet\" target=\"_blank\"><\/a>\n        <a href=\"https:\/\/www.linkedin.com\/sharing\/share-offsite\/?url==https:\/\/www.regieducroset.ch\/immo\/estate_property\/surface-de-stockage-denviron-395-m2-au-2eme-etage-avec-monte-charge\/\" class=\"social_linkedin\" target=\"_blank\"><\/a>\n        <\/div>\n                            <span class=\"share_list\"  data-original-title=\"partager\" ><\/span>\n                        <span class=\"compare-action\" data-original-title=\"comparer\" data-pimage=\"https:\/\/www.regieducroset.ch\/immo\/wp\/wp-content\/uploads\/2026\/01\/CAM01253G0-PR0146-STILL011-1-143x83.jpg\" data-pid=\"26723\"><\/span>\n                     \n                    <\/div>\n                <\/div>\n                \n                    <\/div> \n<\/div>\n  \n\n\n\n<div class=\"col-md-4 shortcode-col has_prop_slider  listing_wrapper property_unit_type1\" data-org=\"6\" data-listid=\"26503\" > \n    <div class=\"property_listing property_unit_type1  \" data-link=\"\">\n        \n        <div class=\"listing-unit-img-wrapper\"><div class=\"prop_new_details\"><div class=\"prop_new_details_back\"><\/div><\/div><div class=\"listing_unit_price_wrapper\"><span class=\"price_label price_label_before\">CHF<\/span> 1 975 .- <span class=\"price_label\">par mois<\/span><\/div>\n                    <div id=\"property_unit_carousel_69f4c46442627\" class=\"carousel property_unit_carousel slide \" data-ride=\"carousel\" data-interval=\"false\">\n                        <div class=\"carousel-inner\">         \n                            <div class=\"item active\">    \n                                <a href=\"https:\/\/www.regieducroset.ch\/immo\/estate_property\/26503\/\" target=\"_self\" ><img loading=\"lazy\" decoding=\"async\" width=\"525\" height=\"328\" src=\"https:\/\/www.regieducroset.ch\/immo\/wp\/wp-content\/uploads\/2025\/10\/CAM01253G0-PR0144-STILL001-525x328.jpg\" class=\"lazyload img-responsive wp-post-image\" alt=\"\" data-original=\"https:\/\/www.regieducroset.ch\/immo\/wp\/wp-content\/uploads\/2025\/10\/CAM01253G0-PR0144-STILL001-525x328.jpg\" \/><\/a>     \n                            <\/div>\n                            <div class=\"item lazy-load-item\">\n                                            <a href=\"https:\/\/www.regieducroset.ch\/immo\/estate_property\/26503\/\" target=\"_self\" ><img  data-lazy-load-src=\"https:\/\/www.regieducroset.ch\/immo\/wp\/wp-content\/uploads\/2025\/10\/CAM01253G0-PR0144-STILL003-525x328.jpg\" alt=\"Appartement de 2.5 pi\u00e8ces au 1er \u00e9tage \u00e0 Lausanne\" class=\"img-responsive\" \/><\/a>\n                                        <\/div><div class=\"item lazy-load-item\">\n                                            <a href=\"https:\/\/www.regieducroset.ch\/immo\/estate_property\/26503\/\" target=\"_self\" ><img  data-lazy-load-src=\"https:\/\/www.regieducroset.ch\/immo\/wp\/wp-content\/uploads\/2025\/10\/CAM01253G0-PR0144-STILL004-525x328.jpg\" alt=\"Appartement de 2.5 pi\u00e8ces au 1er \u00e9tage \u00e0 Lausanne\" class=\"img-responsive\" \/><\/a>\n                                        <\/div><div class=\"item lazy-load-item\">\n                                            <a href=\"https:\/\/www.regieducroset.ch\/immo\/estate_property\/26503\/\" target=\"_self\" ><img  data-lazy-load-src=\"https:\/\/www.regieducroset.ch\/immo\/wp\/wp-content\/uploads\/2025\/10\/CAM01253G0-PR0144-STILL006-525x328.jpg\" alt=\"Appartement de 2.5 pi\u00e8ces au 1er \u00e9tage \u00e0 Lausanne\" class=\"img-responsive\" \/><\/a>\n                                        <\/div><div class=\"item lazy-load-item\">\n                                            <a href=\"https:\/\/www.regieducroset.ch\/immo\/estate_property\/26503\/\" target=\"_self\" ><img  data-lazy-load-src=\"https:\/\/www.regieducroset.ch\/immo\/wp\/wp-content\/uploads\/2025\/10\/CAM01253G0-PR0144-STILL005-525x328.jpg\" alt=\"Appartement de 2.5 pi\u00e8ces au 1er \u00e9tage \u00e0 Lausanne\" class=\"img-responsive\" \/><\/a>\n                                        <\/div><div class=\"item lazy-load-item\">\n                                            <a href=\"https:\/\/www.regieducroset.ch\/immo\/estate_property\/26503\/\" target=\"_self\" ><img  data-lazy-load-src=\"https:\/\/www.regieducroset.ch\/immo\/wp\/wp-content\/uploads\/2025\/10\/CAM01253G0-PR0144-STILL007-525x328.jpg\" alt=\"Appartement de 2.5 pi\u00e8ces au 1er \u00e9tage \u00e0 Lausanne\" class=\"img-responsive\" \/><\/a>\n                                        <\/div><div class=\"item lazy-load-item\">\n                                            <a href=\"https:\/\/www.regieducroset.ch\/immo\/estate_property\/26503\/\" target=\"_self\" ><img  data-lazy-load-src=\"https:\/\/www.regieducroset.ch\/immo\/wp\/wp-content\/uploads\/2025\/10\/Batiment-moderne-et-arbre-denude-525x328.png\" alt=\"Appartement de 2.5 pi\u00e8ces au 1er \u00e9tage \u00e0 Lausanne\" class=\"img-responsive\" \/><\/a>\n                                        <\/div>\n                        <\/div>\n\n\n                        <a href=\"https:\/\/www.regieducroset.ch\/immo\/estate_property\/26503\/\" target=\"_self\"> <\/a><a class=\"left  carousel-control\" href=\"#property_unit_carousel_69f4c46442627\" data-slide=\"prev\">\n                                <i class=\"demo-icon icon-left-open-big\"><\/i>\n                            <\/a>\n\n                            <a class=\"right  carousel-control\" href=\"#property_unit_carousel_69f4c46442627\" data-slide=\"next\">\n                                <i class=\"demo-icon icon-right-open-big\"><\/i>\n                            <\/a>\n                    <\/div> <span class=\"icon-fav icon-fav-off\" data-original-title=\"ajouter aux Favoris\" data-postid=\"26503\"><\/span><div class=\"status-wrapper\"><div class=\"action_tag_wrapper Locations \">Locations<\/div><div class=\"ribbon-inside \"><\/div><\/div><\/div><div class=\"tag-wrapper\"><\/div>            <h4><a href=\"https:\/\/www.regieducroset.ch\/immo\/estate_property\/26503\/\" target=\"_self \">\n                Appartement de 2.5 pi\u00e8ces au 1er \u00e9tage \u00e0 Lau...                <\/a> \n            <\/h4>\n       \n        \n            <div class=\"property_address_type1_wrapper\">\n                <i class=\"fa fa-map-marker\" aria-hidden=\"true\"><\/i><span class=\"property_address_type1\">Route de Berne 111, <\/span><span class=\"property_city_type1\"><a href=\"https:\/\/www.regieducroset.ch\/immo\/property_city\/lausanne\/\" rel=\"tag\">Lausanne<\/a><\/span>            <\/div>\n        \n            <div class=\"property_categories_type1_wrapper\">\n                                \n                <span>Cat\u00e9gorie:<\/span><a href=\"https:\/\/www.regieducroset.ch\/immo\/property_category\/apartments\/\" rel=\"tag\">Appartements<\/a> dans <a href=\"https:\/\/www.regieducroset.ch\/immo\/property_action_category\/locations\/\" rel=\"tag\">Locations<\/a>            <\/div>  \n            \n            <div class=\"property_details_type1_wrapper\">\n                                 <span class=\"property_details_type1_rooms\">Pi\u00e8ces:<\/span><span class=\"property_details_type1_value\">2.5<\/span><span class=\"property_details_type1_baths\">Thermes:<\/span><span class=\"property_details_type1_value\">0<\/span> <span class=\"property_details_type1_size\">Surf. approx.:<\/span><span class=\"property_details_type1_value\"><span>65.00 m<sup>2<\/sup><\/span><\/span>           \n         \n           <\/div>\n        \n            <div class=\"property_location\"> \n                                   <div class=\"property_agent_wrapper property_agent_wrapper_type1\">\n                   \n                    <span><strong>Agent:<\/strong><\/span><a href=\"https:\/\/www.regieducroset.ch\/immo\/estate_agency\/regie-du-croset\/\">R\u00e9gie du Croset<\/a>                <\/div>\n\n                                    <div class=\"listing_actions\">\n                                 <div class=\"share_unit\">\n        <a href=\"https:\/\/www.facebook.com\/sharer.php?u=https:\/\/www.regieducroset.ch\/immo\/estate_property\/26503\/&amp;t=Appartement+de+2.5+pi%C3%A8ces+au+1er+%C3%A9tage+%C3%A0+Lausanne\" target=\"_blank\" class=\"social_facebook\"><\/a>\n        <a href=\"https:\/\/twitter.com\/home?status=Appartement+de+2.5+pi%C3%A8ces+au+1er+%C3%A9tage+%C3%A0+Lausannehttps%3A%2F%2Fwww.regieducroset.ch%2Fimmo%2Festate_property%2F26503%2F\" class=\"social_tweet\" target=\"_blank\"><\/a>\n        <a href=\"https:\/\/www.linkedin.com\/sharing\/share-offsite\/?url==https:\/\/www.regieducroset.ch\/immo\/estate_property\/26503\/\" class=\"social_linkedin\" target=\"_blank\"><\/a>\n        <\/div>\n                            <span class=\"share_list\"  data-original-title=\"partager\" ><\/span>\n                        <span class=\"compare-action\" data-original-title=\"comparer\" data-pimage=\"https:\/\/www.regieducroset.ch\/immo\/wp\/wp-content\/uploads\/2025\/10\/CAM01253G0-PR0144-STILL001-143x83.jpg\" data-pid=\"26503\"><\/span>\n                     \n                    <\/div>\n                <\/div>\n                \n                    <\/div> \n<\/div>\n  \n\n\n\n<div class=\"col-md-4 shortcode-col has_prop_slider  listing_wrapper property_unit_type1\" data-org=\"6\" data-listid=\"26280\" > \n    <div class=\"property_listing property_unit_type1  \" data-link=\"\">\n        \n        <div class=\"listing-unit-img-wrapper\"><div class=\"prop_new_details\"><div class=\"prop_new_details_back\"><\/div><\/div><div class=\"listing_unit_price_wrapper\"><span class=\"price_label price_label_before\">CHF<\/span> 1 120 .- <span class=\"price_label\">\/mois<\/span><\/div>\n                    <div id=\"property_unit_carousel_69f4c46443d8e\" class=\"carousel property_unit_carousel slide \" data-ride=\"carousel\" data-interval=\"false\">\n                        <div class=\"carousel-inner\">         \n                            <div class=\"item active\">    \n                                <a href=\"https:\/\/www.regieducroset.ch\/immo\/estate_property\/bureau-de-64-m2-au-1er-etage-sis-dans-un-immeuble-beneficiant-dun-emplacement-strategique\/\" target=\"_self\" ><img loading=\"lazy\" decoding=\"async\" width=\"525\" height=\"328\" src=\"https:\/\/www.regieducroset.ch\/immo\/wp\/wp-content\/uploads\/2025\/08\/CAM01253G0-PR0138-STILL001-525x328.jpg\" class=\"lazyload img-responsive wp-post-image\" alt=\"\" data-original=\"https:\/\/www.regieducroset.ch\/immo\/wp\/wp-content\/uploads\/2025\/08\/CAM01253G0-PR0138-STILL001-525x328.jpg\" \/><\/a>     \n                            <\/div>\n                            <div class=\"item lazy-load-item\">\n                                            <a href=\"https:\/\/www.regieducroset.ch\/immo\/estate_property\/bureau-de-64-m2-au-1er-etage-sis-dans-un-immeuble-beneficiant-dun-emplacement-strategique\/\" target=\"_self\" ><img  data-lazy-load-src=\"https:\/\/www.regieducroset.ch\/immo\/wp\/wp-content\/uploads\/2025\/08\/CAM01253G0-PR0138-STILL002-525x328.jpg\" alt=\"Bureau de 64 m2 au 1er \u00e9tage sis dans un immeuble b\u00e9n\u00e9ficiant d\u2019un emplacement strat\u00e9gique\" class=\"img-responsive\" \/><\/a>\n                                        <\/div><div class=\"item lazy-load-item\">\n                                            <a href=\"https:\/\/www.regieducroset.ch\/immo\/estate_property\/bureau-de-64-m2-au-1er-etage-sis-dans-un-immeuble-beneficiant-dun-emplacement-strategique\/\" target=\"_self\" ><img  data-lazy-load-src=\"https:\/\/www.regieducroset.ch\/immo\/wp\/wp-content\/uploads\/2025\/08\/CAM01253G0-PR0138-STILL003-525x328.jpg\" alt=\"Bureau de 64 m2 au 1er \u00e9tage sis dans un immeuble b\u00e9n\u00e9ficiant d\u2019un emplacement strat\u00e9gique\" class=\"img-responsive\" \/><\/a>\n                                        <\/div><div class=\"item lazy-load-item\">\n                                            <a href=\"https:\/\/www.regieducroset.ch\/immo\/estate_property\/bureau-de-64-m2-au-1er-etage-sis-dans-un-immeuble-beneficiant-dun-emplacement-strategique\/\" target=\"_self\" ><img  data-lazy-load-src=\"https:\/\/www.regieducroset.ch\/immo\/wp\/wp-content\/uploads\/2025\/08\/CAM01253G0-PR0138-STILL004-525x328.jpg\" alt=\"Bureau de 64 m2 au 1er \u00e9tage sis dans un immeuble b\u00e9n\u00e9ficiant d\u2019un emplacement strat\u00e9gique\" class=\"img-responsive\" \/><\/a>\n                                        <\/div><div class=\"item lazy-load-item\">\n                                            <a href=\"https:\/\/www.regieducroset.ch\/immo\/estate_property\/bureau-de-64-m2-au-1er-etage-sis-dans-un-immeuble-beneficiant-dun-emplacement-strategique\/\" target=\"_self\" ><img  data-lazy-load-src=\"https:\/\/www.regieducroset.ch\/immo\/wp\/wp-content\/uploads\/2025\/08\/CAM01253G0-PR0138-BUILD01-FLOOR00-525x328.png\" alt=\"Bureau de 64 m2 au 1er \u00e9tage sis dans un immeuble b\u00e9n\u00e9ficiant d\u2019un emplacement strat\u00e9gique\" class=\"img-responsive\" \/><\/a>\n                                        <\/div>\n                        <\/div>\n\n\n                        <a href=\"https:\/\/www.regieducroset.ch\/immo\/estate_property\/bureau-de-64-m2-au-1er-etage-sis-dans-un-immeuble-beneficiant-dun-emplacement-strategique\/\" target=\"_self\"> <\/a><a class=\"left  carousel-control\" href=\"#property_unit_carousel_69f4c46443d8e\" data-slide=\"prev\">\n                                <i class=\"demo-icon icon-left-open-big\"><\/i>\n                            <\/a>\n\n                            <a class=\"right  carousel-control\" href=\"#property_unit_carousel_69f4c46443d8e\" data-slide=\"next\">\n                                <i class=\"demo-icon icon-right-open-big\"><\/i>\n                            <\/a>\n                    <\/div> <span class=\"icon-fav icon-fav-off\" data-original-title=\"ajouter aux Favoris\" data-postid=\"26280\"><\/span><div class=\"status-wrapper\"><div class=\"action_tag_wrapper Locations \">Locations<\/div><div class=\"ribbon-inside \"><\/div><\/div><\/div><div class=\"tag-wrapper\"><\/div>            <h4><a href=\"https:\/\/www.regieducroset.ch\/immo\/estate_property\/bureau-de-64-m2-au-1er-etage-sis-dans-un-immeuble-beneficiant-dun-emplacement-strategique\/\" target=\"_self \">\n                Bureau de 64 m2 au 1er \u00e9tage sis dans un imm...                <\/a> \n            <\/h4>\n       \n        \n            <div class=\"property_address_type1_wrapper\">\n                <i class=\"fa fa-map-marker\" aria-hidden=\"true\"><\/i><span class=\"property_address_type1\">Avenue de Baumettes 3, <\/span><span class=\"property_city_type1\"><a href=\"https:\/\/www.regieducroset.ch\/immo\/property_city\/renens-2\/\" rel=\"tag\">renens<\/a><\/span>            <\/div>\n        \n            <div class=\"property_categories_type1_wrapper\">\n                                \n                <span>Cat\u00e9gorie:<\/span><a href=\"https:\/\/www.regieducroset.ch\/immo\/property_category\/offices\/\" rel=\"tag\">Bureaux<\/a> dans <a href=\"https:\/\/www.regieducroset.ch\/immo\/property_action_category\/locations\/\" rel=\"tag\">Locations<\/a>            <\/div>  \n            \n            <div class=\"property_details_type1_wrapper\">\n                                 <span class=\"property_details_type1_rooms\">Pi\u00e8ces:<\/span><span class=\"property_details_type1_value\">0<\/span><span class=\"property_details_type1_baths\">Thermes:<\/span><span class=\"property_details_type1_value\">0<\/span>           \n         \n           <\/div>\n        \n            <div class=\"property_location\"> \n                                   <div class=\"property_agent_wrapper property_agent_wrapper_type1\">\n                   \n                    <span><strong>Agent:<\/strong><\/span><a href=\"https:\/\/www.regieducroset.ch\/immo\/estate_agency\/regie-du-croset\/\">R\u00e9gie du Croset<\/a>                <\/div>\n\n                                    <div class=\"listing_actions\">\n                                 <div class=\"share_unit\">\n        <a href=\"https:\/\/www.facebook.com\/sharer.php?u=https:\/\/www.regieducroset.ch\/immo\/estate_property\/bureau-de-64-m2-au-1er-etage-sis-dans-un-immeuble-beneficiant-dun-emplacement-strategique\/&amp;t=Bureau+de+64+m2+au+1er+%C3%A9tage+sis+dans+un+immeuble+b%C3%A9n%C3%A9ficiant+d%E2%80%99un+emplacement+strat%C3%A9gique\" target=\"_blank\" class=\"social_facebook\"><\/a>\n        <a href=\"https:\/\/twitter.com\/home?status=Bureau+de+64+m2+au+1er+%C3%A9tage+sis+dans+un+immeuble+b%C3%A9n%C3%A9ficiant+d%E2%80%99un+emplacement+strat%C3%A9giquehttps%3A%2F%2Fwww.regieducroset.ch%2Fimmo%2Festate_property%2Fbureau-de-64-m2-au-1er-etage-sis-dans-un-immeuble-beneficiant-dun-emplacement-strategique%2F\" class=\"social_tweet\" target=\"_blank\"><\/a>\n        <a href=\"https:\/\/www.linkedin.com\/sharing\/share-offsite\/?url==https:\/\/www.regieducroset.ch\/immo\/estate_property\/bureau-de-64-m2-au-1er-etage-sis-dans-un-immeuble-beneficiant-dun-emplacement-strategique\/\" class=\"social_linkedin\" target=\"_blank\"><\/a>\n        <\/div>\n                            <span class=\"share_list\"  data-original-title=\"partager\" ><\/span>\n                        <span class=\"compare-action\" data-original-title=\"comparer\" data-pimage=\"https:\/\/www.regieducroset.ch\/immo\/wp\/wp-content\/uploads\/2025\/08\/CAM01253G0-PR0138-STILL001-143x83.jpg\" data-pid=\"26280\"><\/span>\n                     \n                    <\/div>\n                <\/div>\n                \n                    <\/div> \n<\/div>\n  \n\n\n\n<div class=\"col-md-4 shortcode-col has_prop_slider  listing_wrapper property_unit_type1\" data-org=\"6\" data-listid=\"26267\" > \n    <div class=\"property_listing property_unit_type1  \" data-link=\"\">\n        \n        <div class=\"listing-unit-img-wrapper\"><div class=\"prop_new_details\"><div class=\"prop_new_details_back\"><\/div><\/div><div class=\"listing_unit_price_wrapper\"><span class=\"price_label price_label_before\">CHF<\/span> 4 565 .- <span class=\"price_label\">\/mois<\/span><\/div>\n                    <div id=\"property_unit_carousel_69f4c4644596e\" class=\"carousel property_unit_carousel slide \" data-ride=\"carousel\" data-interval=\"false\">\n                        <div class=\"carousel-inner\">         \n                            <div class=\"item active\">    \n                                <a href=\"https:\/\/www.regieducroset.ch\/immo\/estate_property\/magnifique-bureau-de-249-m2-sis-dans-un-immeuble-beneficiant-dun-emplacement-strategique\/\" target=\"_self\" ><img loading=\"lazy\" decoding=\"async\" width=\"525\" height=\"328\" src=\"https:\/\/www.regieducroset.ch\/immo\/wp\/wp-content\/uploads\/2025\/08\/CAM01253G0-PR0135-STILL010-525x328.jpg\" class=\"lazyload img-responsive wp-post-image\" alt=\"\" data-original=\"https:\/\/www.regieducroset.ch\/immo\/wp\/wp-content\/uploads\/2025\/08\/CAM01253G0-PR0135-STILL010-525x328.jpg\" \/><\/a>     \n                            <\/div>\n                            <div class=\"item lazy-load-item\">\n                                            <a href=\"https:\/\/www.regieducroset.ch\/immo\/estate_property\/magnifique-bureau-de-249-m2-sis-dans-un-immeuble-beneficiant-dun-emplacement-strategique\/\" target=\"_self\" ><img  data-lazy-load-src=\"https:\/\/www.regieducroset.ch\/immo\/wp\/wp-content\/uploads\/2025\/08\/CAM01253G0-PR0135-STILL012-525x328.jpg\" alt=\"Magnifique bureau de 249 m2 sis dans un immeuble b\u00e9n\u00e9ficiant d\u2019un emplacement strat\u00e9gique\" class=\"img-responsive\" \/><\/a>\n                                        <\/div><div class=\"item lazy-load-item\">\n                                            <a href=\"https:\/\/www.regieducroset.ch\/immo\/estate_property\/magnifique-bureau-de-249-m2-sis-dans-un-immeuble-beneficiant-dun-emplacement-strategique\/\" target=\"_self\" ><img  data-lazy-load-src=\"https:\/\/www.regieducroset.ch\/immo\/wp\/wp-content\/uploads\/2025\/08\/CAM01253G0-PR0135-STILL001-525x328.jpg\" alt=\"Magnifique bureau de 249 m2 sis dans un immeuble b\u00e9n\u00e9ficiant d\u2019un emplacement strat\u00e9gique\" class=\"img-responsive\" \/><\/a>\n                                        <\/div><div class=\"item lazy-load-item\">\n                                            <a href=\"https:\/\/www.regieducroset.ch\/immo\/estate_property\/magnifique-bureau-de-249-m2-sis-dans-un-immeuble-beneficiant-dun-emplacement-strategique\/\" target=\"_self\" ><img  data-lazy-load-src=\"https:\/\/www.regieducroset.ch\/immo\/wp\/wp-content\/uploads\/2025\/08\/CAM01253G0-PR0135-STILL002-525x328.jpg\" alt=\"Magnifique bureau de 249 m2 sis dans un immeuble b\u00e9n\u00e9ficiant d\u2019un emplacement strat\u00e9gique\" class=\"img-responsive\" \/><\/a>\n                                        <\/div><div class=\"item lazy-load-item\">\n                                            <a href=\"https:\/\/www.regieducroset.ch\/immo\/estate_property\/magnifique-bureau-de-249-m2-sis-dans-un-immeuble-beneficiant-dun-emplacement-strategique\/\" target=\"_self\" ><img  data-lazy-load-src=\"https:\/\/www.regieducroset.ch\/immo\/wp\/wp-content\/uploads\/2025\/08\/CAM01253G0-PR0135-STILL003-525x328.jpg\" alt=\"Magnifique bureau de 249 m2 sis dans un immeuble b\u00e9n\u00e9ficiant d\u2019un emplacement strat\u00e9gique\" class=\"img-responsive\" \/><\/a>\n                                        <\/div><div class=\"item lazy-load-item\">\n                                            <a href=\"https:\/\/www.regieducroset.ch\/immo\/estate_property\/magnifique-bureau-de-249-m2-sis-dans-un-immeuble-beneficiant-dun-emplacement-strategique\/\" target=\"_self\" ><img  data-lazy-load-src=\"https:\/\/www.regieducroset.ch\/immo\/wp\/wp-content\/uploads\/2025\/08\/CAM01253G0-PR0135-STILL004-525x328.jpg\" alt=\"Magnifique bureau de 249 m2 sis dans un immeuble b\u00e9n\u00e9ficiant d\u2019un emplacement strat\u00e9gique\" class=\"img-responsive\" \/><\/a>\n                                        <\/div><div class=\"item lazy-load-item\">\n                                            <a href=\"https:\/\/www.regieducroset.ch\/immo\/estate_property\/magnifique-bureau-de-249-m2-sis-dans-un-immeuble-beneficiant-dun-emplacement-strategique\/\" target=\"_self\" ><img  data-lazy-load-src=\"https:\/\/www.regieducroset.ch\/immo\/wp\/wp-content\/uploads\/2025\/08\/CAM01253G0-PR0135-STILL005-525x328.jpg\" alt=\"Magnifique bureau de 249 m2 sis dans un immeuble b\u00e9n\u00e9ficiant d\u2019un emplacement strat\u00e9gique\" class=\"img-responsive\" \/><\/a>\n                                        <\/div><div class=\"item lazy-load-item\">\n                                            <a href=\"https:\/\/www.regieducroset.ch\/immo\/estate_property\/magnifique-bureau-de-249-m2-sis-dans-un-immeuble-beneficiant-dun-emplacement-strategique\/\" target=\"_self\" ><img  data-lazy-load-src=\"https:\/\/www.regieducroset.ch\/immo\/wp\/wp-content\/uploads\/2025\/08\/CAM01253G0-PR0135-STILL006-525x328.jpg\" alt=\"Magnifique bureau de 249 m2 sis dans un immeuble b\u00e9n\u00e9ficiant d\u2019un emplacement strat\u00e9gique\" class=\"img-responsive\" \/><\/a>\n                                        <\/div><div class=\"item lazy-load-item\">\n                                            <a href=\"https:\/\/www.regieducroset.ch\/immo\/estate_property\/magnifique-bureau-de-249-m2-sis-dans-un-immeuble-beneficiant-dun-emplacement-strategique\/\" target=\"_self\" ><img  data-lazy-load-src=\"https:\/\/www.regieducroset.ch\/immo\/wp\/wp-content\/uploads\/2025\/08\/CAM01253G0-PR0135-STILL008-525x328.jpg\" alt=\"Magnifique bureau de 249 m2 sis dans un immeuble b\u00e9n\u00e9ficiant d\u2019un emplacement strat\u00e9gique\" class=\"img-responsive\" \/><\/a>\n                                        <\/div><div class=\"item lazy-load-item\">\n                                            <a href=\"https:\/\/www.regieducroset.ch\/immo\/estate_property\/magnifique-bureau-de-249-m2-sis-dans-un-immeuble-beneficiant-dun-emplacement-strategique\/\" target=\"_self\" ><img  data-lazy-load-src=\"https:\/\/www.regieducroset.ch\/immo\/wp\/wp-content\/uploads\/2025\/08\/CAM01253G0-PR0135-STILL009-525x328.jpg\" alt=\"Magnifique bureau de 249 m2 sis dans un immeuble b\u00e9n\u00e9ficiant d\u2019un emplacement strat\u00e9gique\" class=\"img-responsive\" \/><\/a>\n                                        <\/div><div class=\"item lazy-load-item\">\n                                            <a href=\"https:\/\/www.regieducroset.ch\/immo\/estate_property\/magnifique-bureau-de-249-m2-sis-dans-un-immeuble-beneficiant-dun-emplacement-strategique\/\" target=\"_self\" ><img  data-lazy-load-src=\"https:\/\/www.regieducroset.ch\/immo\/wp\/wp-content\/uploads\/2025\/08\/CAM01253G0-PR0135-STILL011-525x328.jpg\" alt=\"Magnifique bureau de 249 m2 sis dans un immeuble b\u00e9n\u00e9ficiant d\u2019un emplacement strat\u00e9gique\" class=\"img-responsive\" \/><\/a>\n                                        <\/div><div class=\"item lazy-load-item\">\n                                            <a href=\"https:\/\/www.regieducroset.ch\/immo\/estate_property\/magnifique-bureau-de-249-m2-sis-dans-un-immeuble-beneficiant-dun-emplacement-strategique\/\" target=\"_self\" ><img  data-lazy-load-src=\"https:\/\/www.regieducroset.ch\/immo\/wp\/wp-content\/uploads\/2025\/08\/CAM01253G0-PR0135-STILL007-525x328.jpg\" alt=\"Magnifique bureau de 249 m2 sis dans un immeuble b\u00e9n\u00e9ficiant d\u2019un emplacement strat\u00e9gique\" class=\"img-responsive\" \/><\/a>\n                                        <\/div>\n                        <\/div>\n\n\n                        <a href=\"https:\/\/www.regieducroset.ch\/immo\/estate_property\/magnifique-bureau-de-249-m2-sis-dans-un-immeuble-beneficiant-dun-emplacement-strategique\/\" target=\"_self\"> <\/a><a class=\"left  carousel-control\" href=\"#property_unit_carousel_69f4c4644596e\" data-slide=\"prev\">\n                                <i class=\"demo-icon icon-left-open-big\"><\/i>\n                            <\/a>\n\n                            <a class=\"right  carousel-control\" href=\"#property_unit_carousel_69f4c4644596e\" data-slide=\"next\">\n                                <i class=\"demo-icon icon-right-open-big\"><\/i>\n                            <\/a>\n                    <\/div> <span class=\"icon-fav icon-fav-off\" data-original-title=\"ajouter aux Favoris\" data-postid=\"26267\"><\/span><div class=\"status-wrapper\"><div class=\"action_tag_wrapper Locations \">Locations<\/div><div class=\"ribbon-inside \"><\/div><\/div><\/div><div class=\"tag-wrapper\"><\/div>            <h4><a href=\"https:\/\/www.regieducroset.ch\/immo\/estate_property\/magnifique-bureau-de-249-m2-sis-dans-un-immeuble-beneficiant-dun-emplacement-strategique\/\" target=\"_self \">\n                Magnifique bureau de 249 m2 sis dans un imme...                <\/a> \n            <\/h4>\n       \n        \n            <div class=\"property_address_type1_wrapper\">\n                <i class=\"fa fa-map-marker\" aria-hidden=\"true\"><\/i><span class=\"property_address_type1\">Avenue des Baumettes 3, <\/span><span class=\"property_city_type1\"><a href=\"https:\/\/www.regieducroset.ch\/immo\/property_city\/renens-2\/\" rel=\"tag\">renens<\/a><\/span>            <\/div>\n        \n            <div class=\"property_categories_type1_wrapper\">\n                                \n                <span>Cat\u00e9gorie:<\/span><a href=\"https:\/\/www.regieducroset.ch\/immo\/property_category\/offices\/\" rel=\"tag\">Bureaux<\/a> dans <a href=\"https:\/\/www.regieducroset.ch\/immo\/property_action_category\/locations\/\" rel=\"tag\">Locations<\/a>            <\/div>  \n            \n            <div class=\"property_details_type1_wrapper\">\n                                 <span class=\"property_details_type1_rooms\">Pi\u00e8ces:<\/span><span class=\"property_details_type1_value\">0<\/span><span class=\"property_details_type1_baths\">Thermes:<\/span><span class=\"property_details_type1_value\">0<\/span>           \n         \n           <\/div>\n        \n            <div class=\"property_location\"> \n                                   <div class=\"property_agent_wrapper property_agent_wrapper_type1\">\n                   \n                    <span><strong>Agent:<\/strong><\/span><a href=\"https:\/\/www.regieducroset.ch\/immo\/estate_agency\/regie-du-croset\/\">R\u00e9gie du Croset<\/a>                <\/div>\n\n                                    <div class=\"listing_actions\">\n                                 <div class=\"share_unit\">\n        <a href=\"https:\/\/www.facebook.com\/sharer.php?u=https:\/\/www.regieducroset.ch\/immo\/estate_property\/magnifique-bureau-de-249-m2-sis-dans-un-immeuble-beneficiant-dun-emplacement-strategique\/&amp;t=Magnifique+bureau+de+249+m2+sis+dans+un+immeuble+b%C3%A9n%C3%A9ficiant+d%E2%80%99un+emplacement+strat%C3%A9gique\" target=\"_blank\" class=\"social_facebook\"><\/a>\n        <a href=\"https:\/\/twitter.com\/home?status=Magnifique+bureau+de+249+m2+sis+dans+un+immeuble+b%C3%A9n%C3%A9ficiant+d%E2%80%99un+emplacement+strat%C3%A9giquehttps%3A%2F%2Fwww.regieducroset.ch%2Fimmo%2Festate_property%2Fmagnifique-bureau-de-249-m2-sis-dans-un-immeuble-beneficiant-dun-emplacement-strategique%2F\" class=\"social_tweet\" target=\"_blank\"><\/a>\n        <a href=\"https:\/\/www.linkedin.com\/sharing\/share-offsite\/?url==https:\/\/www.regieducroset.ch\/immo\/estate_property\/magnifique-bureau-de-249-m2-sis-dans-un-immeuble-beneficiant-dun-emplacement-strategique\/\" class=\"social_linkedin\" target=\"_blank\"><\/a>\n        <\/div>\n                            <span class=\"share_list\"  data-original-title=\"partager\" ><\/span>\n                        <span class=\"compare-action\" data-original-title=\"comparer\" data-pimage=\"https:\/\/www.regieducroset.ch\/immo\/wp\/wp-content\/uploads\/2025\/08\/CAM01253G0-PR0135-STILL010-143x83.jpg\" data-pid=\"26267\"><\/span>\n                     \n                    <\/div>\n                <\/div>\n                \n                    <\/div> \n<\/div>\n  \n\n\n\n<div class=\"col-md-4 shortcode-col has_prop_slider  listing_wrapper property_unit_type1\" data-org=\"6\" data-listid=\"26164\" > \n    <div class=\"property_listing property_unit_type1  \" data-link=\"\">\n        \n        <div class=\"listing-unit-img-wrapper\"><div class=\"prop_new_details\"><div class=\"prop_new_details_back\"><\/div><\/div><div class=\"listing_unit_price_wrapper\"><span class=\"price_label price_label_before\">CHF<\/span>  <span class=\"price_label\">par mois<\/span><\/div>\n                    <div id=\"property_unit_carousel_69f4c46447395\" class=\"carousel property_unit_carousel slide \" data-ride=\"carousel\" data-interval=\"false\">\n                        <div class=\"carousel-inner\">         \n                            <div class=\"item active\">    \n                                <a href=\"https:\/\/www.regieducroset.ch\/immo\/estate_property\/rare-grande-surface-commerciale-denviron-163-m2-au-rdc-du-centre-commercial-decublens\/\" target=\"_self\" ><img loading=\"lazy\" decoding=\"async\" width=\"525\" height=\"328\" src=\"https:\/\/www.regieducroset.ch\/immo\/wp\/wp-content\/uploads\/2025\/07\/CAM01253G0-PR0134-STILL005-525x328.jpg\" class=\"lazyload img-responsive wp-post-image\" alt=\"\" data-original=\"https:\/\/www.regieducroset.ch\/immo\/wp\/wp-content\/uploads\/2025\/07\/CAM01253G0-PR0134-STILL005-525x328.jpg\" \/><\/a>     \n                            <\/div>\n                            <div class=\"item lazy-load-item\">\n                                            <a href=\"https:\/\/www.regieducroset.ch\/immo\/estate_property\/rare-grande-surface-commerciale-denviron-163-m2-au-rdc-du-centre-commercial-decublens\/\" target=\"_self\" ><img  data-lazy-load-src=\"https:\/\/www.regieducroset.ch\/immo\/wp\/wp-content\/uploads\/2025\/07\/CAM01253G0-PR0134-STILL003-525x328.jpg\" alt=\"Rare! Grande surface commerciale d&rsquo;environ 187 m2 au RDC du Centre Commercial d&rsquo;Ecublens\" class=\"img-responsive\" \/><\/a>\n                                        <\/div><div class=\"item lazy-load-item\">\n                                            <a href=\"https:\/\/www.regieducroset.ch\/immo\/estate_property\/rare-grande-surface-commerciale-denviron-163-m2-au-rdc-du-centre-commercial-decublens\/\" target=\"_self\" ><img  data-lazy-load-src=\"https:\/\/www.regieducroset.ch\/immo\/wp\/wp-content\/uploads\/2025\/07\/CAM01253G0-PR0134-STILL004-525x328.jpg\" alt=\"Rare! Grande surface commerciale d&rsquo;environ 187 m2 au RDC du Centre Commercial d&rsquo;Ecublens\" class=\"img-responsive\" \/><\/a>\n                                        <\/div><div class=\"item lazy-load-item\">\n                                            <a href=\"https:\/\/www.regieducroset.ch\/immo\/estate_property\/rare-grande-surface-commerciale-denviron-163-m2-au-rdc-du-centre-commercial-decublens\/\" target=\"_self\" ><img  data-lazy-load-src=\"https:\/\/www.regieducroset.ch\/immo\/wp\/wp-content\/uploads\/2025\/07\/CAM01253G0-PR0134-STILL001-525x328.jpg\" alt=\"Rare! Grande surface commerciale d&rsquo;environ 187 m2 au RDC du Centre Commercial d&rsquo;Ecublens\" class=\"img-responsive\" \/><\/a>\n                                        <\/div><div class=\"item lazy-load-item\">\n                                            <a href=\"https:\/\/www.regieducroset.ch\/immo\/estate_property\/rare-grande-surface-commerciale-denviron-163-m2-au-rdc-du-centre-commercial-decublens\/\" target=\"_self\" ><img  data-lazy-load-src=\"https:\/\/www.regieducroset.ch\/immo\/wp\/wp-content\/uploads\/2025\/07\/CAM01253G0-PR0134-STILL002-525x328.jpg\" alt=\"Rare! Grande surface commerciale d&rsquo;environ 187 m2 au RDC du Centre Commercial d&rsquo;Ecublens\" class=\"img-responsive\" \/><\/a>\n                                        <\/div><div class=\"item lazy-load-item\">\n                                            <a href=\"https:\/\/www.regieducroset.ch\/immo\/estate_property\/rare-grande-surface-commerciale-denviron-163-m2-au-rdc-du-centre-commercial-decublens\/\" target=\"_self\" ><img  data-lazy-load-src=\"https:\/\/www.regieducroset.ch\/immo\/wp\/wp-content\/uploads\/2025\/07\/CAM01253G0-PR0134-STILL006-525x328.jpg\" alt=\"Rare! Grande surface commerciale d&rsquo;environ 187 m2 au RDC du Centre Commercial d&rsquo;Ecublens\" class=\"img-responsive\" \/><\/a>\n                                        <\/div><div class=\"item lazy-load-item\">\n                                            <a href=\"https:\/\/www.regieducroset.ch\/immo\/estate_property\/rare-grande-surface-commerciale-denviron-163-m2-au-rdc-du-centre-commercial-decublens\/\" target=\"_self\" ><img  data-lazy-load-src=\"https:\/\/www.regieducroset.ch\/immo\/wp\/wp-content\/uploads\/2025\/07\/CAM01253G0-PR0134-STILL007-525x328.jpg\" alt=\"Rare! Grande surface commerciale d&rsquo;environ 187 m2 au RDC du Centre Commercial d&rsquo;Ecublens\" class=\"img-responsive\" \/><\/a>\n                                        <\/div><div class=\"item lazy-load-item\">\n                                            <a href=\"https:\/\/www.regieducroset.ch\/immo\/estate_property\/rare-grande-surface-commerciale-denviron-163-m2-au-rdc-du-centre-commercial-decublens\/\" target=\"_self\" ><img  data-lazy-load-src=\"https:\/\/www.regieducroset.ch\/immo\/wp\/wp-content\/uploads\/2025\/07\/CAM01253G0-PR0134-STILL008-525x328.jpg\" alt=\"Rare! Grande surface commerciale d&rsquo;environ 187 m2 au RDC du Centre Commercial d&rsquo;Ecublens\" class=\"img-responsive\" \/><\/a>\n                                        <\/div>\n                        <\/div>\n\n\n                        <a href=\"https:\/\/www.regieducroset.ch\/immo\/estate_property\/rare-grande-surface-commerciale-denviron-163-m2-au-rdc-du-centre-commercial-decublens\/\" target=\"_self\"> <\/a><a class=\"left  carousel-control\" href=\"#property_unit_carousel_69f4c46447395\" data-slide=\"prev\">\n                                <i class=\"demo-icon icon-left-open-big\"><\/i>\n                            <\/a>\n\n                            <a class=\"right  carousel-control\" href=\"#property_unit_carousel_69f4c46447395\" data-slide=\"next\">\n                                <i class=\"demo-icon icon-right-open-big\"><\/i>\n                            <\/a>\n                    <\/div> <span class=\"icon-fav icon-fav-off\" data-original-title=\"ajouter aux Favoris\" data-postid=\"26164\"><\/span><div class=\"status-wrapper\"><div class=\"action_tag_wrapper Locations \">Locations<\/div><div class=\"ribbon-inside \"><\/div><\/div><\/div><div class=\"tag-wrapper\"><\/div>            <h4><a href=\"https:\/\/www.regieducroset.ch\/immo\/estate_property\/rare-grande-surface-commerciale-denviron-163-m2-au-rdc-du-centre-commercial-decublens\/\" target=\"_self \">\n                Rare! Grande surface commerciale d&rsquo;env...                <\/a> \n            <\/h4>\n       \n        \n            <div class=\"property_address_type1_wrapper\">\n                <i class=\"fa fa-map-marker\" aria-hidden=\"true\"><\/i><span class=\"property_address_type1\">Chemin du Croset 3, <\/span><span class=\"property_city_type1\"><a href=\"https:\/\/www.regieducroset.ch\/immo\/property_city\/ecublens-2\/\" rel=\"tag\">ecublens<\/a><\/span>            <\/div>\n        \n            <div class=\"property_categories_type1_wrapper\">\n                                \n                <span>Cat\u00e9gorie:<\/span><a href=\"https:\/\/www.regieducroset.ch\/immo\/property_category\/arcades\/\" rel=\"tag\">Arcades<\/a> dans <a href=\"https:\/\/www.regieducroset.ch\/immo\/property_action_category\/locations\/\" rel=\"tag\">Locations<\/a>            <\/div>  \n            \n            <div class=\"property_details_type1_wrapper\">\n                                 <span class=\"property_details_type1_rooms\">Pi\u00e8ces:<\/span><span class=\"property_details_type1_value\">0<\/span><span class=\"property_details_type1_baths\">Thermes:<\/span><span class=\"property_details_type1_value\">0<\/span>           \n         \n           <\/div>\n        \n            <div class=\"property_location\"> \n                                   <div class=\"property_agent_wrapper property_agent_wrapper_type1\">\n                   \n                    <span><strong>Agent:<\/strong><\/span><a href=\"https:\/\/www.regieducroset.ch\/immo\/estate_agency\/regie-du-croset\/\">R\u00e9gie du Croset<\/a>                <\/div>\n\n                                    <div class=\"listing_actions\">\n                                 <div class=\"share_unit\">\n        <a href=\"https:\/\/www.facebook.com\/sharer.php?u=https:\/\/www.regieducroset.ch\/immo\/estate_property\/rare-grande-surface-commerciale-denviron-163-m2-au-rdc-du-centre-commercial-decublens\/&amp;t=Rare%21+Grande+surface+commerciale+d%26rsquo%3Benviron+187+m2+au+RDC+du+Centre+Commercial+d%26rsquo%3BEcublens\" target=\"_blank\" class=\"social_facebook\"><\/a>\n        <a href=\"https:\/\/twitter.com\/home?status=Rare%21+Grande+surface+commerciale+d%26rsquo%3Benviron+187+m2+au+RDC+du+Centre+Commercial+d%26rsquo%3BEcublenshttps%3A%2F%2Fwww.regieducroset.ch%2Fimmo%2Festate_property%2Frare-grande-surface-commerciale-denviron-163-m2-au-rdc-du-centre-commercial-decublens%2F\" class=\"social_tweet\" target=\"_blank\"><\/a>\n        <a href=\"https:\/\/www.linkedin.com\/sharing\/share-offsite\/?url==https:\/\/www.regieducroset.ch\/immo\/estate_property\/rare-grande-surface-commerciale-denviron-163-m2-au-rdc-du-centre-commercial-decublens\/\" class=\"social_linkedin\" target=\"_blank\"><\/a>\n        <\/div>\n                            <span class=\"share_list\"  data-original-title=\"partager\" ><\/span>\n                        <span class=\"compare-action\" data-original-title=\"comparer\" data-pimage=\"https:\/\/www.regieducroset.ch\/immo\/wp\/wp-content\/uploads\/2025\/07\/CAM01253G0-PR0134-STILL005-143x83.jpg\" data-pid=\"26164\"><\/span>\n                     \n                    <\/div>\n                <\/div>\n                \n                    <\/div> \n<\/div>\n  \n\n\n\n<div class=\"col-md-4 shortcode-col has_prop_slider  listing_wrapper property_unit_type1\" data-org=\"6\" data-listid=\"26108\" > \n    <div class=\"property_listing property_unit_type1  \" data-link=\"\">\n        \n        <div class=\"listing-unit-img-wrapper\"><div class=\"prop_new_details\"><div class=\"prop_new_details_back\"><\/div><\/div><div class=\"listing_unit_price_wrapper\"><span class=\"price_label price_label_before\">CHF<\/span> 3 190 .- <span class=\"price_label\">\/mois<\/span><\/div>\n                    <div id=\"property_unit_carousel_69f4c46448fd2\" class=\"carousel property_unit_carousel slide \" data-ride=\"carousel\" data-interval=\"false\">\n                        <div class=\"carousel-inner\">         \n                            <div class=\"item active\">    \n                                <a href=\"https:\/\/www.regieducroset.ch\/immo\/estate_property\/belle-surface-denviron-175-m2-sise-sise-au-dessus-du-centre-commercial-decublens\/\" target=\"_self\" ><img loading=\"lazy\" decoding=\"async\" width=\"525\" height=\"328\" src=\"https:\/\/www.regieducroset.ch\/immo\/wp\/wp-content\/uploads\/2025\/07\/CAM01253G0-PR0132-STILL001-525x328.jpg\" class=\"lazyload img-responsive wp-post-image\" alt=\"\" data-original=\"https:\/\/www.regieducroset.ch\/immo\/wp\/wp-content\/uploads\/2025\/07\/CAM01253G0-PR0132-STILL001-525x328.jpg\" \/><\/a>     \n                            <\/div>\n                            <div class=\"item lazy-load-item\">\n                                            <a href=\"https:\/\/www.regieducroset.ch\/immo\/estate_property\/belle-surface-denviron-175-m2-sise-sise-au-dessus-du-centre-commercial-decublens\/\" target=\"_self\" ><img  data-lazy-load-src=\"https:\/\/www.regieducroset.ch\/immo\/wp\/wp-content\/uploads\/2025\/07\/CAM01253G0-PR0132-STILL007.jpg\" alt=\"Belle surface d&rsquo;environ 175 m2 sise au-dessus du Centre Commercial d&rsquo;Ecublens\" class=\"img-responsive\" \/><\/a>\n                                        <\/div><div class=\"item lazy-load-item\">\n                                            <a href=\"https:\/\/www.regieducroset.ch\/immo\/estate_property\/belle-surface-denviron-175-m2-sise-sise-au-dessus-du-centre-commercial-decublens\/\" target=\"_self\" ><img  data-lazy-load-src=\"https:\/\/www.regieducroset.ch\/immo\/wp\/wp-content\/uploads\/2025\/07\/CAM01253G0-PR0132-STILL003-525x328.jpg\" alt=\"Belle surface d&rsquo;environ 175 m2 sise au-dessus du Centre Commercial d&rsquo;Ecublens\" class=\"img-responsive\" \/><\/a>\n                                        <\/div><div class=\"item lazy-load-item\">\n                                            <a href=\"https:\/\/www.regieducroset.ch\/immo\/estate_property\/belle-surface-denviron-175-m2-sise-sise-au-dessus-du-centre-commercial-decublens\/\" target=\"_self\" ><img  data-lazy-load-src=\"https:\/\/www.regieducroset.ch\/immo\/wp\/wp-content\/uploads\/2025\/07\/CAM01253G0-PR0132-STILL002-525x328.jpg\" alt=\"Belle surface d&rsquo;environ 175 m2 sise au-dessus du Centre Commercial d&rsquo;Ecublens\" class=\"img-responsive\" \/><\/a>\n                                        <\/div><div class=\"item lazy-load-item\">\n                                            <a href=\"https:\/\/www.regieducroset.ch\/immo\/estate_property\/belle-surface-denviron-175-m2-sise-sise-au-dessus-du-centre-commercial-decublens\/\" target=\"_self\" ><img  data-lazy-load-src=\"https:\/\/www.regieducroset.ch\/immo\/wp\/wp-content\/uploads\/2025\/07\/CAM01253G0-PR0132-STILL011-525x328.jpg\" alt=\"Belle surface d&rsquo;environ 175 m2 sise au-dessus du Centre Commercial d&rsquo;Ecublens\" class=\"img-responsive\" \/><\/a>\n                                        <\/div><div class=\"item lazy-load-item\">\n                                            <a href=\"https:\/\/www.regieducroset.ch\/immo\/estate_property\/belle-surface-denviron-175-m2-sise-sise-au-dessus-du-centre-commercial-decublens\/\" target=\"_self\" ><img  data-lazy-load-src=\"https:\/\/www.regieducroset.ch\/immo\/wp\/wp-content\/uploads\/2025\/07\/CAM01253G0-PR0132-STILL010-525x328.jpg\" alt=\"Belle surface d&rsquo;environ 175 m2 sise au-dessus du Centre Commercial d&rsquo;Ecublens\" class=\"img-responsive\" \/><\/a>\n                                        <\/div><div class=\"item lazy-load-item\">\n                                            <a href=\"https:\/\/www.regieducroset.ch\/immo\/estate_property\/belle-surface-denviron-175-m2-sise-sise-au-dessus-du-centre-commercial-decublens\/\" target=\"_self\" ><img  data-lazy-load-src=\"https:\/\/www.regieducroset.ch\/immo\/wp\/wp-content\/uploads\/2025\/07\/CAM01253G0-PR0132-STILL006-525x328.jpg\" alt=\"Belle surface d&rsquo;environ 175 m2 sise au-dessus du Centre Commercial d&rsquo;Ecublens\" class=\"img-responsive\" \/><\/a>\n                                        <\/div><div class=\"item lazy-load-item\">\n                                            <a href=\"https:\/\/www.regieducroset.ch\/immo\/estate_property\/belle-surface-denviron-175-m2-sise-sise-au-dessus-du-centre-commercial-decublens\/\" target=\"_self\" ><img  data-lazy-load-src=\"https:\/\/www.regieducroset.ch\/immo\/wp\/wp-content\/uploads\/2025\/07\/CAM01253G0-PR0132-STILL005-525x328.jpg\" alt=\"Belle surface d&rsquo;environ 175 m2 sise au-dessus du Centre Commercial d&rsquo;Ecublens\" class=\"img-responsive\" \/><\/a>\n                                        <\/div><div class=\"item lazy-load-item\">\n                                            <a href=\"https:\/\/www.regieducroset.ch\/immo\/estate_property\/belle-surface-denviron-175-m2-sise-sise-au-dessus-du-centre-commercial-decublens\/\" target=\"_self\" ><img  data-lazy-load-src=\"https:\/\/www.regieducroset.ch\/immo\/wp\/wp-content\/uploads\/2025\/07\/CAM01253G0-PR0132-STILL004-525x328.jpg\" alt=\"Belle surface d&rsquo;environ 175 m2 sise au-dessus du Centre Commercial d&rsquo;Ecublens\" class=\"img-responsive\" \/><\/a>\n                                        <\/div><div class=\"item lazy-load-item\">\n                                            <a href=\"https:\/\/www.regieducroset.ch\/immo\/estate_property\/belle-surface-denviron-175-m2-sise-sise-au-dessus-du-centre-commercial-decublens\/\" target=\"_self\" ><img  data-lazy-load-src=\"https:\/\/www.regieducroset.ch\/immo\/wp\/wp-content\/uploads\/2025\/07\/CAM01253G0-PR0132-STILL009-525x328.jpg\" alt=\"Belle surface d&rsquo;environ 175 m2 sise au-dessus du Centre Commercial d&rsquo;Ecublens\" class=\"img-responsive\" \/><\/a>\n                                        <\/div><div class=\"item lazy-load-item\">\n                                            <a href=\"https:\/\/www.regieducroset.ch\/immo\/estate_property\/belle-surface-denviron-175-m2-sise-sise-au-dessus-du-centre-commercial-decublens\/\" target=\"_self\" ><img  data-lazy-load-src=\"https:\/\/www.regieducroset.ch\/immo\/wp\/wp-content\/uploads\/2025\/07\/CAM01253G0-PR0132-STILL008-525x328.jpg\" alt=\"Belle surface d&rsquo;environ 175 m2 sise au-dessus du Centre Commercial d&rsquo;Ecublens\" class=\"img-responsive\" \/><\/a>\n                                        <\/div>\n                        <\/div>\n\n\n                        <a href=\"https:\/\/www.regieducroset.ch\/immo\/estate_property\/belle-surface-denviron-175-m2-sise-sise-au-dessus-du-centre-commercial-decublens\/\" target=\"_self\"> <\/a><a class=\"left  carousel-control\" href=\"#property_unit_carousel_69f4c46448fd2\" data-slide=\"prev\">\n                                <i class=\"demo-icon icon-left-open-big\"><\/i>\n                            <\/a>\n\n                            <a class=\"right  carousel-control\" href=\"#property_unit_carousel_69f4c46448fd2\" data-slide=\"next\">\n                                <i class=\"demo-icon icon-right-open-big\"><\/i>\n                            <\/a>\n                    <\/div> <span class=\"icon-fav icon-fav-off\" data-original-title=\"ajouter aux Favoris\" data-postid=\"26108\"><\/span><div class=\"status-wrapper\"><div class=\"action_tag_wrapper Locations \">Locations<\/div><div class=\"ribbon-inside \"><\/div><\/div><\/div><div class=\"tag-wrapper\"><\/div>            <h4><a href=\"https:\/\/www.regieducroset.ch\/immo\/estate_property\/belle-surface-denviron-175-m2-sise-sise-au-dessus-du-centre-commercial-decublens\/\" target=\"_self \">\n                Belle surface d&rsquo;environ 175 m2 sise au...                <\/a> \n            <\/h4>\n       \n        \n            <div class=\"property_address_type1_wrapper\">\n                <i class=\"fa fa-map-marker\" aria-hidden=\"true\"><\/i><span class=\"property_address_type1\">Chemin du Croset 7, <\/span><span class=\"property_city_type1\"><a href=\"https:\/\/www.regieducroset.ch\/immo\/property_city\/ecublens-2\/\" rel=\"tag\">ecublens<\/a><\/span>            <\/div>\n        \n            <div class=\"property_categories_type1_wrapper\">\n                                \n                <span>Cat\u00e9gorie:<\/span><a href=\"https:\/\/www.regieducroset.ch\/immo\/property_category\/offices\/\" rel=\"tag\">Bureaux<\/a>, <a href=\"https:\/\/www.regieducroset.ch\/immo\/property_category\/centre-commercial\/\" rel=\"tag\">Centre Commercial<\/a> dans <a href=\"https:\/\/www.regieducroset.ch\/immo\/property_action_category\/locations\/\" rel=\"tag\">Locations<\/a>            <\/div>  \n            \n            <div class=\"property_details_type1_wrapper\">\n                                 <span class=\"property_details_type1_rooms\">Pi\u00e8ces:<\/span><span class=\"property_details_type1_value\">5<\/span><span class=\"property_details_type1_baths\">Thermes:<\/span><span class=\"property_details_type1_value\">0<\/span>           \n         \n           <\/div>\n        \n            <div class=\"property_location\"> \n                                   <div class=\"property_agent_wrapper property_agent_wrapper_type1\">\n                   \n                    <span><strong>Agent:<\/strong><\/span><a href=\"https:\/\/www.regieducroset.ch\/immo\/estate_agency\/regie-du-croset\/\">R\u00e9gie du Croset<\/a>                <\/div>\n\n                                    <div class=\"listing_actions\">\n                                 <div class=\"share_unit\">\n        <a href=\"https:\/\/www.facebook.com\/sharer.php?u=https:\/\/www.regieducroset.ch\/immo\/estate_property\/belle-surface-denviron-175-m2-sise-sise-au-dessus-du-centre-commercial-decublens\/&amp;t=Belle+surface+d%26rsquo%3Benviron+175+m2+sise+au-dessus+du+Centre+Commercial+d%26rsquo%3BEcublens\" target=\"_blank\" class=\"social_facebook\"><\/a>\n        <a href=\"https:\/\/twitter.com\/home?status=Belle+surface+d%26rsquo%3Benviron+175+m2+sise+au-dessus+du+Centre+Commercial+d%26rsquo%3BEcublenshttps%3A%2F%2Fwww.regieducroset.ch%2Fimmo%2Festate_property%2Fbelle-surface-denviron-175-m2-sise-sise-au-dessus-du-centre-commercial-decublens%2F\" class=\"social_tweet\" target=\"_blank\"><\/a>\n        <a href=\"https:\/\/www.linkedin.com\/sharing\/share-offsite\/?url==https:\/\/www.regieducroset.ch\/immo\/estate_property\/belle-surface-denviron-175-m2-sise-sise-au-dessus-du-centre-commercial-decublens\/\" class=\"social_linkedin\" target=\"_blank\"><\/a>\n        <\/div>\n                            <span class=\"share_list\"  data-original-title=\"partager\" ><\/span>\n                        <span class=\"compare-action\" data-original-title=\"comparer\" data-pimage=\"https:\/\/www.regieducroset.ch\/immo\/wp\/wp-content\/uploads\/2025\/07\/CAM01253G0-PR0132-STILL001-143x83.jpg\" data-pid=\"26108\"><\/span>\n                     \n                    <\/div>\n                <\/div>\n                \n                    <\/div> \n<\/div>\n  \n\n\n\n<div class=\"col-md-4 shortcode-col has_prop_slider  listing_wrapper property_unit_type1\" data-org=\"6\" data-listid=\"25264\" > \n    <div class=\"property_listing property_unit_type1  \" data-link=\"\">\n        \n        <div class=\"listing-unit-img-wrapper\"><div class=\"prop_new_details\"><div class=\"prop_new_details_back\"><\/div><\/div><div class=\"listing_unit_price_wrapper\"><span class=\"price_label price_label_before\">CHF<\/span> 120 .- <span class=\"price_label\">par mois<\/span><\/div>\n                    <div id=\"property_unit_carousel_69f4c4644a6b1\" class=\"carousel property_unit_carousel slide \" data-ride=\"carousel\" data-interval=\"false\">\n                        <div class=\"carousel-inner\">         \n                            <div class=\"item active\">    \n                                <a href=\"https:\/\/www.regieducroset.ch\/immo\/estate_property\/places-de-parc-couvertes-a-st-sulpice\/\" target=\"_self\" ><img loading=\"lazy\" decoding=\"async\" width=\"525\" height=\"328\" src=\"https:\/\/www.regieducroset.ch\/immo\/wp\/wp-content\/uploads\/2024\/11\/1-525x328.jpg\" class=\"lazyload img-responsive wp-post-image\" alt=\"\" data-original=\"https:\/\/www.regieducroset.ch\/immo\/wp\/wp-content\/uploads\/2024\/11\/1-525x328.jpg\" \/><\/a>     \n                            <\/div>\n                            <div class=\"item lazy-load-item\">\n                                            <a href=\"https:\/\/www.regieducroset.ch\/immo\/estate_property\/places-de-parc-couvertes-a-st-sulpice\/\" target=\"_self\" ><img  data-lazy-load-src=\"https:\/\/www.regieducroset.ch\/immo\/wp\/wp-content\/uploads\/2024\/11\/2-525x328.jpg\" alt=\"Place de parc int\u00e9rieure avec borne de rechargement pour v\u00e9hicules \u00e9lectriques\" class=\"img-responsive\" \/><\/a>\n                                        <\/div><div class=\"item lazy-load-item\">\n                                            <a href=\"https:\/\/www.regieducroset.ch\/immo\/estate_property\/places-de-parc-couvertes-a-st-sulpice\/\" target=\"_self\" ><img  data-lazy-load-src=\"https:\/\/www.regieducroset.ch\/immo\/wp\/wp-content\/uploads\/2024\/11\/6-525x328.jpg\" alt=\"Place de parc int\u00e9rieure avec borne de rechargement pour v\u00e9hicules \u00e9lectriques\" class=\"img-responsive\" \/><\/a>\n                                        <\/div>\n                        <\/div>\n\n\n                        <a href=\"https:\/\/www.regieducroset.ch\/immo\/estate_property\/places-de-parc-couvertes-a-st-sulpice\/\" target=\"_self\"> <\/a><a class=\"left  carousel-control\" href=\"#property_unit_carousel_69f4c4644a6b1\" data-slide=\"prev\">\n                                <i class=\"demo-icon icon-left-open-big\"><\/i>\n                            <\/a>\n\n                            <a class=\"right  carousel-control\" href=\"#property_unit_carousel_69f4c4644a6b1\" data-slide=\"next\">\n                                <i class=\"demo-icon icon-right-open-big\"><\/i>\n                            <\/a>\n                    <\/div> <span class=\"icon-fav icon-fav-off\" data-original-title=\"ajouter aux Favoris\" data-postid=\"25264\"><\/span><div class=\"status-wrapper\"><div class=\"action_tag_wrapper Locations \">Locations<\/div><div class=\"ribbon-inside \"><\/div><\/div><\/div><div class=\"tag-wrapper\"><\/div>            <h4><a href=\"https:\/\/www.regieducroset.ch\/immo\/estate_property\/places-de-parc-couvertes-a-st-sulpice\/\" target=\"_self \">\n                Place de parc int\u00e9rieure avec borne de recha...                <\/a> \n            <\/h4>\n       \n        \n            <div class=\"property_address_type1_wrapper\">\n                <i class=\"fa fa-map-marker\" aria-hidden=\"true\"><\/i><span class=\"property_address_type1\">Route Cantonale 107, <\/span><span class=\"property_city_type1\"><a href=\"https:\/\/www.regieducroset.ch\/immo\/property_city\/st-sulpice\/\" rel=\"tag\">St-Sulpice<\/a><\/span>            <\/div>\n        \n            <div class=\"property_categories_type1_wrapper\">\n                                \n                <span>Cat\u00e9gorie:<\/span><a href=\"https:\/\/www.regieducroset.ch\/immo\/property_category\/places-de-parc\/\" rel=\"tag\">Places de parc<\/a> dans <a href=\"https:\/\/www.regieducroset.ch\/immo\/property_action_category\/locations\/\" rel=\"tag\">Locations<\/a>            <\/div>  \n            \n            <div class=\"property_details_type1_wrapper\">\n                                 <span class=\"property_details_type1_rooms\">Pi\u00e8ces:<\/span><span class=\"property_details_type1_value\">0<\/span><span class=\"property_details_type1_baths\">Thermes:<\/span><span class=\"property_details_type1_value\">0<\/span>           \n         \n           <\/div>\n        \n            <div class=\"property_location\"> \n                                   <div class=\"property_agent_wrapper property_agent_wrapper_type1\">\n                   \n                    <span><strong>Agent:<\/strong><\/span><a href=\"https:\/\/www.regieducroset.ch\/immo\/estate_agency\/regie-du-croset\/\">R\u00e9gie du Croset<\/a>                <\/div>\n\n                                    <div class=\"listing_actions\">\n                                 <div class=\"share_unit\">\n        <a href=\"https:\/\/www.facebook.com\/sharer.php?u=https:\/\/www.regieducroset.ch\/immo\/estate_property\/places-de-parc-couvertes-a-st-sulpice\/&amp;t=Place+de+parc+int%C3%A9rieure+avec+borne+de+rechargement+pour+v%C3%A9hicules+%C3%A9lectriques\" target=\"_blank\" class=\"social_facebook\"><\/a>\n        <a href=\"https:\/\/twitter.com\/home?status=Place+de+parc+int%C3%A9rieure+avec+borne+de+rechargement+pour+v%C3%A9hicules+%C3%A9lectriqueshttps%3A%2F%2Fwww.regieducroset.ch%2Fimmo%2Festate_property%2Fplaces-de-parc-couvertes-a-st-sulpice%2F\" class=\"social_tweet\" target=\"_blank\"><\/a>\n        <a href=\"https:\/\/www.linkedin.com\/sharing\/share-offsite\/?url==https:\/\/www.regieducroset.ch\/immo\/estate_property\/places-de-parc-couvertes-a-st-sulpice\/\" class=\"social_linkedin\" target=\"_blank\"><\/a>\n        <\/div>\n                            <span class=\"share_list\"  data-original-title=\"partager\" ><\/span>\n                        <span class=\"compare-action\" data-original-title=\"comparer\" data-pimage=\"https:\/\/www.regieducroset.ch\/immo\/wp\/wp-content\/uploads\/2024\/11\/1-143x83.jpg\" data-pid=\"25264\"><\/span>\n                     \n                    <\/div>\n                <\/div>\n                \n                    <\/div> \n<\/div>\n  \n\n\n\n<div class=\"col-md-4 shortcode-col has_prop_slider  listing_wrapper property_unit_type1\" data-org=\"6\" data-listid=\"22534\" > \n    <div class=\"property_listing property_unit_type1  \" data-link=\"\">\n        \n        <div class=\"listing-unit-img-wrapper\"><div class=\"prop_new_details\"><div class=\"prop_new_details_back\"><\/div><\/div><div class=\"listing_unit_price_wrapper\"><span class=\"price_label price_label_before\">CHF<\/span>  <span class=\"price_label\"><\/span><\/div>\n                    <div id=\"property_unit_carousel_69f4c4644bfcd\" class=\"carousel property_unit_carousel slide \" data-ride=\"carousel\" data-interval=\"false\">\n                        <div class=\"carousel-inner\">         \n                            <div class=\"item active\">    \n                                <a href=\"https:\/\/www.regieducroset.ch\/immo\/estate_property\/arcade-de-104-m2-salon-de-coiffure-dans-le-centre-commercial-decublens\/\" target=\"_self\" ><img loading=\"lazy\" decoding=\"async\" width=\"525\" height=\"328\" src=\"https:\/\/www.regieducroset.ch\/immo\/wp\/wp-content\/uploads\/2024\/02\/CAM01253G0-PR0077-STILL004-525x328.jpg\" class=\"lazyload img-responsive wp-post-image\" alt=\"\" data-original=\"https:\/\/www.regieducroset.ch\/immo\/wp\/wp-content\/uploads\/2024\/02\/CAM01253G0-PR0077-STILL004-525x328.jpg\" \/><\/a>     \n                            <\/div>\n                            <div class=\"item lazy-load-item\">\n                                            <a href=\"https:\/\/www.regieducroset.ch\/immo\/estate_property\/arcade-de-104-m2-salon-de-coiffure-dans-le-centre-commercial-decublens\/\" target=\"_self\" ><img  data-lazy-load-src=\"https:\/\/www.regieducroset.ch\/immo\/wp\/wp-content\/uploads\/2024\/02\/Croset1-3-39-525x328.jpg\" alt=\"Arcade de 104 m2 (salon de coiffure) dans le Centre Commercial d&rsquo;Ecublens\" class=\"img-responsive\" \/><\/a>\n                                        <\/div><div class=\"item lazy-load-item\">\n                                            <a href=\"https:\/\/www.regieducroset.ch\/immo\/estate_property\/arcade-de-104-m2-salon-de-coiffure-dans-le-centre-commercial-decublens\/\" target=\"_self\" ><img  data-lazy-load-src=\"https:\/\/www.regieducroset.ch\/immo\/wp\/wp-content\/uploads\/2024\/02\/CAM01253G0-PR0077-STILL005-525x328.jpg\" alt=\"Arcade de 104 m2 (salon de coiffure) dans le Centre Commercial d&rsquo;Ecublens\" class=\"img-responsive\" \/><\/a>\n                                        <\/div><div class=\"item lazy-load-item\">\n                                            <a href=\"https:\/\/www.regieducroset.ch\/immo\/estate_property\/arcade-de-104-m2-salon-de-coiffure-dans-le-centre-commercial-decublens\/\" target=\"_self\" ><img  data-lazy-load-src=\"https:\/\/www.regieducroset.ch\/immo\/wp\/wp-content\/uploads\/2020\/09\/Drone-juillet-2017-CC2-525x328.jpg\" alt=\"Arcade de 104 m2 (salon de coiffure) dans le Centre Commercial d&rsquo;Ecublens\" class=\"img-responsive\" \/><\/a>\n                                        <\/div>\n                        <\/div>\n\n\n                        <a href=\"https:\/\/www.regieducroset.ch\/immo\/estate_property\/arcade-de-104-m2-salon-de-coiffure-dans-le-centre-commercial-decublens\/\" target=\"_self\"> <\/a><a class=\"left  carousel-control\" href=\"#property_unit_carousel_69f4c4644bfcd\" data-slide=\"prev\">\n                                <i class=\"demo-icon icon-left-open-big\"><\/i>\n                            <\/a>\n\n                            <a class=\"right  carousel-control\" href=\"#property_unit_carousel_69f4c4644bfcd\" data-slide=\"next\">\n                                <i class=\"demo-icon icon-right-open-big\"><\/i>\n                            <\/a>\n                    <\/div> <span class=\"icon-fav icon-fav-off\" data-original-title=\"ajouter aux Favoris\" data-postid=\"22534\"><\/span><div class=\"status-wrapper\"><div class=\"action_tag_wrapper Locations \">Locations<\/div><div class=\"ribbon-inside \"><\/div><\/div><\/div><div class=\"tag-wrapper\"><\/div>            <h4><a href=\"https:\/\/www.regieducroset.ch\/immo\/estate_property\/arcade-de-104-m2-salon-de-coiffure-dans-le-centre-commercial-decublens\/\" target=\"_self \">\n                Arcade de 104 m2 (salon de coiffure) dans le...                <\/a> \n            <\/h4>\n       \n        \n            <div class=\"property_address_type1_wrapper\">\n                <i class=\"fa fa-map-marker\" aria-hidden=\"true\"><\/i><span class=\"property_address_type1\">Chemin du Croset 1, <\/span><span class=\"property_city_type1\"><a href=\"https:\/\/www.regieducroset.ch\/immo\/property_city\/ecublens\/\" rel=\"tag\">Ecublens VD<\/a><\/span>            <\/div>\n        \n            <div class=\"property_categories_type1_wrapper\">\n                                \n                <span>Cat\u00e9gorie:<\/span><a href=\"https:\/\/www.regieducroset.ch\/immo\/property_category\/arcades\/\" rel=\"tag\">Arcades<\/a>, <a href=\"https:\/\/www.regieducroset.ch\/immo\/property_category\/centre-commercial\/\" rel=\"tag\">Centre Commercial<\/a>, <a href=\"https:\/\/www.regieducroset.ch\/immo\/property_category\/showroom\/\" rel=\"tag\">Showroom<\/a>, <a href=\"https:\/\/www.regieducroset.ch\/immo\/property_category\/surfaces-commerciales\/\" rel=\"tag\">Surfaces commerciales<\/a> dans <a href=\"https:\/\/www.regieducroset.ch\/immo\/property_action_category\/locations\/\" rel=\"tag\">Locations<\/a>            <\/div>  \n            \n            <div class=\"property_details_type1_wrapper\">\n                                 <span class=\"property_details_type1_rooms\">Pi\u00e8ces:<\/span><span class=\"property_details_type1_value\">0<\/span><span class=\"property_details_type1_baths\">Thermes:<\/span><span class=\"property_details_type1_value\">0<\/span> <span class=\"property_details_type1_size\">Surf. approx.:<\/span><span class=\"property_details_type1_value\"><span>104.00 m<sup>2<\/sup><\/span><\/span>           \n         \n           <\/div>\n        \n            <div class=\"property_location\"> \n                                   <div class=\"property_agent_wrapper property_agent_wrapper_type1\">\n                   \n                    <span><strong>Agent:<\/strong><\/span><a href=\"https:\/\/www.regieducroset.ch\/immo\/estate_agency\/regie-du-croset\/\">R\u00e9gie du Croset<\/a>                <\/div>\n\n                                    <div class=\"listing_actions\">\n                                 <div class=\"share_unit\">\n        <a href=\"https:\/\/www.facebook.com\/sharer.php?u=https:\/\/www.regieducroset.ch\/immo\/estate_property\/arcade-de-104-m2-salon-de-coiffure-dans-le-centre-commercial-decublens\/&amp;t=Arcade+de+104+m2+%28salon+de+coiffure%29+dans+le+Centre+Commercial+d%26rsquo%3BEcublens\" target=\"_blank\" class=\"social_facebook\"><\/a>\n        <a href=\"https:\/\/twitter.com\/home?status=Arcade+de+104+m2+%28salon+de+coiffure%29+dans+le+Centre+Commercial+d%26rsquo%3BEcublenshttps%3A%2F%2Fwww.regieducroset.ch%2Fimmo%2Festate_property%2Farcade-de-104-m2-salon-de-coiffure-dans-le-centre-commercial-decublens%2F\" class=\"social_tweet\" target=\"_blank\"><\/a>\n        <a href=\"https:\/\/www.linkedin.com\/sharing\/share-offsite\/?url==https:\/\/www.regieducroset.ch\/immo\/estate_property\/arcade-de-104-m2-salon-de-coiffure-dans-le-centre-commercial-decublens\/\" class=\"social_linkedin\" target=\"_blank\"><\/a>\n        <\/div>\n                            <span class=\"share_list\"  data-original-title=\"partager\" ><\/span>\n                        <span class=\"compare-action\" data-original-title=\"comparer\" data-pimage=\"https:\/\/www.regieducroset.ch\/immo\/wp\/wp-content\/uploads\/2024\/02\/CAM01253G0-PR0077-STILL004-143x83.jpg\" data-pid=\"22534\"><\/span>\n                     \n                    <\/div>\n                <\/div>\n                \n                    <\/div> \n<\/div>\n  \n\n\n\n<div class=\"col-md-4 shortcode-col has_prop_slider  listing_wrapper property_unit_type1\" data-org=\"6\" data-listid=\"19903\" > \n    <div class=\"property_listing property_unit_type1  \" data-link=\"\">\n        \n        <div class=\"listing-unit-img-wrapper\"><div class=\"prop_new_details\"><div class=\"prop_new_details_back\"><\/div><\/div><div class=\"listing_unit_price_wrapper\"><span class=\"price_label price_label_before\">CHF<\/span> 1 445 .- <span class=\"price_label\">\/mois<\/span><\/div>\n                    <div id=\"property_unit_carousel_69f4c4644d1f6\" class=\"carousel property_unit_carousel slide \" data-ride=\"carousel\" data-interval=\"false\">\n                        <div class=\"carousel-inner\">         \n                            <div class=\"item active\">    \n                                <a href=\"https:\/\/www.regieducroset.ch\/immo\/estate_property\/surface-commerciale-bureaux-de-102-m2-a-preverenges\/\" target=\"_self\" ><img loading=\"lazy\" decoding=\"async\" width=\"525\" height=\"328\" src=\"https:\/\/www.regieducroset.ch\/immo\/wp\/wp-content\/uploads\/2021\/11\/Tresi6-03-525x328.jpg\" class=\"lazyload img-responsive wp-post-image\" alt=\"\" data-original=\"https:\/\/www.regieducroset.ch\/immo\/wp\/wp-content\/uploads\/2021\/11\/Tresi6-03-525x328.jpg\" \/><\/a>     \n                            <\/div>\n                            \n                        <\/div>\n\n\n                        <a href=\"https:\/\/www.regieducroset.ch\/immo\/estate_property\/surface-commerciale-bureaux-de-102-m2-a-preverenges\/\" target=\"_self\"> <\/a>\n                    <\/div> <span class=\"icon-fav icon-fav-off\" data-original-title=\"ajouter aux Favoris\" data-postid=\"19903\"><\/span><div class=\"status-wrapper\"><div class=\"action_tag_wrapper Locations \">Locations<\/div><\/div><\/div><div class=\"tag-wrapper\"><\/div>            <h4><a href=\"https:\/\/www.regieducroset.ch\/immo\/estate_property\/surface-commerciale-bureaux-de-102-m2-a-preverenges\/\" target=\"_self \">\n                Surface commerciale\/bureau de 102 m2 \u00e0 Pr\u00e9ve...                <\/a> \n            <\/h4>\n       \n        \n            <div class=\"property_address_type1_wrapper\">\n                <i class=\"fa fa-map-marker\" aria-hidden=\"true\"><\/i><span class=\"property_address_type1\">Le Tr\u00e9si 6D, <\/span><span class=\"property_city_type1\"><a href=\"https:\/\/www.regieducroset.ch\/immo\/property_city\/preverenges\/\" rel=\"tag\">Pr\u00e9verenges<\/a><\/span>            <\/div>\n        \n            <div class=\"property_categories_type1_wrapper\">\n                                \n                <span>Cat\u00e9gorie:<\/span><a href=\"https:\/\/www.regieducroset.ch\/immo\/property_category\/offices\/\" rel=\"tag\">Bureaux<\/a>, <a href=\"https:\/\/www.regieducroset.ch\/immo\/property_category\/surfaces-commerciales\/\" rel=\"tag\">Surfaces commerciales<\/a> dans <a href=\"https:\/\/www.regieducroset.ch\/immo\/property_action_category\/locations\/\" rel=\"tag\">Locations<\/a>            <\/div>  \n            \n            <div class=\"property_details_type1_wrapper\">\n                                 <span class=\"property_details_type1_rooms\">Pi\u00e8ces:<\/span><span class=\"property_details_type1_value\">0<\/span><span class=\"property_details_type1_baths\">Thermes:<\/span><span class=\"property_details_type1_value\">0<\/span>           \n         \n           <\/div>\n        \n            <div class=\"property_location\"> \n                                   <div class=\"property_agent_wrapper property_agent_wrapper_type1\">\n                   \n                    <span><strong>Agent:<\/strong><\/span><a href=\"https:\/\/www.regieducroset.ch\/immo\/estate_agency\/regie-du-croset\/\">R\u00e9gie du Croset<\/a>                <\/div>\n\n                                    <div class=\"listing_actions\">\n                                 <div class=\"share_unit\">\n        <a href=\"https:\/\/www.facebook.com\/sharer.php?u=https:\/\/www.regieducroset.ch\/immo\/estate_property\/surface-commerciale-bureaux-de-102-m2-a-preverenges\/&amp;t=Surface+commerciale%2Fbureau+de+102+m2+%C3%A0+Pr%C3%A9verenges\" target=\"_blank\" class=\"social_facebook\"><\/a>\n        <a href=\"https:\/\/twitter.com\/home?status=Surface+commerciale%2Fbureau+de+102+m2+%C3%A0+Pr%C3%A9verengeshttps%3A%2F%2Fwww.regieducroset.ch%2Fimmo%2Festate_property%2Fsurface-commerciale-bureaux-de-102-m2-a-preverenges%2F\" class=\"social_tweet\" target=\"_blank\"><\/a>\n        <a href=\"https:\/\/www.linkedin.com\/sharing\/share-offsite\/?url==https:\/\/www.regieducroset.ch\/immo\/estate_property\/surface-commerciale-bureaux-de-102-m2-a-preverenges\/\" class=\"social_linkedin\" target=\"_blank\"><\/a>\n        <\/div>\n                            <span class=\"share_list\"  data-original-title=\"partager\" ><\/span>\n                        <span class=\"compare-action\" data-original-title=\"comparer\" data-pimage=\"https:\/\/www.regieducroset.ch\/immo\/wp\/wp-content\/uploads\/2021\/11\/Tresi6-03-143x83.jpg\" data-pid=\"19903\"><\/span>\n                     \n                    <\/div>\n                <\/div>\n                \n                    <\/div> \n<\/div>\n  \n\n\n\n<div class=\"col-md-4 shortcode-col has_prop_slider  listing_wrapper property_unit_type1\" data-org=\"6\" data-listid=\"19881\" > \n    <div class=\"property_listing property_unit_type1  \" data-link=\"\">\n        \n        <div class=\"listing-unit-img-wrapper\"><div class=\"prop_new_details\"><div class=\"prop_new_details_back\"><\/div><\/div><div class=\"listing_unit_price_wrapper\"><span class=\"price_label price_label_before\">CHF<\/span>  <span class=\"price_label\">par mois<\/span><\/div>\n                    <div id=\"property_unit_carousel_69f4c4644e73b\" class=\"carousel property_unit_carousel slide \" data-ride=\"carousel\" data-interval=\"false\">\n                        <div class=\"carousel-inner\">         \n                            <div class=\"item active\">    \n                                <a href=\"https:\/\/www.regieducroset.ch\/immo\/estate_property\/surface-de-77m2-dans-le-centre-commercial-du-pont-neuf-a-morges\/\" target=\"_self\" ><img loading=\"lazy\" decoding=\"async\" width=\"525\" height=\"328\" src=\"https:\/\/www.regieducroset.ch\/immo\/wp\/wp-content\/uploads\/2020\/12\/Pont-Neuf-03-525x328.jpg\" class=\"lazyload img-responsive wp-post-image\" alt=\"\" data-original=\"https:\/\/www.regieducroset.ch\/immo\/wp\/wp-content\/uploads\/2020\/12\/Pont-Neuf-03-525x328.jpg\" \/><\/a>     \n                            <\/div>\n                            <div class=\"item lazy-load-item\">\n                                            <a href=\"https:\/\/www.regieducroset.ch\/immo\/estate_property\/surface-de-77m2-dans-le-centre-commercial-du-pont-neuf-a-morges\/\" target=\"_self\" ><img  data-lazy-load-src=\"https:\/\/www.regieducroset.ch\/immo\/wp\/wp-content\/uploads\/2020\/06\/PNM-C\u00f4t\u00e9-entr\u00e9e-principale-Parenth\u00e8se-525x328.jpg\" alt=\"Arcade de 65 m2 dans le Centre Commercial du Pont-Neuf \u00e0 Morges\" class=\"img-responsive\" \/><\/a>\n                                        <\/div><div class=\"item lazy-load-item\">\n                                            <a href=\"https:\/\/www.regieducroset.ch\/immo\/estate_property\/surface-de-77m2-dans-le-centre-commercial-du-pont-neuf-a-morges\/\" target=\"_self\" ><img  data-lazy-load-src=\"https:\/\/www.regieducroset.ch\/immo\/wp\/wp-content\/uploads\/2020\/06\/PNM-C\u00f4t\u00e9-gare-Parenth\u00e8se-1-525x328.jpg\" alt=\"Arcade de 65 m2 dans le Centre Commercial du Pont-Neuf \u00e0 Morges\" class=\"img-responsive\" \/><\/a>\n                                        <\/div>\n                        <\/div>\n\n\n                        <a href=\"https:\/\/www.regieducroset.ch\/immo\/estate_property\/surface-de-77m2-dans-le-centre-commercial-du-pont-neuf-a-morges\/\" target=\"_self\"> <\/a><a class=\"left  carousel-control\" href=\"#property_unit_carousel_69f4c4644e73b\" data-slide=\"prev\">\n                                <i class=\"demo-icon icon-left-open-big\"><\/i>\n                            <\/a>\n\n                            <a class=\"right  carousel-control\" href=\"#property_unit_carousel_69f4c4644e73b\" data-slide=\"next\">\n                                <i class=\"demo-icon icon-right-open-big\"><\/i>\n                            <\/a>\n                    <\/div> <span class=\"icon-fav icon-fav-off\" data-original-title=\"ajouter aux Favoris\" data-postid=\"19881\"><\/span><div class=\"status-wrapper\"><div class=\"action_tag_wrapper Locations \">Locations<\/div><\/div><\/div><div class=\"tag-wrapper\"><\/div>            <h4><a href=\"https:\/\/www.regieducroset.ch\/immo\/estate_property\/surface-de-77m2-dans-le-centre-commercial-du-pont-neuf-a-morges\/\" target=\"_self \">\n                Arcade de 65 m2 dans le Centre Commercial du...                <\/a> \n            <\/h4>\n       \n        \n            <div class=\"property_address_type1_wrapper\">\n                <i class=\"fa fa-map-marker\" aria-hidden=\"true\"><\/i><span class=\"property_address_type1\">Rue de la Gare 19, <\/span><span class=\"property_city_type1\"><a href=\"https:\/\/www.regieducroset.ch\/immo\/property_city\/morges\/\" rel=\"tag\">Morges<\/a><\/span>            <\/div>\n        \n            <div class=\"property_categories_type1_wrapper\">\n                                \n                <span>Cat\u00e9gorie:<\/span><a href=\"https:\/\/www.regieducroset.ch\/immo\/property_category\/arcades\/\" rel=\"tag\">Arcades<\/a>, <a href=\"https:\/\/www.regieducroset.ch\/immo\/property_category\/centre-commercial\/\" rel=\"tag\">Centre Commercial<\/a>, <a href=\"https:\/\/www.regieducroset.ch\/immo\/property_category\/surfaces-commerciales\/\" rel=\"tag\">Surfaces commerciales<\/a> dans <a href=\"https:\/\/www.regieducroset.ch\/immo\/property_action_category\/locations\/\" rel=\"tag\">Locations<\/a>            <\/div>  \n            \n            <div class=\"property_details_type1_wrapper\">\n                                 <span class=\"property_details_type1_rooms\">Pi\u00e8ces:<\/span><span class=\"property_details_type1_value\">0<\/span><span class=\"property_details_type1_baths\">Thermes:<\/span><span class=\"property_details_type1_value\">0<\/span>           \n         \n           <\/div>\n        \n            <div class=\"property_location\"> \n                                   <div class=\"property_agent_wrapper property_agent_wrapper_type1\">\n                   \n                    <span><strong>Agent:<\/strong><\/span><a href=\"https:\/\/www.regieducroset.ch\/immo\/estate_agency\/regie-du-croset\/\">R\u00e9gie du Croset<\/a>                <\/div>\n\n                                    <div class=\"listing_actions\">\n                                 <div class=\"share_unit\">\n        <a href=\"https:\/\/www.facebook.com\/sharer.php?u=https:\/\/www.regieducroset.ch\/immo\/estate_property\/surface-de-77m2-dans-le-centre-commercial-du-pont-neuf-a-morges\/&amp;t=Arcade+de+65+m2+dans+le+Centre+Commercial+du+Pont-Neuf+%C3%A0+Morges\" target=\"_blank\" class=\"social_facebook\"><\/a>\n        <a href=\"https:\/\/twitter.com\/home?status=Arcade+de+65+m2+dans+le+Centre+Commercial+du+Pont-Neuf+%C3%A0+Morgeshttps%3A%2F%2Fwww.regieducroset.ch%2Fimmo%2Festate_property%2Fsurface-de-77m2-dans-le-centre-commercial-du-pont-neuf-a-morges%2F\" class=\"social_tweet\" target=\"_blank\"><\/a>\n        <a href=\"https:\/\/www.linkedin.com\/sharing\/share-offsite\/?url==https:\/\/www.regieducroset.ch\/immo\/estate_property\/surface-de-77m2-dans-le-centre-commercial-du-pont-neuf-a-morges\/\" class=\"social_linkedin\" target=\"_blank\"><\/a>\n        <\/div>\n                            <span class=\"share_list\"  data-original-title=\"partager\" ><\/span>\n                        <span class=\"compare-action\" data-original-title=\"comparer\" data-pimage=\"https:\/\/www.regieducroset.ch\/immo\/wp\/wp-content\/uploads\/2020\/12\/Pont-Neuf-03-143x83.jpg\" data-pid=\"19881\"><\/span>\n                     \n                    <\/div>\n                <\/div>\n                \n                    <\/div> \n<\/div>\n<\/div>[\/vc_column][\/vc_row]<\/p>\n<\/div>","protected":false},"excerpt":{"rendered":"<p>[vc_row full_width=\u00a0\u00bbstretch_row\u00a0\u00bb css=\u00a0\u00bb.vc_custom_1530102739513{padding-top: 45px !important;background-color: #ffffff !important;}\u00a0\u00bb][vc_column css=\u00a0\u00bb.vc_custom_1472826169170{margin-bottom: 32px !important;}\u00a0\u00bb][\/vc_column][\/vc_row]<\/p>\n","protected":false},"author":1,"featured_media":0,"parent":0,"menu_order":0,"comment_status":"closed","ping_status":"closed","template":"","meta":{"_acf_changed":false,"footnotes":""},"class_list":["post-18067","page","type-page","status-publish","hentry"],"acf":[],"yoast_head":"<!-- This site is optimized with the Yoast SEO plugin v23.7 - https:\/\/yoast.com\/wordpress\/plugins\/seo\/ -->\n<title>Locations - R\u00e9gie du Croset<\/title>\n<meta name=\"description\" content=\"La R\u00e9gie du Croset, depuis 40 ans, vous accompagne dans la gestion de vos projets immobiliers. Notre \u00e9quipe, compos\u00e9e de professionnels exp\u00e9riment\u00e9s, vous offrira un service durable et adapt\u00e9 \u00e0 vos besoins dans tout l\u2019Arc L\u00e9manique.\" \/>\n<meta name=\"robots\" content=\"index, follow, max-snippet:-1, max-image-preview:large, max-video-preview:-1\" \/>\n<link rel=\"canonical\" href=\"https:\/\/www.regieducroset.ch\/immo\/\" \/>\n<meta property=\"og:locale\" content=\"fr_FR\" \/>\n<meta property=\"og:type\" content=\"article\" \/>\n<meta property=\"og:title\" content=\"Locations - R\u00e9gie du Croset\" \/>\n<meta property=\"og:description\" content=\"La R\u00e9gie du Croset, depuis 40 ans, vous accompagne dans la gestion de vos projets immobiliers. Notre \u00e9quipe, compos\u00e9e de professionnels exp\u00e9riment\u00e9s, vous offrira un service durable et adapt\u00e9 \u00e0 vos besoins dans tout l\u2019Arc L\u00e9manique.\" \/>\n<meta property=\"og:url\" content=\"https:\/\/www.regieducroset.ch\/immo\/\" \/>\n<meta property=\"og:site_name\" content=\"R\u00e9gie du Croset\" \/>\n<meta property=\"article:publisher\" content=\"https:\/\/www.facebook.com\/RegieDuCroset\" \/>\n<meta property=\"article:modified_time\" content=\"2019-07-18T10:05:30+00:00\" \/>\n<meta name=\"twitter:card\" content=\"summary_large_image\" \/>\n<script type=\"application\/ld+json\" class=\"yoast-schema-graph\">{\"@context\":\"https:\/\/schema.org\",\"@graph\":[{\"@type\":\"WebPage\",\"@id\":\"https:\/\/www.regieducroset.ch\/immo\/\",\"url\":\"https:\/\/www.regieducroset.ch\/immo\/\",\"name\":\"Locations - R\u00e9gie du Croset\",\"isPartOf\":{\"@id\":\"https:\/\/www.regieducroset.ch\/immo\/#website\"},\"datePublished\":\"2016-08-26T11:28:37+00:00\",\"dateModified\":\"2019-07-18T10:05:30+00:00\",\"description\":\"La R\u00e9gie du Croset, depuis 40 ans, vous accompagne dans la gestion de vos projets immobiliers. Notre \u00e9quipe, compos\u00e9e de professionnels exp\u00e9riment\u00e9s, vous offrira un service durable et adapt\u00e9 \u00e0 vos besoins dans tout l\u2019Arc L\u00e9manique.\",\"breadcrumb\":{\"@id\":\"https:\/\/www.regieducroset.ch\/immo\/#breadcrumb\"},\"inLanguage\":\"fr-FR\",\"potentialAction\":[{\"@type\":\"ReadAction\",\"target\":[\"https:\/\/www.regieducroset.ch\/immo\/\"]}]},{\"@type\":\"BreadcrumbList\",\"@id\":\"https:\/\/www.regieducroset.ch\/immo\/#breadcrumb\",\"itemListElement\":[{\"@type\":\"ListItem\",\"position\":1,\"name\":\"Accueil\",\"item\":\"https:\/\/www.regieducroset.ch\/immo\/\"},{\"@type\":\"ListItem\",\"position\":2,\"name\":\"Homepage\"}]},{\"@type\":\"WebSite\",\"@id\":\"https:\/\/www.regieducroset.ch\/immo\/#website\",\"url\":\"https:\/\/www.regieducroset.ch\/immo\/\",\"name\":\"R\u00e9gie du Croset\",\"description\":\"La R\u00e9gie du Croset S.A. vous accompagne depuis 1980 dans la gestion de votre patrimoine immobilier, dans tout l&#039;arc l\u00e9manique.\",\"publisher\":{\"@id\":\"https:\/\/www.regieducroset.ch\/immo\/#organization\"},\"potentialAction\":[{\"@type\":\"SearchAction\",\"target\":{\"@type\":\"EntryPoint\",\"urlTemplate\":\"https:\/\/www.regieducroset.ch\/immo\/?s={search_term_string}\"},\"query-input\":{\"@type\":\"PropertyValueSpecification\",\"valueRequired\":true,\"valueName\":\"search_term_string\"}}],\"inLanguage\":\"fr-FR\"},{\"@type\":\"Organization\",\"@id\":\"https:\/\/www.regieducroset.ch\/immo\/#organization\",\"name\":\"R\u00e9gie du Croset\",\"url\":\"https:\/\/www.regieducroset.ch\/immo\/\",\"logo\":{\"@type\":\"ImageObject\",\"inLanguage\":\"fr-FR\",\"@id\":\"https:\/\/www.regieducroset.ch\/immo\/#\/schema\/logo\/image\/\",\"url\":\"https:\/\/www.regieducroset.ch\/immo\/wp\/wp-content\/uploads\/2019\/06\/logo-final-white-bg.png\",\"contentUrl\":\"https:\/\/www.regieducroset.ch\/immo\/wp\/wp-content\/uploads\/2019\/06\/logo-final-white-bg.png\",\"width\":500,\"height\":256,\"caption\":\"R\u00e9gie du Croset\"},\"image\":{\"@id\":\"https:\/\/www.regieducroset.ch\/immo\/#\/schema\/logo\/image\/\"},\"sameAs\":[\"https:\/\/www.facebook.com\/RegieDuCroset\"]}]}<\/script>\n<!-- \/ Yoast SEO plugin. -->","yoast_head_json":{"title":"Locations - R\u00e9gie du Croset","description":"La R\u00e9gie du Croset, depuis 40 ans, vous accompagne dans la gestion de vos projets immobiliers. Notre \u00e9quipe, compos\u00e9e de professionnels exp\u00e9riment\u00e9s, vous offrira un service durable et adapt\u00e9 \u00e0 vos besoins dans tout l\u2019Arc L\u00e9manique.","robots":{"index":"index","follow":"follow","max-snippet":"max-snippet:-1","max-image-preview":"max-image-preview:large","max-video-preview":"max-video-preview:-1"},"canonical":"https:\/\/www.regieducroset.ch\/immo\/","og_locale":"fr_FR","og_type":"article","og_title":"Locations - R\u00e9gie du Croset","og_description":"La R\u00e9gie du Croset, depuis 40 ans, vous accompagne dans la gestion de vos projets immobiliers. Notre \u00e9quipe, compos\u00e9e de professionnels exp\u00e9riment\u00e9s, vous offrira un service durable et adapt\u00e9 \u00e0 vos besoins dans tout l\u2019Arc L\u00e9manique.","og_url":"https:\/\/www.regieducroset.ch\/immo\/","og_site_name":"R\u00e9gie du Croset","article_publisher":"https:\/\/www.facebook.com\/RegieDuCroset","article_modified_time":"2019-07-18T10:05:30+00:00","twitter_card":"summary_large_image","schema":{"@context":"https:\/\/schema.org","@graph":[{"@type":"WebPage","@id":"https:\/\/www.regieducroset.ch\/immo\/","url":"https:\/\/www.regieducroset.ch\/immo\/","name":"Locations - R\u00e9gie du Croset","isPartOf":{"@id":"https:\/\/www.regieducroset.ch\/immo\/#website"},"datePublished":"2016-08-26T11:28:37+00:00","dateModified":"2019-07-18T10:05:30+00:00","description":"La R\u00e9gie du Croset, depuis 40 ans, vous accompagne dans la gestion de vos projets immobiliers. Notre \u00e9quipe, compos\u00e9e de professionnels exp\u00e9riment\u00e9s, vous offrira un service durable et adapt\u00e9 \u00e0 vos besoins dans tout l\u2019Arc L\u00e9manique.","breadcrumb":{"@id":"https:\/\/www.regieducroset.ch\/immo\/#breadcrumb"},"inLanguage":"fr-FR","potentialAction":[{"@type":"ReadAction","target":["https:\/\/www.regieducroset.ch\/immo\/"]}]},{"@type":"BreadcrumbList","@id":"https:\/\/www.regieducroset.ch\/immo\/#breadcrumb","itemListElement":[{"@type":"ListItem","position":1,"name":"Accueil","item":"https:\/\/www.regieducroset.ch\/immo\/"},{"@type":"ListItem","position":2,"name":"Homepage"}]},{"@type":"WebSite","@id":"https:\/\/www.regieducroset.ch\/immo\/#website","url":"https:\/\/www.regieducroset.ch\/immo\/","name":"R\u00e9gie du Croset","description":"La R\u00e9gie du Croset S.A. vous accompagne depuis 1980 dans la gestion de votre patrimoine immobilier, dans tout l&#039;arc l\u00e9manique.","publisher":{"@id":"https:\/\/www.regieducroset.ch\/immo\/#organization"},"potentialAction":[{"@type":"SearchAction","target":{"@type":"EntryPoint","urlTemplate":"https:\/\/www.regieducroset.ch\/immo\/?s={search_term_string}"},"query-input":{"@type":"PropertyValueSpecification","valueRequired":true,"valueName":"search_term_string"}}],"inLanguage":"fr-FR"},{"@type":"Organization","@id":"https:\/\/www.regieducroset.ch\/immo\/#organization","name":"R\u00e9gie du Croset","url":"https:\/\/www.regieducroset.ch\/immo\/","logo":{"@type":"ImageObject","inLanguage":"fr-FR","@id":"https:\/\/www.regieducroset.ch\/immo\/#\/schema\/logo\/image\/","url":"https:\/\/www.regieducroset.ch\/immo\/wp\/wp-content\/uploads\/2019\/06\/logo-final-white-bg.png","contentUrl":"https:\/\/www.regieducroset.ch\/immo\/wp\/wp-content\/uploads\/2019\/06\/logo-final-white-bg.png","width":500,"height":256,"caption":"R\u00e9gie du Croset"},"image":{"@id":"https:\/\/www.regieducroset.ch\/immo\/#\/schema\/logo\/image\/"},"sameAs":["https:\/\/www.facebook.com\/RegieDuCroset"]}]}},"_links":{"self":[{"href":"https:\/\/www.regieducroset.ch\/immo\/wp-json\/wp\/v2\/pages\/18067"}],"collection":[{"href":"https:\/\/www.regieducroset.ch\/immo\/wp-json\/wp\/v2\/pages"}],"about":[{"href":"https:\/\/www.regieducroset.ch\/immo\/wp-json\/wp\/v2\/types\/page"}],"author":[{"embeddable":true,"href":"https:\/\/www.regieducroset.ch\/immo\/wp-json\/wp\/v2\/users\/1"}],"replies":[{"embeddable":true,"href":"https:\/\/www.regieducroset.ch\/immo\/wp-json\/wp\/v2\/comments?post=18067"}],"version-history":[{"count":9,"href":"https:\/\/www.regieducroset.ch\/immo\/wp-json\/wp\/v2\/pages\/18067\/revisions"}],"predecessor-version":[{"id":18801,"href":"https:\/\/www.regieducroset.ch\/immo\/wp-json\/wp\/v2\/pages\/18067\/revisions\/18801"}],"wp:attachment":[{"href":"https:\/\/www.regieducroset.ch\/immo\/wp-json\/wp\/v2\/media?parent=18067"}],"curies":[{"name":"wp","href":"https:\/\/api.w.org\/{rel}","templated":true}]}}