{"id":27037,"date":"2026-04-28T13:29:29","date_gmt":"2026-04-28T11:29:29","guid":{"rendered":"https:\/\/www.regieducroset.ch\/immo\/?post_type=estate_property&#038;p=27037"},"modified":"2026-04-28T15:38:42","modified_gmt":"2026-04-28T13:38:42","slug":"appartement-de-3-pieces-au-4eme-etage-avec-balcon-a-ecublens","status":"publish","type":"estate_property","link":"https:\/\/www.regieducroset.ch\/immo\/estate_property\/appartement-de-3-pieces-au-4eme-etage-avec-balcon-a-ecublens\/","title":{"rendered":"Appartement de 3 pi\u00e8ces au 4\u00e8me \u00e9tage avec balcon \u00e0 Ecublens"},"content":{"rendered":"<p>Situ\u00e9 en plein coeur d&rsquo;Ecublens dans un quartier familial, ce lieu de vie vous offre diverses commodit\u00e9s, notamment les transports publics (bus-m\u00e9tro M1), un acc\u00e8s direct aux commerces, la proximit\u00e9 des \u00e9coles, des garderies, des aires de jeux et des centres sportifs.<\/p>\n<p>&nbsp;<\/p>\n<p>Ce logement est compos\u00e9 comme suit :<\/p>\n<p>&nbsp;<\/p>\n<p>&#8211; Hall d&rsquo;entr\u00e9e<br \/>\n&#8211; Deux chambres \u00e0 coucher<br \/>\n&#8211; S\u00e9jour<br \/>\n&#8211; Salle de bain<br \/>\n&#8211; WC s\u00e9par\u00e9<br \/>\n&#8211; Balcon<\/p>\n<p>&nbsp;<\/p>\n<p>Une visite group\u00e9e est pr\u00e9vue par le locataire, M. KANDIAH, le lundi 4 mai 2026 de 17h00 \u00e0 18h00. Aucune annonce pr\u00e9alable n&rsquo;est requise.<\/p>\n<p>&nbsp;<\/p>\n<p>&nbsp;<\/p>\n","protected":false},"excerpt":{"rendered":"<p>Situ\u00e9 en plein coeur d&rsquo;Ecublens dans un quartier familial, ce lieu de vie vous offre diverses commodit\u00e9s, notamment les transports publics (bus-m\u00e9tro M1), un acc\u00e8s direct aux commerces, la proximit\u00e9 des \u00e9coles, des garderies, des aires de jeux et des centres sportifs. &nbsp; Ce logement est compos\u00e9 comme suit : &nbsp; &#8211; Hall d&rsquo;entr\u00e9e &#8211; Deux chambres \u00e0 coucher &#8211; S\u00e9jour &#8211; Salle de &#8230;<\/p>\n","protected":false},"featured_media":27042,"comment_status":"open","ping_status":"closed","template":"","property_category":[14],"property_action_category":[36],"property_city":[51],"property_area":[],"property_county_state":[48],"property_features":[294,259,253,255,252,258,254,257],"property_status":[],"class_list":["post-27037","estate_property","type-estate_property","status-publish","has-post-thumbnail","hentry","property_category-apartments","property_action_category-locations","property_city-ecublens","property_county_state-canton-de-vaud","property_features-ascenseur","property_features-balcon","property_features-chambre","property_features-cuisine-agencee","property_features-hall-dentree","property_features-salle-de-bains","property_features-sejour","property_features-wc-separes"],"acf":[],"yoast_head":"<!-- This site is optimized with the Yoast SEO plugin v23.7 - https:\/\/yoast.com\/wordpress\/plugins\/seo\/ -->\n<title>Appartement de 3 pi\u00e8ces au 4\u00e8me \u00e9tage avec balcon \u00e0 Ecublens - R\u00e9gie du Croset<\/title>\n<meta name=\"robots\" content=\"index, follow, max-snippet:-1, max-image-preview:large, max-video-preview:-1\" \/>\n<link rel=\"canonical\" href=\"https:\/\/www.regieducroset.ch\/immo\/estate_property\/appartement-de-3-pieces-au-4eme-etage-avec-balcon-a-ecublens\/\" \/>\n<meta property=\"og:locale\" content=\"fr_FR\" \/>\n<meta property=\"og:type\" content=\"article\" \/>\n<meta property=\"og:title\" content=\"Appartement de 3 pi\u00e8ces au 4\u00e8me \u00e9tage avec balcon \u00e0 Ecublens - R\u00e9gie du Croset\" \/>\n<meta property=\"og:description\" content=\"Situ\u00e9 en plein coeur d&rsquo;Ecublens dans un quartier familial, ce lieu de vie vous offre diverses commodit\u00e9s, notamment les transports publics (bus-m\u00e9tro M1), un acc\u00e8s direct aux commerces, la proximit\u00e9 des \u00e9coles, des garderies, des aires de jeux et des centres sportifs. &nbsp; Ce logement est compos\u00e9 comme suit : &nbsp; &#8211; Hall d&rsquo;entr\u00e9e &#8211; Deux chambres \u00e0 coucher &#8211; S\u00e9jour &#8211; Salle de ...\" \/>\n<meta property=\"og:url\" content=\"https:\/\/www.regieducroset.ch\/immo\/estate_property\/appartement-de-3-pieces-au-4eme-etage-avec-balcon-a-ecublens\/\" \/>\n<meta property=\"og:site_name\" content=\"R\u00e9gie du Croset\" \/>\n<meta property=\"article:publisher\" content=\"https:\/\/www.facebook.com\/RegieDuCroset\" \/>\n<meta property=\"article:modified_time\" content=\"2026-04-28T13:38:42+00:00\" \/>\n<meta property=\"og:image\" content=\"https:\/\/www.regieducroset.ch\/immo\/wp\/wp-content\/uploads\/2026\/04\/IMG_0163.jpeg\" \/>\n\t<meta property=\"og:image:width\" content=\"1284\" \/>\n\t<meta property=\"og:image:height\" content=\"1646\" \/>\n\t<meta property=\"og:image:type\" content=\"image\/jpeg\" \/>\n<meta name=\"twitter:card\" content=\"summary_large_image\" \/>\n<meta name=\"twitter:label1\" content=\"Dur\u00e9e de lecture estim\u00e9e\" \/>\n\t<meta name=\"twitter:data1\" content=\"1 minute\" \/>\n<script type=\"application\/ld+json\" class=\"yoast-schema-graph\">{\"@context\":\"https:\/\/schema.org\",\"@graph\":[{\"@type\":\"WebPage\",\"@id\":\"https:\/\/www.regieducroset.ch\/immo\/estate_property\/appartement-de-3-pieces-au-4eme-etage-avec-balcon-a-ecublens\/\",\"url\":\"https:\/\/www.regieducroset.ch\/immo\/estate_property\/appartement-de-3-pieces-au-4eme-etage-avec-balcon-a-ecublens\/\",\"name\":\"Appartement de 3 pi\u00e8ces au 4\u00e8me \u00e9tage avec balcon \u00e0 Ecublens - R\u00e9gie du Croset\",\"isPartOf\":{\"@id\":\"https:\/\/www.regieducroset.ch\/immo\/#website\"},\"primaryImageOfPage\":{\"@id\":\"https:\/\/www.regieducroset.ch\/immo\/estate_property\/appartement-de-3-pieces-au-4eme-etage-avec-balcon-a-ecublens\/#primaryimage\"},\"image\":{\"@id\":\"https:\/\/www.regieducroset.ch\/immo\/estate_property\/appartement-de-3-pieces-au-4eme-etage-avec-balcon-a-ecublens\/#primaryimage\"},\"thumbnailUrl\":\"https:\/\/www.regieducroset.ch\/immo\/wp\/wp-content\/uploads\/2026\/04\/IMG_0163.jpeg\",\"datePublished\":\"2026-04-28T11:29:29+00:00\",\"dateModified\":\"2026-04-28T13:38:42+00:00\",\"breadcrumb\":{\"@id\":\"https:\/\/www.regieducroset.ch\/immo\/estate_property\/appartement-de-3-pieces-au-4eme-etage-avec-balcon-a-ecublens\/#breadcrumb\"},\"inLanguage\":\"fr-FR\",\"potentialAction\":[{\"@type\":\"ReadAction\",\"target\":[\"https:\/\/www.regieducroset.ch\/immo\/estate_property\/appartement-de-3-pieces-au-4eme-etage-avec-balcon-a-ecublens\/\"]}]},{\"@type\":\"ImageObject\",\"inLanguage\":\"fr-FR\",\"@id\":\"https:\/\/www.regieducroset.ch\/immo\/estate_property\/appartement-de-3-pieces-au-4eme-etage-avec-balcon-a-ecublens\/#primaryimage\",\"url\":\"https:\/\/www.regieducroset.ch\/immo\/wp\/wp-content\/uploads\/2026\/04\/IMG_0163.jpeg\",\"contentUrl\":\"https:\/\/www.regieducroset.ch\/immo\/wp\/wp-content\/uploads\/2026\/04\/IMG_0163.jpeg\",\"width\":1284,\"height\":1646},{\"@type\":\"BreadcrumbList\",\"@id\":\"https:\/\/www.regieducroset.ch\/immo\/estate_property\/appartement-de-3-pieces-au-4eme-etage-avec-balcon-a-ecublens\/#breadcrumb\",\"itemListElement\":[{\"@type\":\"ListItem\",\"position\":1,\"name\":\"Accueil\",\"item\":\"https:\/\/www.regieducroset.ch\/immo\/\"},{\"@type\":\"ListItem\",\"position\":2,\"name\":\"Propri\u00e9t\u00e9s\",\"item\":\"https:\/\/www.regieducroset.ch\/immo\/estate_property\/\"},{\"@type\":\"ListItem\",\"position\":3,\"name\":\"Appartement de 3 pi\u00e8ces au 4\u00e8me \u00e9tage avec balcon \u00e0 Ecublens\"}]},{\"@type\":\"WebSite\",\"@id\":\"https:\/\/www.regieducroset.ch\/immo\/#website\",\"url\":\"https:\/\/www.regieducroset.ch\/immo\/\",\"name\":\"R\u00e9gie du Croset\",\"description\":\"La R\u00e9gie du Croset S.A. vous accompagne depuis 1980 dans la gestion de votre patrimoine immobilier, dans tout l&#039;arc l\u00e9manique.\",\"publisher\":{\"@id\":\"https:\/\/www.regieducroset.ch\/immo\/#organization\"},\"potentialAction\":[{\"@type\":\"SearchAction\",\"target\":{\"@type\":\"EntryPoint\",\"urlTemplate\":\"https:\/\/www.regieducroset.ch\/immo\/?s={search_term_string}\"},\"query-input\":{\"@type\":\"PropertyValueSpecification\",\"valueRequired\":true,\"valueName\":\"search_term_string\"}}],\"inLanguage\":\"fr-FR\"},{\"@type\":\"Organization\",\"@id\":\"https:\/\/www.regieducroset.ch\/immo\/#organization\",\"name\":\"R\u00e9gie du Croset\",\"url\":\"https:\/\/www.regieducroset.ch\/immo\/\",\"logo\":{\"@type\":\"ImageObject\",\"inLanguage\":\"fr-FR\",\"@id\":\"https:\/\/www.regieducroset.ch\/immo\/#\/schema\/logo\/image\/\",\"url\":\"https:\/\/www.regieducroset.ch\/immo\/wp\/wp-content\/uploads\/2019\/06\/logo-final-white-bg.png\",\"contentUrl\":\"https:\/\/www.regieducroset.ch\/immo\/wp\/wp-content\/uploads\/2019\/06\/logo-final-white-bg.png\",\"width\":500,\"height\":256,\"caption\":\"R\u00e9gie du Croset\"},\"image\":{\"@id\":\"https:\/\/www.regieducroset.ch\/immo\/#\/schema\/logo\/image\/\"},\"sameAs\":[\"https:\/\/www.facebook.com\/RegieDuCroset\"]}]}<\/script>\n<!-- \/ Yoast SEO plugin. -->","yoast_head_json":{"title":"Appartement de 3 pi\u00e8ces au 4\u00e8me \u00e9tage avec balcon \u00e0 Ecublens - R\u00e9gie du Croset","robots":{"index":"index","follow":"follow","max-snippet":"max-snippet:-1","max-image-preview":"max-image-preview:large","max-video-preview":"max-video-preview:-1"},"canonical":"https:\/\/www.regieducroset.ch\/immo\/estate_property\/appartement-de-3-pieces-au-4eme-etage-avec-balcon-a-ecublens\/","og_locale":"fr_FR","og_type":"article","og_title":"Appartement de 3 pi\u00e8ces au 4\u00e8me \u00e9tage avec balcon \u00e0 Ecublens - R\u00e9gie du Croset","og_description":"Situ\u00e9 en plein coeur d&rsquo;Ecublens dans un quartier familial, ce lieu de vie vous offre diverses commodit\u00e9s, notamment les transports publics (bus-m\u00e9tro M1), un acc\u00e8s direct aux commerces, la proximit\u00e9 des \u00e9coles, des garderies, des aires de jeux et des centres sportifs. &nbsp; Ce logement est compos\u00e9 comme suit : &nbsp; &#8211; Hall d&rsquo;entr\u00e9e &#8211; Deux chambres \u00e0 coucher &#8211; S\u00e9jour &#8211; Salle de ...","og_url":"https:\/\/www.regieducroset.ch\/immo\/estate_property\/appartement-de-3-pieces-au-4eme-etage-avec-balcon-a-ecublens\/","og_site_name":"R\u00e9gie du Croset","article_publisher":"https:\/\/www.facebook.com\/RegieDuCroset","article_modified_time":"2026-04-28T13:38:42+00:00","og_image":[{"width":1284,"height":1646,"url":"https:\/\/www.regieducroset.ch\/immo\/wp\/wp-content\/uploads\/2026\/04\/IMG_0163.jpeg","type":"image\/jpeg"}],"twitter_card":"summary_large_image","twitter_misc":{"Dur\u00e9e de lecture estim\u00e9e":"1 minute"},"schema":{"@context":"https:\/\/schema.org","@graph":[{"@type":"WebPage","@id":"https:\/\/www.regieducroset.ch\/immo\/estate_property\/appartement-de-3-pieces-au-4eme-etage-avec-balcon-a-ecublens\/","url":"https:\/\/www.regieducroset.ch\/immo\/estate_property\/appartement-de-3-pieces-au-4eme-etage-avec-balcon-a-ecublens\/","name":"Appartement de 3 pi\u00e8ces au 4\u00e8me \u00e9tage avec balcon \u00e0 Ecublens - R\u00e9gie du Croset","isPartOf":{"@id":"https:\/\/www.regieducroset.ch\/immo\/#website"},"primaryImageOfPage":{"@id":"https:\/\/www.regieducroset.ch\/immo\/estate_property\/appartement-de-3-pieces-au-4eme-etage-avec-balcon-a-ecublens\/#primaryimage"},"image":{"@id":"https:\/\/www.regieducroset.ch\/immo\/estate_property\/appartement-de-3-pieces-au-4eme-etage-avec-balcon-a-ecublens\/#primaryimage"},"thumbnailUrl":"https:\/\/www.regieducroset.ch\/immo\/wp\/wp-content\/uploads\/2026\/04\/IMG_0163.jpeg","datePublished":"2026-04-28T11:29:29+00:00","dateModified":"2026-04-28T13:38:42+00:00","breadcrumb":{"@id":"https:\/\/www.regieducroset.ch\/immo\/estate_property\/appartement-de-3-pieces-au-4eme-etage-avec-balcon-a-ecublens\/#breadcrumb"},"inLanguage":"fr-FR","potentialAction":[{"@type":"ReadAction","target":["https:\/\/www.regieducroset.ch\/immo\/estate_property\/appartement-de-3-pieces-au-4eme-etage-avec-balcon-a-ecublens\/"]}]},{"@type":"ImageObject","inLanguage":"fr-FR","@id":"https:\/\/www.regieducroset.ch\/immo\/estate_property\/appartement-de-3-pieces-au-4eme-etage-avec-balcon-a-ecublens\/#primaryimage","url":"https:\/\/www.regieducroset.ch\/immo\/wp\/wp-content\/uploads\/2026\/04\/IMG_0163.jpeg","contentUrl":"https:\/\/www.regieducroset.ch\/immo\/wp\/wp-content\/uploads\/2026\/04\/IMG_0163.jpeg","width":1284,"height":1646},{"@type":"BreadcrumbList","@id":"https:\/\/www.regieducroset.ch\/immo\/estate_property\/appartement-de-3-pieces-au-4eme-etage-avec-balcon-a-ecublens\/#breadcrumb","itemListElement":[{"@type":"ListItem","position":1,"name":"Accueil","item":"https:\/\/www.regieducroset.ch\/immo\/"},{"@type":"ListItem","position":2,"name":"Propri\u00e9t\u00e9s","item":"https:\/\/www.regieducroset.ch\/immo\/estate_property\/"},{"@type":"ListItem","position":3,"name":"Appartement de 3 pi\u00e8ces au 4\u00e8me \u00e9tage avec balcon \u00e0 Ecublens"}]},{"@type":"WebSite","@id":"https:\/\/www.regieducroset.ch\/immo\/#website","url":"https:\/\/www.regieducroset.ch\/immo\/","name":"R\u00e9gie du Croset","description":"La R\u00e9gie du Croset S.A. vous accompagne depuis 1980 dans la gestion de votre patrimoine immobilier, dans tout l&#039;arc l\u00e9manique.","publisher":{"@id":"https:\/\/www.regieducroset.ch\/immo\/#organization"},"potentialAction":[{"@type":"SearchAction","target":{"@type":"EntryPoint","urlTemplate":"https:\/\/www.regieducroset.ch\/immo\/?s={search_term_string}"},"query-input":{"@type":"PropertyValueSpecification","valueRequired":true,"valueName":"search_term_string"}}],"inLanguage":"fr-FR"},{"@type":"Organization","@id":"https:\/\/www.regieducroset.ch\/immo\/#organization","name":"R\u00e9gie du Croset","url":"https:\/\/www.regieducroset.ch\/immo\/","logo":{"@type":"ImageObject","inLanguage":"fr-FR","@id":"https:\/\/www.regieducroset.ch\/immo\/#\/schema\/logo\/image\/","url":"https:\/\/www.regieducroset.ch\/immo\/wp\/wp-content\/uploads\/2019\/06\/logo-final-white-bg.png","contentUrl":"https:\/\/www.regieducroset.ch\/immo\/wp\/wp-content\/uploads\/2019\/06\/logo-final-white-bg.png","width":500,"height":256,"caption":"R\u00e9gie du Croset"},"image":{"@id":"https:\/\/www.regieducroset.ch\/immo\/#\/schema\/logo\/image\/"},"sameAs":["https:\/\/www.facebook.com\/RegieDuCroset"]}]}},"_links":{"self":[{"href":"https:\/\/www.regieducroset.ch\/immo\/wp-json\/wp\/v2\/estate_property\/27037"}],"collection":[{"href":"https:\/\/www.regieducroset.ch\/immo\/wp-json\/wp\/v2\/estate_property"}],"about":[{"href":"https:\/\/www.regieducroset.ch\/immo\/wp-json\/wp\/v2\/types\/estate_property"}],"replies":[{"embeddable":true,"href":"https:\/\/www.regieducroset.ch\/immo\/wp-json\/wp\/v2\/comments?post=27037"}],"wp:featuredmedia":[{"embeddable":true,"href":"https:\/\/www.regieducroset.ch\/immo\/wp-json\/wp\/v2\/media\/27042"}],"wp:attachment":[{"href":"https:\/\/www.regieducroset.ch\/immo\/wp-json\/wp\/v2\/media?parent=27037"}],"wp:term":[{"taxonomy":"property_category","embeddable":true,"href":"https:\/\/www.regieducroset.ch\/immo\/wp-json\/wp\/v2\/property_category?post=27037"},{"taxonomy":"property_action_category","embeddable":true,"href":"https:\/\/www.regieducroset.ch\/immo\/wp-json\/wp\/v2\/property_action_category?post=27037"},{"taxonomy":"property_city","embeddable":true,"href":"https:\/\/www.regieducroset.ch\/immo\/wp-json\/wp\/v2\/property_city?post=27037"},{"taxonomy":"property_area","embeddable":true,"href":"https:\/\/www.regieducroset.ch\/immo\/wp-json\/wp\/v2\/property_area?post=27037"},{"taxonomy":"property_county_state","embeddable":true,"href":"https:\/\/www.regieducroset.ch\/immo\/wp-json\/wp\/v2\/property_county_state?post=27037"},{"taxonomy":"property_features","embeddable":true,"href":"https:\/\/www.regieducroset.ch\/immo\/wp-json\/wp\/v2\/property_features?post=27037"},{"taxonomy":"property_status","embeddable":true,"href":"https:\/\/www.regieducroset.ch\/immo\/wp-json\/wp\/v2\/property_status?post=27037"}],"curies":[{"name":"wp","href":"https:\/\/api.w.org\/{rel}","templated":true}]}}