{"id":27019,"date":"2026-04-28T09:16:36","date_gmt":"2026-04-28T07:16:36","guid":{"rendered":"https:\/\/www.regieducroset.ch\/immo\/?post_type=estate_property&#038;p=27019"},"modified":"2026-04-28T09:19:21","modified_gmt":"2026-04-28T07:19:21","slug":"appartement-de-3-5-pieces-au-2eme-etage-avec-balcon-a-renens","status":"publish","type":"estate_property","link":"https:\/\/www.regieducroset.ch\/immo\/estate_property\/appartement-de-3-5-pieces-au-2eme-etage-avec-balcon-a-renens\/","title":{"rendered":"Appartement de 3.5 pi\u00e8ces au 2\u00e8me \u00e9tage avec balcon \u00e0 Renens"},"content":{"rendered":"<p>Immeuble situ\u00e9 \u00e0 proximit\u00e9 des commerces, des \u00e9coles, de garderies, d&rsquo;aires de jeux, d&rsquo;un terrain de football, de restaurants, de caf\u00e9s ainsi que des transports en commun. Ce logement est id\u00e9al pour un \u00e9tudiant de l&rsquo;ECAL.<\/p>\n<p>&nbsp;<\/p>\n<p>Appartement de 3.5 pi\u00e8ces au 2\u00e8me \u00e9tage.<\/p>\n<p>&nbsp;<\/p>\n<p>Ce logement comprend:<\/p>\n<ul>\n<li>hall d&rsquo;entr\u00e9e<\/li>\n<li>deux chambres<\/li>\n<li>s\u00e9jour<\/li>\n<li>cuisine agenc\u00e9e<\/li>\n<li>salle de bains<\/li>\n<li>WC-s\u00e9par\u00e9s et balcon.<\/li>\n<\/ul>\n<p>Place de place int\u00e9rieure disponible en sus \u00e0 CHF 140.00\/mois<\/p>\n<p>&nbsp;<\/p>\n<p>Visite group\u00e9e pr\u00e9vue le samedi 6 juin 2026 de 16h00 \u00e0 17h00, pas d&rsquo;inscription pr\u00e9alable requise. appt no 23.<\/p>\n","protected":false},"excerpt":{"rendered":"<p>Immeuble situ\u00e9 \u00e0 proximit\u00e9 des commerces, des \u00e9coles, de garderies, d&rsquo;aires de jeux, d&rsquo;un terrain de football, de restaurants, de caf\u00e9s ainsi que des transports en commun. Ce logement est id\u00e9al pour un \u00e9tudiant de l&rsquo;ECAL. &nbsp; Appartement de 3.5 pi\u00e8ces au 2\u00e8me \u00e9tage. &nbsp; Ce logement comprend: hall d&rsquo;entr\u00e9e deux chambres s\u00e9jour cuisine agenc\u00e9e salle de bains WC-s\u00e9par\u00e9s et balcon. Place de place &#8230;<\/p>\n","protected":false},"featured_media":27027,"comment_status":"open","ping_status":"closed","template":"","property_category":[14],"property_action_category":[36],"property_city":[538],"property_area":[],"property_county_state":[48],"property_features":[294,259,253,293,252,258],"property_status":[],"class_list":["post-27019","estate_property","type-estate_property","status-publish","has-post-thumbnail","hentry","property_category-apartments","property_action_category-locations","property_city-renens-2","property_county_state-canton-de-vaud","property_features-ascenseur","property_features-balcon","property_features-chambre","property_features-cuisine-equipee","property_features-hall-dentree","property_features-salle-de-bains"],"acf":[],"yoast_head":"<!-- This site is optimized with the Yoast SEO plugin v23.7 - https:\/\/yoast.com\/wordpress\/plugins\/seo\/ -->\n<title>Appartement de 3.5 pi\u00e8ces au 2\u00e8me \u00e9tage avec balcon \u00e0 Renens - R\u00e9gie du Croset<\/title>\n<meta name=\"robots\" content=\"index, follow, max-snippet:-1, max-image-preview:large, max-video-preview:-1\" \/>\n<link rel=\"canonical\" href=\"https:\/\/www.regieducroset.ch\/immo\/estate_property\/appartement-de-3-5-pieces-au-2eme-etage-avec-balcon-a-renens\/\" \/>\n<meta property=\"og:locale\" content=\"fr_FR\" \/>\n<meta property=\"og:type\" content=\"article\" \/>\n<meta property=\"og:title\" content=\"Appartement de 3.5 pi\u00e8ces au 2\u00e8me \u00e9tage avec balcon \u00e0 Renens - R\u00e9gie du Croset\" \/>\n<meta property=\"og:description\" content=\"Immeuble situ\u00e9 \u00e0 proximit\u00e9 des commerces, des \u00e9coles, de garderies, d&rsquo;aires de jeux, d&rsquo;un terrain de football, de restaurants, de caf\u00e9s ainsi que des transports en commun. Ce logement est id\u00e9al pour un \u00e9tudiant de l&rsquo;ECAL. &nbsp; Appartement de 3.5 pi\u00e8ces au 2\u00e8me \u00e9tage. &nbsp; Ce logement comprend: hall d&rsquo;entr\u00e9e deux chambres s\u00e9jour cuisine agenc\u00e9e salle de bains WC-s\u00e9par\u00e9s et balcon. Place de place ...\" \/>\n<meta property=\"og:url\" content=\"https:\/\/www.regieducroset.ch\/immo\/estate_property\/appartement-de-3-5-pieces-au-2eme-etage-avec-balcon-a-renens\/\" \/>\n<meta property=\"og:site_name\" content=\"R\u00e9gie du Croset\" \/>\n<meta property=\"article:publisher\" content=\"https:\/\/www.facebook.com\/RegieDuCroset\" \/>\n<meta property=\"article:modified_time\" content=\"2026-04-28T07:19:21+00:00\" \/>\n<meta property=\"og:image\" content=\"https:\/\/www.regieducroset.ch\/immo\/wp\/wp-content\/uploads\/2026\/04\/pro-BvPg2gi0.jpeg\" \/>\n\t<meta property=\"og:image:width\" content=\"1394\" \/>\n\t<meta property=\"og:image:height\" content=\"1859\" \/>\n\t<meta property=\"og:image:type\" content=\"image\/jpeg\" \/>\n<meta name=\"twitter:card\" content=\"summary_large_image\" \/>\n<meta name=\"twitter:label1\" content=\"Dur\u00e9e de lecture estim\u00e9e\" \/>\n\t<meta name=\"twitter:data1\" content=\"1 minute\" \/>\n<script type=\"application\/ld+json\" class=\"yoast-schema-graph\">{\"@context\":\"https:\/\/schema.org\",\"@graph\":[{\"@type\":\"WebPage\",\"@id\":\"https:\/\/www.regieducroset.ch\/immo\/estate_property\/appartement-de-3-5-pieces-au-2eme-etage-avec-balcon-a-renens\/\",\"url\":\"https:\/\/www.regieducroset.ch\/immo\/estate_property\/appartement-de-3-5-pieces-au-2eme-etage-avec-balcon-a-renens\/\",\"name\":\"Appartement de 3.5 pi\u00e8ces au 2\u00e8me \u00e9tage avec balcon \u00e0 Renens - R\u00e9gie du Croset\",\"isPartOf\":{\"@id\":\"https:\/\/www.regieducroset.ch\/immo\/#website\"},\"primaryImageOfPage\":{\"@id\":\"https:\/\/www.regieducroset.ch\/immo\/estate_property\/appartement-de-3-5-pieces-au-2eme-etage-avec-balcon-a-renens\/#primaryimage\"},\"image\":{\"@id\":\"https:\/\/www.regieducroset.ch\/immo\/estate_property\/appartement-de-3-5-pieces-au-2eme-etage-avec-balcon-a-renens\/#primaryimage\"},\"thumbnailUrl\":\"https:\/\/www.regieducroset.ch\/immo\/wp\/wp-content\/uploads\/2026\/04\/pro-BvPg2gi0.jpeg\",\"datePublished\":\"2026-04-28T07:16:36+00:00\",\"dateModified\":\"2026-04-28T07:19:21+00:00\",\"breadcrumb\":{\"@id\":\"https:\/\/www.regieducroset.ch\/immo\/estate_property\/appartement-de-3-5-pieces-au-2eme-etage-avec-balcon-a-renens\/#breadcrumb\"},\"inLanguage\":\"fr-FR\",\"potentialAction\":[{\"@type\":\"ReadAction\",\"target\":[\"https:\/\/www.regieducroset.ch\/immo\/estate_property\/appartement-de-3-5-pieces-au-2eme-etage-avec-balcon-a-renens\/\"]}]},{\"@type\":\"ImageObject\",\"inLanguage\":\"fr-FR\",\"@id\":\"https:\/\/www.regieducroset.ch\/immo\/estate_property\/appartement-de-3-5-pieces-au-2eme-etage-avec-balcon-a-renens\/#primaryimage\",\"url\":\"https:\/\/www.regieducroset.ch\/immo\/wp\/wp-content\/uploads\/2026\/04\/pro-BvPg2gi0.jpeg\",\"contentUrl\":\"https:\/\/www.regieducroset.ch\/immo\/wp\/wp-content\/uploads\/2026\/04\/pro-BvPg2gi0.jpeg\",\"width\":1394,\"height\":1859},{\"@type\":\"BreadcrumbList\",\"@id\":\"https:\/\/www.regieducroset.ch\/immo\/estate_property\/appartement-de-3-5-pieces-au-2eme-etage-avec-balcon-a-renens\/#breadcrumb\",\"itemListElement\":[{\"@type\":\"ListItem\",\"position\":1,\"name\":\"Accueil\",\"item\":\"https:\/\/www.regieducroset.ch\/immo\/\"},{\"@type\":\"ListItem\",\"position\":2,\"name\":\"Propri\u00e9t\u00e9s\",\"item\":\"https:\/\/www.regieducroset.ch\/immo\/estate_property\/\"},{\"@type\":\"ListItem\",\"position\":3,\"name\":\"Appartement de 3.5 pi\u00e8ces au 2\u00e8me \u00e9tage avec balcon \u00e0 Renens\"}]},{\"@type\":\"WebSite\",\"@id\":\"https:\/\/www.regieducroset.ch\/immo\/#website\",\"url\":\"https:\/\/www.regieducroset.ch\/immo\/\",\"name\":\"R\u00e9gie du Croset\",\"description\":\"La R\u00e9gie du Croset S.A. vous accompagne depuis 1980 dans la gestion de votre patrimoine immobilier, dans tout l&#039;arc l\u00e9manique.\",\"publisher\":{\"@id\":\"https:\/\/www.regieducroset.ch\/immo\/#organization\"},\"potentialAction\":[{\"@type\":\"SearchAction\",\"target\":{\"@type\":\"EntryPoint\",\"urlTemplate\":\"https:\/\/www.regieducroset.ch\/immo\/?s={search_term_string}\"},\"query-input\":{\"@type\":\"PropertyValueSpecification\",\"valueRequired\":true,\"valueName\":\"search_term_string\"}}],\"inLanguage\":\"fr-FR\"},{\"@type\":\"Organization\",\"@id\":\"https:\/\/www.regieducroset.ch\/immo\/#organization\",\"name\":\"R\u00e9gie du Croset\",\"url\":\"https:\/\/www.regieducroset.ch\/immo\/\",\"logo\":{\"@type\":\"ImageObject\",\"inLanguage\":\"fr-FR\",\"@id\":\"https:\/\/www.regieducroset.ch\/immo\/#\/schema\/logo\/image\/\",\"url\":\"https:\/\/www.regieducroset.ch\/immo\/wp\/wp-content\/uploads\/2019\/06\/logo-final-white-bg.png\",\"contentUrl\":\"https:\/\/www.regieducroset.ch\/immo\/wp\/wp-content\/uploads\/2019\/06\/logo-final-white-bg.png\",\"width\":500,\"height\":256,\"caption\":\"R\u00e9gie du Croset\"},\"image\":{\"@id\":\"https:\/\/www.regieducroset.ch\/immo\/#\/schema\/logo\/image\/\"},\"sameAs\":[\"https:\/\/www.facebook.com\/RegieDuCroset\"]}]}<\/script>\n<!-- \/ Yoast SEO plugin. -->","yoast_head_json":{"title":"Appartement de 3.5 pi\u00e8ces au 2\u00e8me \u00e9tage avec balcon \u00e0 Renens - R\u00e9gie du Croset","robots":{"index":"index","follow":"follow","max-snippet":"max-snippet:-1","max-image-preview":"max-image-preview:large","max-video-preview":"max-video-preview:-1"},"canonical":"https:\/\/www.regieducroset.ch\/immo\/estate_property\/appartement-de-3-5-pieces-au-2eme-etage-avec-balcon-a-renens\/","og_locale":"fr_FR","og_type":"article","og_title":"Appartement de 3.5 pi\u00e8ces au 2\u00e8me \u00e9tage avec balcon \u00e0 Renens - R\u00e9gie du Croset","og_description":"Immeuble situ\u00e9 \u00e0 proximit\u00e9 des commerces, des \u00e9coles, de garderies, d&rsquo;aires de jeux, d&rsquo;un terrain de football, de restaurants, de caf\u00e9s ainsi que des transports en commun. Ce logement est id\u00e9al pour un \u00e9tudiant de l&rsquo;ECAL. &nbsp; Appartement de 3.5 pi\u00e8ces au 2\u00e8me \u00e9tage. &nbsp; Ce logement comprend: hall d&rsquo;entr\u00e9e deux chambres s\u00e9jour cuisine agenc\u00e9e salle de bains WC-s\u00e9par\u00e9s et balcon. Place de place ...","og_url":"https:\/\/www.regieducroset.ch\/immo\/estate_property\/appartement-de-3-5-pieces-au-2eme-etage-avec-balcon-a-renens\/","og_site_name":"R\u00e9gie du Croset","article_publisher":"https:\/\/www.facebook.com\/RegieDuCroset","article_modified_time":"2026-04-28T07:19:21+00:00","og_image":[{"width":1394,"height":1859,"url":"https:\/\/www.regieducroset.ch\/immo\/wp\/wp-content\/uploads\/2026\/04\/pro-BvPg2gi0.jpeg","type":"image\/jpeg"}],"twitter_card":"summary_large_image","twitter_misc":{"Dur\u00e9e de lecture estim\u00e9e":"1 minute"},"schema":{"@context":"https:\/\/schema.org","@graph":[{"@type":"WebPage","@id":"https:\/\/www.regieducroset.ch\/immo\/estate_property\/appartement-de-3-5-pieces-au-2eme-etage-avec-balcon-a-renens\/","url":"https:\/\/www.regieducroset.ch\/immo\/estate_property\/appartement-de-3-5-pieces-au-2eme-etage-avec-balcon-a-renens\/","name":"Appartement de 3.5 pi\u00e8ces au 2\u00e8me \u00e9tage avec balcon \u00e0 Renens - R\u00e9gie du Croset","isPartOf":{"@id":"https:\/\/www.regieducroset.ch\/immo\/#website"},"primaryImageOfPage":{"@id":"https:\/\/www.regieducroset.ch\/immo\/estate_property\/appartement-de-3-5-pieces-au-2eme-etage-avec-balcon-a-renens\/#primaryimage"},"image":{"@id":"https:\/\/www.regieducroset.ch\/immo\/estate_property\/appartement-de-3-5-pieces-au-2eme-etage-avec-balcon-a-renens\/#primaryimage"},"thumbnailUrl":"https:\/\/www.regieducroset.ch\/immo\/wp\/wp-content\/uploads\/2026\/04\/pro-BvPg2gi0.jpeg","datePublished":"2026-04-28T07:16:36+00:00","dateModified":"2026-04-28T07:19:21+00:00","breadcrumb":{"@id":"https:\/\/www.regieducroset.ch\/immo\/estate_property\/appartement-de-3-5-pieces-au-2eme-etage-avec-balcon-a-renens\/#breadcrumb"},"inLanguage":"fr-FR","potentialAction":[{"@type":"ReadAction","target":["https:\/\/www.regieducroset.ch\/immo\/estate_property\/appartement-de-3-5-pieces-au-2eme-etage-avec-balcon-a-renens\/"]}]},{"@type":"ImageObject","inLanguage":"fr-FR","@id":"https:\/\/www.regieducroset.ch\/immo\/estate_property\/appartement-de-3-5-pieces-au-2eme-etage-avec-balcon-a-renens\/#primaryimage","url":"https:\/\/www.regieducroset.ch\/immo\/wp\/wp-content\/uploads\/2026\/04\/pro-BvPg2gi0.jpeg","contentUrl":"https:\/\/www.regieducroset.ch\/immo\/wp\/wp-content\/uploads\/2026\/04\/pro-BvPg2gi0.jpeg","width":1394,"height":1859},{"@type":"BreadcrumbList","@id":"https:\/\/www.regieducroset.ch\/immo\/estate_property\/appartement-de-3-5-pieces-au-2eme-etage-avec-balcon-a-renens\/#breadcrumb","itemListElement":[{"@type":"ListItem","position":1,"name":"Accueil","item":"https:\/\/www.regieducroset.ch\/immo\/"},{"@type":"ListItem","position":2,"name":"Propri\u00e9t\u00e9s","item":"https:\/\/www.regieducroset.ch\/immo\/estate_property\/"},{"@type":"ListItem","position":3,"name":"Appartement de 3.5 pi\u00e8ces au 2\u00e8me \u00e9tage avec balcon \u00e0 Renens"}]},{"@type":"WebSite","@id":"https:\/\/www.regieducroset.ch\/immo\/#website","url":"https:\/\/www.regieducroset.ch\/immo\/","name":"R\u00e9gie du Croset","description":"La R\u00e9gie du Croset S.A. vous accompagne depuis 1980 dans la gestion de votre patrimoine immobilier, dans tout l&#039;arc l\u00e9manique.","publisher":{"@id":"https:\/\/www.regieducroset.ch\/immo\/#organization"},"potentialAction":[{"@type":"SearchAction","target":{"@type":"EntryPoint","urlTemplate":"https:\/\/www.regieducroset.ch\/immo\/?s={search_term_string}"},"query-input":{"@type":"PropertyValueSpecification","valueRequired":true,"valueName":"search_term_string"}}],"inLanguage":"fr-FR"},{"@type":"Organization","@id":"https:\/\/www.regieducroset.ch\/immo\/#organization","name":"R\u00e9gie du Croset","url":"https:\/\/www.regieducroset.ch\/immo\/","logo":{"@type":"ImageObject","inLanguage":"fr-FR","@id":"https:\/\/www.regieducroset.ch\/immo\/#\/schema\/logo\/image\/","url":"https:\/\/www.regieducroset.ch\/immo\/wp\/wp-content\/uploads\/2019\/06\/logo-final-white-bg.png","contentUrl":"https:\/\/www.regieducroset.ch\/immo\/wp\/wp-content\/uploads\/2019\/06\/logo-final-white-bg.png","width":500,"height":256,"caption":"R\u00e9gie du Croset"},"image":{"@id":"https:\/\/www.regieducroset.ch\/immo\/#\/schema\/logo\/image\/"},"sameAs":["https:\/\/www.facebook.com\/RegieDuCroset"]}]}},"_links":{"self":[{"href":"https:\/\/www.regieducroset.ch\/immo\/wp-json\/wp\/v2\/estate_property\/27019"}],"collection":[{"href":"https:\/\/www.regieducroset.ch\/immo\/wp-json\/wp\/v2\/estate_property"}],"about":[{"href":"https:\/\/www.regieducroset.ch\/immo\/wp-json\/wp\/v2\/types\/estate_property"}],"replies":[{"embeddable":true,"href":"https:\/\/www.regieducroset.ch\/immo\/wp-json\/wp\/v2\/comments?post=27019"}],"wp:featuredmedia":[{"embeddable":true,"href":"https:\/\/www.regieducroset.ch\/immo\/wp-json\/wp\/v2\/media\/27027"}],"wp:attachment":[{"href":"https:\/\/www.regieducroset.ch\/immo\/wp-json\/wp\/v2\/media?parent=27019"}],"wp:term":[{"taxonomy":"property_category","embeddable":true,"href":"https:\/\/www.regieducroset.ch\/immo\/wp-json\/wp\/v2\/property_category?post=27019"},{"taxonomy":"property_action_category","embeddable":true,"href":"https:\/\/www.regieducroset.ch\/immo\/wp-json\/wp\/v2\/property_action_category?post=27019"},{"taxonomy":"property_city","embeddable":true,"href":"https:\/\/www.regieducroset.ch\/immo\/wp-json\/wp\/v2\/property_city?post=27019"},{"taxonomy":"property_area","embeddable":true,"href":"https:\/\/www.regieducroset.ch\/immo\/wp-json\/wp\/v2\/property_area?post=27019"},{"taxonomy":"property_county_state","embeddable":true,"href":"https:\/\/www.regieducroset.ch\/immo\/wp-json\/wp\/v2\/property_county_state?post=27019"},{"taxonomy":"property_features","embeddable":true,"href":"https:\/\/www.regieducroset.ch\/immo\/wp-json\/wp\/v2\/property_features?post=27019"},{"taxonomy":"property_status","embeddable":true,"href":"https:\/\/www.regieducroset.ch\/immo\/wp-json\/wp\/v2\/property_status?post=27019"}],"curies":[{"name":"wp","href":"https:\/\/api.w.org\/{rel}","templated":true}]}}