{"id":27014,"date":"2026-04-23T10:51:17","date_gmt":"2026-04-23T08:51:17","guid":{"rendered":"https:\/\/www.regieducroset.ch\/immo\/?post_type=estate_property&#038;p=27014"},"modified":"2026-04-23T10:51:17","modified_gmt":"2026-04-23T08:51:17","slug":"appartement-de-1-5-pieces-au-2eme-etage-a-vevey","status":"publish","type":"estate_property","link":"https:\/\/www.regieducroset.ch\/immo\/estate_property\/appartement-de-1-5-pieces-au-2eme-etage-a-vevey\/","title":{"rendered":"Appartement de 1.5 pi\u00e8ces au 2\u00e8me \u00e9tage \u00e0 Vevey"},"content":{"rendered":"<p>En plein coeur du centre-ville de Vevey, cet immeuble est situ\u00e9 \u00e0 proximit\u00e9 imm\u00e9diate des commerces et de la gare. Il est parfaitement desservi par les transports en commun et se trouve \u00e0 deux pas du lac.<\/p>\n<p>&nbsp;<\/p>\n<p>Ce logement est dispos\u00e9 comme suit :<\/p>\n<p>&#8211; Hall d&rsquo;entr\u00e9e<br \/>\n&#8211; Pi\u00e8ce principale<br \/>\n&#8211; Cuisine agenc\u00e9e<br \/>\n&#8211; Salle de bain &#8211; WC<\/p>\n<p>&nbsp;<\/p>\n<p>Pour convenir d&rsquo;une visite, merci de contacter Mme DERIAZ au 079 663 75 48.<\/p>\n","protected":false},"excerpt":{"rendered":"<p>En plein coeur du centre-ville de Vevey, cet immeuble est situ\u00e9 \u00e0 proximit\u00e9 imm\u00e9diate des commerces et de la gare. Il est parfaitement desservi par les transports en commun et se trouve \u00e0 deux pas du lac. &nbsp; Ce logement est dispos\u00e9 comme suit : &#8211; Hall d&rsquo;entr\u00e9e &#8211; Pi\u00e8ce principale &#8211; Cuisine agenc\u00e9e &#8211; Salle de bain &#8211; WC &nbsp; Pour convenir d&rsquo;une &#8230;<\/p>\n","protected":false},"featured_media":27009,"comment_status":"open","ping_status":"closed","template":"","property_category":[14],"property_action_category":[36],"property_city":[53],"property_area":[],"property_county_state":[48],"property_features":[294,253,255,252,258],"property_status":[],"class_list":["post-27014","estate_property","type-estate_property","status-publish","has-post-thumbnail","hentry","property_category-apartments","property_action_category-locations","property_city-vevey","property_county_state-canton-de-vaud","property_features-ascenseur","property_features-chambre","property_features-cuisine-agencee","property_features-hall-dentree","property_features-salle-de-bains"],"acf":[],"yoast_head":"<!-- This site is optimized with the Yoast SEO plugin v23.7 - https:\/\/yoast.com\/wordpress\/plugins\/seo\/ -->\n<title>Appartement de 1.5 pi\u00e8ces au 2\u00e8me \u00e9tage \u00e0 Vevey - R\u00e9gie du Croset<\/title>\n<meta name=\"robots\" content=\"index, follow, max-snippet:-1, max-image-preview:large, max-video-preview:-1\" \/>\n<link rel=\"canonical\" href=\"https:\/\/www.regieducroset.ch\/immo\/estate_property\/appartement-de-1-5-pieces-au-2eme-etage-a-vevey\/\" \/>\n<meta property=\"og:locale\" content=\"fr_FR\" \/>\n<meta property=\"og:type\" content=\"article\" \/>\n<meta property=\"og:title\" content=\"Appartement de 1.5 pi\u00e8ces au 2\u00e8me \u00e9tage \u00e0 Vevey - R\u00e9gie du Croset\" \/>\n<meta property=\"og:description\" content=\"En plein coeur du centre-ville de Vevey, cet immeuble est situ\u00e9 \u00e0 proximit\u00e9 imm\u00e9diate des commerces et de la gare. Il est parfaitement desservi par les transports en commun et se trouve \u00e0 deux pas du lac. &nbsp; Ce logement est dispos\u00e9 comme suit : &#8211; Hall d&rsquo;entr\u00e9e &#8211; Pi\u00e8ce principale &#8211; Cuisine agenc\u00e9e &#8211; Salle de bain &#8211; WC &nbsp; Pour convenir d&rsquo;une ...\" \/>\n<meta property=\"og:url\" content=\"https:\/\/www.regieducroset.ch\/immo\/estate_property\/appartement-de-1-5-pieces-au-2eme-etage-a-vevey\/\" \/>\n<meta property=\"og:site_name\" content=\"R\u00e9gie du Croset\" \/>\n<meta property=\"article:publisher\" content=\"https:\/\/www.facebook.com\/RegieDuCroset\" \/>\n<meta property=\"og:image\" content=\"https:\/\/www.regieducroset.ch\/immo\/wp\/wp-content\/uploads\/2026\/04\/IMG_1825-scaled.jpeg\" \/>\n\t<meta property=\"og:image:width\" content=\"1920\" \/>\n\t<meta property=\"og:image:height\" content=\"2560\" \/>\n\t<meta property=\"og:image:type\" content=\"image\/jpeg\" \/>\n<meta name=\"twitter:card\" content=\"summary_large_image\" \/>\n<meta name=\"twitter:label1\" content=\"Dur\u00e9e de lecture estim\u00e9e\" \/>\n\t<meta name=\"twitter:data1\" content=\"1 minute\" \/>\n<script type=\"application\/ld+json\" class=\"yoast-schema-graph\">{\"@context\":\"https:\/\/schema.org\",\"@graph\":[{\"@type\":\"WebPage\",\"@id\":\"https:\/\/www.regieducroset.ch\/immo\/estate_property\/appartement-de-1-5-pieces-au-2eme-etage-a-vevey\/\",\"url\":\"https:\/\/www.regieducroset.ch\/immo\/estate_property\/appartement-de-1-5-pieces-au-2eme-etage-a-vevey\/\",\"name\":\"Appartement de 1.5 pi\u00e8ces au 2\u00e8me \u00e9tage \u00e0 Vevey - R\u00e9gie du Croset\",\"isPartOf\":{\"@id\":\"https:\/\/www.regieducroset.ch\/immo\/#website\"},\"primaryImageOfPage\":{\"@id\":\"https:\/\/www.regieducroset.ch\/immo\/estate_property\/appartement-de-1-5-pieces-au-2eme-etage-a-vevey\/#primaryimage\"},\"image\":{\"@id\":\"https:\/\/www.regieducroset.ch\/immo\/estate_property\/appartement-de-1-5-pieces-au-2eme-etage-a-vevey\/#primaryimage\"},\"thumbnailUrl\":\"https:\/\/www.regieducroset.ch\/immo\/wp\/wp-content\/uploads\/2026\/04\/IMG_1825-scaled.jpeg\",\"datePublished\":\"2026-04-23T08:51:17+00:00\",\"dateModified\":\"2026-04-23T08:51:17+00:00\",\"breadcrumb\":{\"@id\":\"https:\/\/www.regieducroset.ch\/immo\/estate_property\/appartement-de-1-5-pieces-au-2eme-etage-a-vevey\/#breadcrumb\"},\"inLanguage\":\"fr-FR\",\"potentialAction\":[{\"@type\":\"ReadAction\",\"target\":[\"https:\/\/www.regieducroset.ch\/immo\/estate_property\/appartement-de-1-5-pieces-au-2eme-etage-a-vevey\/\"]}]},{\"@type\":\"ImageObject\",\"inLanguage\":\"fr-FR\",\"@id\":\"https:\/\/www.regieducroset.ch\/immo\/estate_property\/appartement-de-1-5-pieces-au-2eme-etage-a-vevey\/#primaryimage\",\"url\":\"https:\/\/www.regieducroset.ch\/immo\/wp\/wp-content\/uploads\/2026\/04\/IMG_1825-scaled.jpeg\",\"contentUrl\":\"https:\/\/www.regieducroset.ch\/immo\/wp\/wp-content\/uploads\/2026\/04\/IMG_1825-scaled.jpeg\",\"width\":1920,\"height\":2560},{\"@type\":\"BreadcrumbList\",\"@id\":\"https:\/\/www.regieducroset.ch\/immo\/estate_property\/appartement-de-1-5-pieces-au-2eme-etage-a-vevey\/#breadcrumb\",\"itemListElement\":[{\"@type\":\"ListItem\",\"position\":1,\"name\":\"Accueil\",\"item\":\"https:\/\/www.regieducroset.ch\/immo\/\"},{\"@type\":\"ListItem\",\"position\":2,\"name\":\"Propri\u00e9t\u00e9s\",\"item\":\"https:\/\/www.regieducroset.ch\/immo\/estate_property\/\"},{\"@type\":\"ListItem\",\"position\":3,\"name\":\"Appartement de 1.5 pi\u00e8ces au 2\u00e8me \u00e9tage \u00e0 Vevey\"}]},{\"@type\":\"WebSite\",\"@id\":\"https:\/\/www.regieducroset.ch\/immo\/#website\",\"url\":\"https:\/\/www.regieducroset.ch\/immo\/\",\"name\":\"R\u00e9gie du Croset\",\"description\":\"La R\u00e9gie du Croset S.A. vous accompagne depuis 1980 dans la gestion de votre patrimoine immobilier, dans tout l&#039;arc l\u00e9manique.\",\"publisher\":{\"@id\":\"https:\/\/www.regieducroset.ch\/immo\/#organization\"},\"potentialAction\":[{\"@type\":\"SearchAction\",\"target\":{\"@type\":\"EntryPoint\",\"urlTemplate\":\"https:\/\/www.regieducroset.ch\/immo\/?s={search_term_string}\"},\"query-input\":{\"@type\":\"PropertyValueSpecification\",\"valueRequired\":true,\"valueName\":\"search_term_string\"}}],\"inLanguage\":\"fr-FR\"},{\"@type\":\"Organization\",\"@id\":\"https:\/\/www.regieducroset.ch\/immo\/#organization\",\"name\":\"R\u00e9gie du Croset\",\"url\":\"https:\/\/www.regieducroset.ch\/immo\/\",\"logo\":{\"@type\":\"ImageObject\",\"inLanguage\":\"fr-FR\",\"@id\":\"https:\/\/www.regieducroset.ch\/immo\/#\/schema\/logo\/image\/\",\"url\":\"https:\/\/www.regieducroset.ch\/immo\/wp\/wp-content\/uploads\/2019\/06\/logo-final-white-bg.png\",\"contentUrl\":\"https:\/\/www.regieducroset.ch\/immo\/wp\/wp-content\/uploads\/2019\/06\/logo-final-white-bg.png\",\"width\":500,\"height\":256,\"caption\":\"R\u00e9gie du Croset\"},\"image\":{\"@id\":\"https:\/\/www.regieducroset.ch\/immo\/#\/schema\/logo\/image\/\"},\"sameAs\":[\"https:\/\/www.facebook.com\/RegieDuCroset\"]}]}<\/script>\n<!-- \/ Yoast SEO plugin. -->","yoast_head_json":{"title":"Appartement de 1.5 pi\u00e8ces au 2\u00e8me \u00e9tage \u00e0 Vevey - R\u00e9gie du Croset","robots":{"index":"index","follow":"follow","max-snippet":"max-snippet:-1","max-image-preview":"max-image-preview:large","max-video-preview":"max-video-preview:-1"},"canonical":"https:\/\/www.regieducroset.ch\/immo\/estate_property\/appartement-de-1-5-pieces-au-2eme-etage-a-vevey\/","og_locale":"fr_FR","og_type":"article","og_title":"Appartement de 1.5 pi\u00e8ces au 2\u00e8me \u00e9tage \u00e0 Vevey - R\u00e9gie du Croset","og_description":"En plein coeur du centre-ville de Vevey, cet immeuble est situ\u00e9 \u00e0 proximit\u00e9 imm\u00e9diate des commerces et de la gare. Il est parfaitement desservi par les transports en commun et se trouve \u00e0 deux pas du lac. &nbsp; Ce logement est dispos\u00e9 comme suit : &#8211; Hall d&rsquo;entr\u00e9e &#8211; Pi\u00e8ce principale &#8211; Cuisine agenc\u00e9e &#8211; Salle de bain &#8211; WC &nbsp; Pour convenir d&rsquo;une ...","og_url":"https:\/\/www.regieducroset.ch\/immo\/estate_property\/appartement-de-1-5-pieces-au-2eme-etage-a-vevey\/","og_site_name":"R\u00e9gie du Croset","article_publisher":"https:\/\/www.facebook.com\/RegieDuCroset","og_image":[{"width":1920,"height":2560,"url":"https:\/\/www.regieducroset.ch\/immo\/wp\/wp-content\/uploads\/2026\/04\/IMG_1825-scaled.jpeg","type":"image\/jpeg"}],"twitter_card":"summary_large_image","twitter_misc":{"Dur\u00e9e de lecture estim\u00e9e":"1 minute"},"schema":{"@context":"https:\/\/schema.org","@graph":[{"@type":"WebPage","@id":"https:\/\/www.regieducroset.ch\/immo\/estate_property\/appartement-de-1-5-pieces-au-2eme-etage-a-vevey\/","url":"https:\/\/www.regieducroset.ch\/immo\/estate_property\/appartement-de-1-5-pieces-au-2eme-etage-a-vevey\/","name":"Appartement de 1.5 pi\u00e8ces au 2\u00e8me \u00e9tage \u00e0 Vevey - R\u00e9gie du Croset","isPartOf":{"@id":"https:\/\/www.regieducroset.ch\/immo\/#website"},"primaryImageOfPage":{"@id":"https:\/\/www.regieducroset.ch\/immo\/estate_property\/appartement-de-1-5-pieces-au-2eme-etage-a-vevey\/#primaryimage"},"image":{"@id":"https:\/\/www.regieducroset.ch\/immo\/estate_property\/appartement-de-1-5-pieces-au-2eme-etage-a-vevey\/#primaryimage"},"thumbnailUrl":"https:\/\/www.regieducroset.ch\/immo\/wp\/wp-content\/uploads\/2026\/04\/IMG_1825-scaled.jpeg","datePublished":"2026-04-23T08:51:17+00:00","dateModified":"2026-04-23T08:51:17+00:00","breadcrumb":{"@id":"https:\/\/www.regieducroset.ch\/immo\/estate_property\/appartement-de-1-5-pieces-au-2eme-etage-a-vevey\/#breadcrumb"},"inLanguage":"fr-FR","potentialAction":[{"@type":"ReadAction","target":["https:\/\/www.regieducroset.ch\/immo\/estate_property\/appartement-de-1-5-pieces-au-2eme-etage-a-vevey\/"]}]},{"@type":"ImageObject","inLanguage":"fr-FR","@id":"https:\/\/www.regieducroset.ch\/immo\/estate_property\/appartement-de-1-5-pieces-au-2eme-etage-a-vevey\/#primaryimage","url":"https:\/\/www.regieducroset.ch\/immo\/wp\/wp-content\/uploads\/2026\/04\/IMG_1825-scaled.jpeg","contentUrl":"https:\/\/www.regieducroset.ch\/immo\/wp\/wp-content\/uploads\/2026\/04\/IMG_1825-scaled.jpeg","width":1920,"height":2560},{"@type":"BreadcrumbList","@id":"https:\/\/www.regieducroset.ch\/immo\/estate_property\/appartement-de-1-5-pieces-au-2eme-etage-a-vevey\/#breadcrumb","itemListElement":[{"@type":"ListItem","position":1,"name":"Accueil","item":"https:\/\/www.regieducroset.ch\/immo\/"},{"@type":"ListItem","position":2,"name":"Propri\u00e9t\u00e9s","item":"https:\/\/www.regieducroset.ch\/immo\/estate_property\/"},{"@type":"ListItem","position":3,"name":"Appartement de 1.5 pi\u00e8ces au 2\u00e8me \u00e9tage \u00e0 Vevey"}]},{"@type":"WebSite","@id":"https:\/\/www.regieducroset.ch\/immo\/#website","url":"https:\/\/www.regieducroset.ch\/immo\/","name":"R\u00e9gie du Croset","description":"La R\u00e9gie du Croset S.A. vous accompagne depuis 1980 dans la gestion de votre patrimoine immobilier, dans tout l&#039;arc l\u00e9manique.","publisher":{"@id":"https:\/\/www.regieducroset.ch\/immo\/#organization"},"potentialAction":[{"@type":"SearchAction","target":{"@type":"EntryPoint","urlTemplate":"https:\/\/www.regieducroset.ch\/immo\/?s={search_term_string}"},"query-input":{"@type":"PropertyValueSpecification","valueRequired":true,"valueName":"search_term_string"}}],"inLanguage":"fr-FR"},{"@type":"Organization","@id":"https:\/\/www.regieducroset.ch\/immo\/#organization","name":"R\u00e9gie du Croset","url":"https:\/\/www.regieducroset.ch\/immo\/","logo":{"@type":"ImageObject","inLanguage":"fr-FR","@id":"https:\/\/www.regieducroset.ch\/immo\/#\/schema\/logo\/image\/","url":"https:\/\/www.regieducroset.ch\/immo\/wp\/wp-content\/uploads\/2019\/06\/logo-final-white-bg.png","contentUrl":"https:\/\/www.regieducroset.ch\/immo\/wp\/wp-content\/uploads\/2019\/06\/logo-final-white-bg.png","width":500,"height":256,"caption":"R\u00e9gie du Croset"},"image":{"@id":"https:\/\/www.regieducroset.ch\/immo\/#\/schema\/logo\/image\/"},"sameAs":["https:\/\/www.facebook.com\/RegieDuCroset"]}]}},"_links":{"self":[{"href":"https:\/\/www.regieducroset.ch\/immo\/wp-json\/wp\/v2\/estate_property\/27014"}],"collection":[{"href":"https:\/\/www.regieducroset.ch\/immo\/wp-json\/wp\/v2\/estate_property"}],"about":[{"href":"https:\/\/www.regieducroset.ch\/immo\/wp-json\/wp\/v2\/types\/estate_property"}],"replies":[{"embeddable":true,"href":"https:\/\/www.regieducroset.ch\/immo\/wp-json\/wp\/v2\/comments?post=27014"}],"wp:featuredmedia":[{"embeddable":true,"href":"https:\/\/www.regieducroset.ch\/immo\/wp-json\/wp\/v2\/media\/27009"}],"wp:attachment":[{"href":"https:\/\/www.regieducroset.ch\/immo\/wp-json\/wp\/v2\/media?parent=27014"}],"wp:term":[{"taxonomy":"property_category","embeddable":true,"href":"https:\/\/www.regieducroset.ch\/immo\/wp-json\/wp\/v2\/property_category?post=27014"},{"taxonomy":"property_action_category","embeddable":true,"href":"https:\/\/www.regieducroset.ch\/immo\/wp-json\/wp\/v2\/property_action_category?post=27014"},{"taxonomy":"property_city","embeddable":true,"href":"https:\/\/www.regieducroset.ch\/immo\/wp-json\/wp\/v2\/property_city?post=27014"},{"taxonomy":"property_area","embeddable":true,"href":"https:\/\/www.regieducroset.ch\/immo\/wp-json\/wp\/v2\/property_area?post=27014"},{"taxonomy":"property_county_state","embeddable":true,"href":"https:\/\/www.regieducroset.ch\/immo\/wp-json\/wp\/v2\/property_county_state?post=27014"},{"taxonomy":"property_features","embeddable":true,"href":"https:\/\/www.regieducroset.ch\/immo\/wp-json\/wp\/v2\/property_features?post=27014"},{"taxonomy":"property_status","embeddable":true,"href":"https:\/\/www.regieducroset.ch\/immo\/wp-json\/wp\/v2\/property_status?post=27014"}],"curies":[{"name":"wp","href":"https:\/\/api.w.org\/{rel}","templated":true}]}}