{"id":26503,"date":"2025-10-16T15:33:56","date_gmt":"2025-10-16T13:33:56","guid":{"rendered":"https:\/\/www.regieducroset.ch\/immo\/?post_type=estate_property&#038;p=26503"},"modified":"2026-02-02T15:27:28","modified_gmt":"2026-02-02T14:27:28","slug":"26503","status":"publish","type":"estate_property","link":"https:\/\/www.regieducroset.ch\/immo\/estate_property\/26503\/","title":{"rendered":"Appartement de 2.5 pi\u00e8ces au 1er \u00e9tage \u00e0 Lausanne"},"content":{"rendered":"<p>Id\u00e9alement situ\u00e9 \u00e0 Lausanne, sur les hauteurs de la Route de Berne, cet immeuble se trouvant \u00e0 deux pas de l&rsquo;arr\u00eat de m\u00e9tro Fourmi est parfaitement desservi par les transports publics et se trouve \u00e9galement \u00e0 proximit\u00e9 imm\u00e9diate de l&rsquo;entr\u00e9e d&rsquo;autoroute Lausanne-Vennes.<\/p>\n<p>&nbsp;<\/p>\n<p>Ce logement est dispos\u00e9 comme suit :<\/p>\n<p>&#8211; Hall d&rsquo;entr\u00e9e<\/p>\n<p>&#8211; S\u00e9jour<\/p>\n<p>&#8211; Chambre \u00e0 coucher<\/p>\n<p>&#8211; Cuisine agenc\u00e9e<\/p>\n<p>&#8211; Salle de douche &#8211; WC<\/p>\n<p>&nbsp;<\/p>\n<p>Une place de parc int\u00e9rieure \u00e0 CHF 180.00 est \u00e0 ajouter en sus du loyer.<\/p>\n<p>&nbsp;<\/p>\n<p>Pour les visites, merci de contacter Mme Carole BLASCO au 021 695 22 70.<\/p>\n<p>&nbsp;<\/p>\n<p>Visite virtuelle :\u00a0<a href=\"https:\/\/tour.giraffe360.com\/7357256305af4679a9ec9507ce6894e5\">https:\/\/tour.giraffe360.com\/7357256305af4679a9ec9507ce6894e5<\/a><\/p>\n","protected":false},"excerpt":{"rendered":"<p>Id\u00e9alement situ\u00e9 \u00e0 Lausanne, sur les hauteurs de la Route de Berne, cet immeuble se trouvant \u00e0 deux pas de l&rsquo;arr\u00eat de m\u00e9tro Fourmi est parfaitement desservi par les transports publics et se trouve \u00e9galement \u00e0 proximit\u00e9 imm\u00e9diate de l&rsquo;entr\u00e9e d&rsquo;autoroute Lausanne-Vennes. &nbsp; Ce logement est dispos\u00e9 comme suit : &#8211; Hall d&rsquo;entr\u00e9e &#8211; S\u00e9jour &#8211; Chambre \u00e0 coucher &#8211; Cuisine agenc\u00e9e &#8211; Salle &#8230;<\/p>\n","protected":false},"featured_media":26584,"comment_status":"open","ping_status":"closed","template":"","property_category":[14],"property_action_category":[36],"property_city":[47],"property_area":[],"property_county_state":[48],"property_features":[294,253,255,252,292,254],"property_status":[],"class_list":["post-26503","estate_property","type-estate_property","status-publish","has-post-thumbnail","hentry","property_category-apartments","property_action_category-locations","property_city-lausanne","property_county_state-canton-de-vaud","property_features-ascenseur","property_features-chambre","property_features-cuisine-agencee","property_features-hall-dentree","property_features-salle-de-douches","property_features-sejour"],"acf":[],"yoast_head":"<!-- This site is optimized with the Yoast SEO plugin v23.7 - https:\/\/yoast.com\/wordpress\/plugins\/seo\/ -->\n<title>Appartement de 2.5 pi\u00e8ces au 1er \u00e9tage \u00e0 Lausanne - R\u00e9gie du Croset<\/title>\n<meta name=\"robots\" content=\"index, follow, max-snippet:-1, max-image-preview:large, max-video-preview:-1\" \/>\n<link rel=\"canonical\" href=\"https:\/\/www.regieducroset.ch\/immo\/estate_property\/26503\/\" \/>\n<meta property=\"og:locale\" content=\"fr_FR\" \/>\n<meta property=\"og:type\" content=\"article\" \/>\n<meta property=\"og:title\" content=\"Appartement de 2.5 pi\u00e8ces au 1er \u00e9tage \u00e0 Lausanne - R\u00e9gie du Croset\" \/>\n<meta property=\"og:description\" content=\"Id\u00e9alement situ\u00e9 \u00e0 Lausanne, sur les hauteurs de la Route de Berne, cet immeuble se trouvant \u00e0 deux pas de l&rsquo;arr\u00eat de m\u00e9tro Fourmi est parfaitement desservi par les transports publics et se trouve \u00e9galement \u00e0 proximit\u00e9 imm\u00e9diate de l&rsquo;entr\u00e9e d&rsquo;autoroute Lausanne-Vennes. &nbsp; Ce logement est dispos\u00e9 comme suit : &#8211; Hall d&rsquo;entr\u00e9e &#8211; S\u00e9jour &#8211; Chambre \u00e0 coucher &#8211; Cuisine agenc\u00e9e &#8211; Salle ...\" \/>\n<meta property=\"og:url\" content=\"https:\/\/www.regieducroset.ch\/immo\/estate_property\/26503\/\" \/>\n<meta property=\"og:site_name\" content=\"R\u00e9gie du Croset\" \/>\n<meta property=\"article:publisher\" content=\"https:\/\/www.facebook.com\/RegieDuCroset\" \/>\n<meta property=\"article:modified_time\" content=\"2026-02-02T14:27:28+00:00\" \/>\n<meta property=\"og:image\" content=\"https:\/\/www.regieducroset.ch\/immo\/wp\/wp-content\/uploads\/2025\/10\/CAM01253G0-PR0144-STILL001.jpg\" \/>\n\t<meta property=\"og:image:width\" content=\"2000\" \/>\n\t<meta property=\"og:image:height\" content=\"1500\" \/>\n\t<meta property=\"og:image:type\" content=\"image\/jpeg\" \/>\n<meta name=\"twitter:card\" content=\"summary_large_image\" \/>\n<meta name=\"twitter:label1\" content=\"Dur\u00e9e de lecture estim\u00e9e\" \/>\n\t<meta name=\"twitter:data1\" content=\"1 minute\" \/>\n<script type=\"application\/ld+json\" class=\"yoast-schema-graph\">{\"@context\":\"https:\/\/schema.org\",\"@graph\":[{\"@type\":\"WebPage\",\"@id\":\"https:\/\/www.regieducroset.ch\/immo\/estate_property\/26503\/\",\"url\":\"https:\/\/www.regieducroset.ch\/immo\/estate_property\/26503\/\",\"name\":\"Appartement de 2.5 pi\u00e8ces au 1er \u00e9tage \u00e0 Lausanne - R\u00e9gie du Croset\",\"isPartOf\":{\"@id\":\"https:\/\/www.regieducroset.ch\/immo\/#website\"},\"primaryImageOfPage\":{\"@id\":\"https:\/\/www.regieducroset.ch\/immo\/estate_property\/26503\/#primaryimage\"},\"image\":{\"@id\":\"https:\/\/www.regieducroset.ch\/immo\/estate_property\/26503\/#primaryimage\"},\"thumbnailUrl\":\"https:\/\/www.regieducroset.ch\/immo\/wp\/wp-content\/uploads\/2025\/10\/CAM01253G0-PR0144-STILL001.jpg\",\"datePublished\":\"2025-10-16T13:33:56+00:00\",\"dateModified\":\"2026-02-02T14:27:28+00:00\",\"breadcrumb\":{\"@id\":\"https:\/\/www.regieducroset.ch\/immo\/estate_property\/26503\/#breadcrumb\"},\"inLanguage\":\"fr-FR\",\"potentialAction\":[{\"@type\":\"ReadAction\",\"target\":[\"https:\/\/www.regieducroset.ch\/immo\/estate_property\/26503\/\"]}]},{\"@type\":\"ImageObject\",\"inLanguage\":\"fr-FR\",\"@id\":\"https:\/\/www.regieducroset.ch\/immo\/estate_property\/26503\/#primaryimage\",\"url\":\"https:\/\/www.regieducroset.ch\/immo\/wp\/wp-content\/uploads\/2025\/10\/CAM01253G0-PR0144-STILL001.jpg\",\"contentUrl\":\"https:\/\/www.regieducroset.ch\/immo\/wp\/wp-content\/uploads\/2025\/10\/CAM01253G0-PR0144-STILL001.jpg\",\"width\":2000,\"height\":1500},{\"@type\":\"BreadcrumbList\",\"@id\":\"https:\/\/www.regieducroset.ch\/immo\/estate_property\/26503\/#breadcrumb\",\"itemListElement\":[{\"@type\":\"ListItem\",\"position\":1,\"name\":\"Accueil\",\"item\":\"https:\/\/www.regieducroset.ch\/immo\/\"},{\"@type\":\"ListItem\",\"position\":2,\"name\":\"Propri\u00e9t\u00e9s\",\"item\":\"https:\/\/www.regieducroset.ch\/immo\/estate_property\/\"},{\"@type\":\"ListItem\",\"position\":3,\"name\":\"Appartement de 2.5 pi\u00e8ces au 1er \u00e9tage \u00e0 Lausanne\"}]},{\"@type\":\"WebSite\",\"@id\":\"https:\/\/www.regieducroset.ch\/immo\/#website\",\"url\":\"https:\/\/www.regieducroset.ch\/immo\/\",\"name\":\"R\u00e9gie du Croset\",\"description\":\"La R\u00e9gie du Croset S.A. vous accompagne depuis 1980 dans la gestion de votre patrimoine immobilier, dans tout l&#039;arc l\u00e9manique.\",\"publisher\":{\"@id\":\"https:\/\/www.regieducroset.ch\/immo\/#organization\"},\"potentialAction\":[{\"@type\":\"SearchAction\",\"target\":{\"@type\":\"EntryPoint\",\"urlTemplate\":\"https:\/\/www.regieducroset.ch\/immo\/?s={search_term_string}\"},\"query-input\":{\"@type\":\"PropertyValueSpecification\",\"valueRequired\":true,\"valueName\":\"search_term_string\"}}],\"inLanguage\":\"fr-FR\"},{\"@type\":\"Organization\",\"@id\":\"https:\/\/www.regieducroset.ch\/immo\/#organization\",\"name\":\"R\u00e9gie du Croset\",\"url\":\"https:\/\/www.regieducroset.ch\/immo\/\",\"logo\":{\"@type\":\"ImageObject\",\"inLanguage\":\"fr-FR\",\"@id\":\"https:\/\/www.regieducroset.ch\/immo\/#\/schema\/logo\/image\/\",\"url\":\"https:\/\/www.regieducroset.ch\/immo\/wp\/wp-content\/uploads\/2019\/06\/logo-final-white-bg.png\",\"contentUrl\":\"https:\/\/www.regieducroset.ch\/immo\/wp\/wp-content\/uploads\/2019\/06\/logo-final-white-bg.png\",\"width\":500,\"height\":256,\"caption\":\"R\u00e9gie du Croset\"},\"image\":{\"@id\":\"https:\/\/www.regieducroset.ch\/immo\/#\/schema\/logo\/image\/\"},\"sameAs\":[\"https:\/\/www.facebook.com\/RegieDuCroset\"]}]}<\/script>\n<!-- \/ Yoast SEO plugin. -->","yoast_head_json":{"title":"Appartement de 2.5 pi\u00e8ces au 1er \u00e9tage \u00e0 Lausanne - R\u00e9gie du Croset","robots":{"index":"index","follow":"follow","max-snippet":"max-snippet:-1","max-image-preview":"max-image-preview:large","max-video-preview":"max-video-preview:-1"},"canonical":"https:\/\/www.regieducroset.ch\/immo\/estate_property\/26503\/","og_locale":"fr_FR","og_type":"article","og_title":"Appartement de 2.5 pi\u00e8ces au 1er \u00e9tage \u00e0 Lausanne - R\u00e9gie du Croset","og_description":"Id\u00e9alement situ\u00e9 \u00e0 Lausanne, sur les hauteurs de la Route de Berne, cet immeuble se trouvant \u00e0 deux pas de l&rsquo;arr\u00eat de m\u00e9tro Fourmi est parfaitement desservi par les transports publics et se trouve \u00e9galement \u00e0 proximit\u00e9 imm\u00e9diate de l&rsquo;entr\u00e9e d&rsquo;autoroute Lausanne-Vennes. &nbsp; Ce logement est dispos\u00e9 comme suit : &#8211; Hall d&rsquo;entr\u00e9e &#8211; S\u00e9jour &#8211; Chambre \u00e0 coucher &#8211; Cuisine agenc\u00e9e &#8211; Salle ...","og_url":"https:\/\/www.regieducroset.ch\/immo\/estate_property\/26503\/","og_site_name":"R\u00e9gie du Croset","article_publisher":"https:\/\/www.facebook.com\/RegieDuCroset","article_modified_time":"2026-02-02T14:27:28+00:00","og_image":[{"width":2000,"height":1500,"url":"https:\/\/www.regieducroset.ch\/immo\/wp\/wp-content\/uploads\/2025\/10\/CAM01253G0-PR0144-STILL001.jpg","type":"image\/jpeg"}],"twitter_card":"summary_large_image","twitter_misc":{"Dur\u00e9e de lecture estim\u00e9e":"1 minute"},"schema":{"@context":"https:\/\/schema.org","@graph":[{"@type":"WebPage","@id":"https:\/\/www.regieducroset.ch\/immo\/estate_property\/26503\/","url":"https:\/\/www.regieducroset.ch\/immo\/estate_property\/26503\/","name":"Appartement de 2.5 pi\u00e8ces au 1er \u00e9tage \u00e0 Lausanne - R\u00e9gie du Croset","isPartOf":{"@id":"https:\/\/www.regieducroset.ch\/immo\/#website"},"primaryImageOfPage":{"@id":"https:\/\/www.regieducroset.ch\/immo\/estate_property\/26503\/#primaryimage"},"image":{"@id":"https:\/\/www.regieducroset.ch\/immo\/estate_property\/26503\/#primaryimage"},"thumbnailUrl":"https:\/\/www.regieducroset.ch\/immo\/wp\/wp-content\/uploads\/2025\/10\/CAM01253G0-PR0144-STILL001.jpg","datePublished":"2025-10-16T13:33:56+00:00","dateModified":"2026-02-02T14:27:28+00:00","breadcrumb":{"@id":"https:\/\/www.regieducroset.ch\/immo\/estate_property\/26503\/#breadcrumb"},"inLanguage":"fr-FR","potentialAction":[{"@type":"ReadAction","target":["https:\/\/www.regieducroset.ch\/immo\/estate_property\/26503\/"]}]},{"@type":"ImageObject","inLanguage":"fr-FR","@id":"https:\/\/www.regieducroset.ch\/immo\/estate_property\/26503\/#primaryimage","url":"https:\/\/www.regieducroset.ch\/immo\/wp\/wp-content\/uploads\/2025\/10\/CAM01253G0-PR0144-STILL001.jpg","contentUrl":"https:\/\/www.regieducroset.ch\/immo\/wp\/wp-content\/uploads\/2025\/10\/CAM01253G0-PR0144-STILL001.jpg","width":2000,"height":1500},{"@type":"BreadcrumbList","@id":"https:\/\/www.regieducroset.ch\/immo\/estate_property\/26503\/#breadcrumb","itemListElement":[{"@type":"ListItem","position":1,"name":"Accueil","item":"https:\/\/www.regieducroset.ch\/immo\/"},{"@type":"ListItem","position":2,"name":"Propri\u00e9t\u00e9s","item":"https:\/\/www.regieducroset.ch\/immo\/estate_property\/"},{"@type":"ListItem","position":3,"name":"Appartement de 2.5 pi\u00e8ces au 1er \u00e9tage \u00e0 Lausanne"}]},{"@type":"WebSite","@id":"https:\/\/www.regieducroset.ch\/immo\/#website","url":"https:\/\/www.regieducroset.ch\/immo\/","name":"R\u00e9gie du Croset","description":"La R\u00e9gie du Croset S.A. vous accompagne depuis 1980 dans la gestion de votre patrimoine immobilier, dans tout l&#039;arc l\u00e9manique.","publisher":{"@id":"https:\/\/www.regieducroset.ch\/immo\/#organization"},"potentialAction":[{"@type":"SearchAction","target":{"@type":"EntryPoint","urlTemplate":"https:\/\/www.regieducroset.ch\/immo\/?s={search_term_string}"},"query-input":{"@type":"PropertyValueSpecification","valueRequired":true,"valueName":"search_term_string"}}],"inLanguage":"fr-FR"},{"@type":"Organization","@id":"https:\/\/www.regieducroset.ch\/immo\/#organization","name":"R\u00e9gie du Croset","url":"https:\/\/www.regieducroset.ch\/immo\/","logo":{"@type":"ImageObject","inLanguage":"fr-FR","@id":"https:\/\/www.regieducroset.ch\/immo\/#\/schema\/logo\/image\/","url":"https:\/\/www.regieducroset.ch\/immo\/wp\/wp-content\/uploads\/2019\/06\/logo-final-white-bg.png","contentUrl":"https:\/\/www.regieducroset.ch\/immo\/wp\/wp-content\/uploads\/2019\/06\/logo-final-white-bg.png","width":500,"height":256,"caption":"R\u00e9gie du Croset"},"image":{"@id":"https:\/\/www.regieducroset.ch\/immo\/#\/schema\/logo\/image\/"},"sameAs":["https:\/\/www.facebook.com\/RegieDuCroset"]}]}},"_links":{"self":[{"href":"https:\/\/www.regieducroset.ch\/immo\/wp-json\/wp\/v2\/estate_property\/26503"}],"collection":[{"href":"https:\/\/www.regieducroset.ch\/immo\/wp-json\/wp\/v2\/estate_property"}],"about":[{"href":"https:\/\/www.regieducroset.ch\/immo\/wp-json\/wp\/v2\/types\/estate_property"}],"replies":[{"embeddable":true,"href":"https:\/\/www.regieducroset.ch\/immo\/wp-json\/wp\/v2\/comments?post=26503"}],"wp:featuredmedia":[{"embeddable":true,"href":"https:\/\/www.regieducroset.ch\/immo\/wp-json\/wp\/v2\/media\/26584"}],"wp:attachment":[{"href":"https:\/\/www.regieducroset.ch\/immo\/wp-json\/wp\/v2\/media?parent=26503"}],"wp:term":[{"taxonomy":"property_category","embeddable":true,"href":"https:\/\/www.regieducroset.ch\/immo\/wp-json\/wp\/v2\/property_category?post=26503"},{"taxonomy":"property_action_category","embeddable":true,"href":"https:\/\/www.regieducroset.ch\/immo\/wp-json\/wp\/v2\/property_action_category?post=26503"},{"taxonomy":"property_city","embeddable":true,"href":"https:\/\/www.regieducroset.ch\/immo\/wp-json\/wp\/v2\/property_city?post=26503"},{"taxonomy":"property_area","embeddable":true,"href":"https:\/\/www.regieducroset.ch\/immo\/wp-json\/wp\/v2\/property_area?post=26503"},{"taxonomy":"property_county_state","embeddable":true,"href":"https:\/\/www.regieducroset.ch\/immo\/wp-json\/wp\/v2\/property_county_state?post=26503"},{"taxonomy":"property_features","embeddable":true,"href":"https:\/\/www.regieducroset.ch\/immo\/wp-json\/wp\/v2\/property_features?post=26503"},{"taxonomy":"property_status","embeddable":true,"href":"https:\/\/www.regieducroset.ch\/immo\/wp-json\/wp\/v2\/property_status?post=26503"}],"curies":[{"name":"wp","href":"https:\/\/api.w.org\/{rel}","templated":true}]}}